{"id":159,"date":"2025-04-03T19:36:13","date_gmt":"2025-04-03T17:36:13","guid":{"rendered":"https:\/\/interiores.escuelaartegranada.com\/albamoreno\/?page_id=159"},"modified":"2025-05-06T09:43:20","modified_gmt":"2025-05-06T07:43:20","slug":"sobre-mi","status":"publish","type":"page","link":"https:\/\/interiores.escuelaartegranada.com\/albamoreno\/sobre-mi\/","title":{"rendered":"sobre mi"},"content":{"rendered":"<p>[et_pb_section fb_built=\u00bb1&#8243; _builder_version=\u00bb4.27.4&#8243; _module_preset=\u00bbdefault\u00bb background_color=\u00bb#FFFFFF\u00bb global_colors_info=\u00bb{}\u00bb][et_pb_row _builder_version=\u00bb4.27.4&#8243; _module_preset=\u00bbdefault\u00bb global_colors_info=\u00bb{}\u00bb][et_pb_column type=\u00bb4_4&#8243; _builder_version=\u00bb4.27.4&#8243; _module_preset=\u00bbdefault\u00bb global_colors_info=\u00bb{}\u00bb][et_pb_image src=\u00bbhttps:\/\/interiores.escuelaartegranada.com\/albamoreno\/wp-content\/uploads\/sites\/82\/2025\/04\/SOBRE-MII.png\u00bb title_text=\u00bbSOBRE-MII\u00bb _builder_version=\u00bb4.27.4&#8243; _module_preset=\u00bbdefault\u00bb width=\u00bb63%\u00bb min_height=\u00bb100px\u00bb global_colors_info=\u00bb{}\u00bb][\/et_pb_image][\/et_pb_column][\/et_pb_row][et_pb_row column_structure=\u00bb2_5,3_5&#8243; _builder_version=\u00bb4.27.4&#8243; _module_preset=\u00bbdefault\u00bb global_colors_info=\u00bb{}\u00bb][et_pb_column type=\u00bb2_5&#8243; _builder_version=\u00bb4.27.4&#8243; _module_preset=\u00bbdefault\u00bb global_colors_info=\u00bb{}\u00bb][et_pb_image src=\u00bbhttps:\/\/interiores.escuelaartegranada.com\/albamoreno\/wp-content\/uploads\/sites\/82\/2025\/04\/yoyoyooyyooy.jpg\u00bb title_text=\u00bbyoyoyooyyooy\u00bb _builder_version=\u00bb4.27.4&#8243; _module_preset=\u00bbdefault\u00bb global_colors_info=\u00bb{}\u00bb][\/et_pb_image][\/et_pb_column][et_pb_column type=\u00bb3_5&#8243; _builder_version=\u00bb4.27.4&#8243; _module_preset=\u00bbdefault\u00bb global_colors_info=\u00bb{}\u00bb][et_pb_text _builder_version=\u00bb4.27.4&#8243; _module_preset=\u00bbdefault\u00bb header_3_font=\u00bbMontserrat|300|||||||\u00bb header_3_text_align=\u00bbjustify\u00bb header_3_text_color=\u00bb#000000&#8243; header_3_font_size=\u00bb18px\u00bb width=\u00bb100%\u00bb min_height=\u00bb100px\u00bb height=\u00bb100px\u00bb custom_margin=\u00bb||4px|||\u00bb global_colors_info=\u00bb{}\u00bb]<\/p>\n<h3><span style=\"color: #000000\">\u00a1Hola! Soy Alba Moreno, estudiante en dise\u00f1o de interiores apasionada por crear espacios funcionales, est\u00e9ticos y con identidad propia. Creo firmemente que el dise\u00f1o no solo crea lugares, sino tambi\u00e9n la manera en que las personas viven y disfrutan.<\/span><\/h3>\n<p><span style=\"color: #000847\">\u00a0<\/span><\/p>\n<h3><span style=\"color: #000000\">Tengo 20 a\u00f1os y actualmente soy t\u00e9cnico superior de Artes pl\u00e1sticas y Dise\u00f1o en fotograf\u00eda, lo que hace que combine bien estas profesiones, ya que es una ventaja competitiva que hace cada proyecto m\u00e1s atractivo en ambos \u00e1mbitos profesionales.<\/span><\/h3>\n<p>[\/et_pb_text][\/et_pb_column][\/et_pb_row][et_pb_row _builder_version=\u00bb4.27.4&#8243; _module_preset=\u00bbdefault\u00bb global_colors_info=\u00bb{}\u00bb][et_pb_column type=\u00bb4_4&#8243; _builder_version=\u00bb4.27.4&#8243; _module_preset=\u00bbdefault\u00bb global_colors_info=\u00bb{}\u00bb][et_pb_image src=\u00bbhttps:\/\/interiores.escuelaartegranada.com\/albamoreno\/wp-content\/uploads\/sites\/82\/2025\/04\/isometrica-escalera-1.jpg\u00bb title_text=\u00bbisometrica escalera\u00bb _builder_version=\u00bb4.27.4&#8243; _module_preset=\u00bbdefault\u00bb global_colors_info=\u00bb{}\u00bb][\/et_pb_image][\/et_pb_column][\/et_pb_row][et_pb_row _builder_version=\u00bb4.27.4&#8243; _module_preset=\u00bbdefault\u00bb global_colors_info=\u00bb{}\u00bb][et_pb_column type=\u00bb4_4&#8243; _builder_version=\u00bb4.27.4&#8243; _module_preset=\u00bbdefault\u00bb global_colors_info=\u00bb{}\u00bb][et_pb_text _builder_version=\u00bb4.27.4&#8243; _module_preset=\u00bbdefault\u00bb header_3_font=\u00bbMontserrat|300|||||||\u00bb header_3_text_align=\u00bbcenter\u00bb header_3_text_color=\u00bb#05001e\u00bb header_3_font_size=\u00bb18px\u00bb global_colors_info=\u00bb{}\u00bb]<\/p>\n<h3>Combino la tecnolog\u00eda y los programas vectoriales con materiales y estilos, creando planos como tambien diferentes puntos de vista que ofrezcan la mejor experiencia visual al cliente.<\/h3>\n<p>[\/et_pb_text][\/et_pb_column][\/et_pb_row][et_pb_row column_structure=\u00bb1_2,1_2&#8243; _builder_version=\u00bb4.27.4&#8243; _module_preset=\u00bbdefault\u00bb global_colors_info=\u00bb{}\u00bb][et_pb_column type=\u00bb1_2&#8243; _builder_version=\u00bb4.27.4&#8243; _module_preset=\u00bbdefault\u00bb global_colors_info=\u00bb{}\u00bb][et_pb_image src=\u00bbhttps:\/\/interiores.escuelaartegranada.com\/albamoreno\/wp-content\/uploads\/sites\/82\/2025\/04\/render-dsalon-cocina-copia.jpg\u00bb title_text=\u00bbrender-dsalon-cocina &#8211; copia\u00bb _builder_version=\u00bb4.27.4&#8243; _module_preset=\u00bbdefault\u00bb global_colors_info=\u00bb{}\u00bb][\/et_pb_image][\/et_pb_column][et_pb_column type=\u00bb1_2&#8243; _builder_version=\u00bb4.27.4&#8243; _module_preset=\u00bbdefault\u00bb global_colors_info=\u00bb{}\u00bb][et_pb_image src=\u00bbhttps:\/\/interiores.escuelaartegranada.com\/albamoreno\/wp-content\/uploads\/sites\/82\/2025\/04\/render-salon-1-.jpg\u00bb title_text=\u00bbrender-salon-1-\u00bb _builder_version=\u00bb4.27.4&#8243; _module_preset=\u00bbdefault\u00bb width=\u00bb100%\u00bb max_width=\u00bb100%\u00bb min_height=\u00bb380px\u00bb height=\u00bb100px\u00bb global_colors_info=\u00bb{}\u00bb][\/et_pb_image][\/et_pb_column][\/et_pb_row][et_pb_row _builder_version=\u00bb4.27.4&#8243; _module_preset=\u00bbdefault\u00bb global_colors_info=\u00bb{}\u00bb][et_pb_column type=\u00bb4_4&#8243; _builder_version=\u00bb4.27.4&#8243; _module_preset=\u00bbdefault\u00bb global_colors_info=\u00bb{}\u00bb][et_pb_slider _builder_version=\u00bb4.27.4&#8243; _module_preset=\u00bbdefault\u00bb background_color=\u00bb#FFFFFF\u00bb global_colors_info=\u00bb{}\u00bb][et_pb_slide heading=\u00bbLo que marca la diferencia\u00bb _builder_version=\u00bb4.27.4&#8243; _module_preset=\u00bbdefault\u00bb header_font=\u00bbMontserrat|700|||||||\u00bb header_font_size=\u00bb39px\u00bb body_font=\u00bbMontserrat|300|||||||\u00bb body_text_align=\u00bbcenter\u00bb background_color=\u00bbrgba(249,253,255,0.59)\u00bb background_enable_color=\u00bbon\u00bb text_shadow_style=\u00bbpreset1&#8243; global_colors_info=\u00bb{}\u00bb sticky_transition=\u00bbon\u00bb]<\/p>\n<h3><span style=\"color: #001f4f;font-size: large\">Mientras otros buscan soluciones est\u00e1ndar, yo disfruto encontrando la vuelta inesperada a los problemas.<\/span><\/h3>\n<p>[\/et_pb_slide][et_pb_slide heading=\u00bbMi proceso en pocas palabras \u00bb _builder_version=\u00bb4.27.4&#8243; _module_preset=\u00bbdefault\u00bb header_font=\u00bbMontserrat|700|||||||\u00bb header_text_color=\u00bb#002263&#8243; header_font_size=\u00bb39px\u00bb body_font=\u00bbMontserrat|300|||||||\u00bb body_text_align=\u00bbcenter\u00bb body_text_color=\u00bb#520054&#8243; background_color=\u00bb#e5e5e5&#8243; background_enable_color=\u00bbon\u00bb text_shadow_style=\u00bbpreset1&#8243; inline_fonts=\u00bbMontserrat\u00bb global_colors_info=\u00bb{}\u00bb sticky_transition=\u00bbon\u00bb]<\/p>\n<h3><span style=\"font-family: Montserrat;font-size: large;color: #000142\">Para m\u00ed, el proceso ideal es: 70% exploraci\u00f3n, 20% ejecuci\u00f3n, 10% mejora continua. Siempre dejo espacio para lo inesperado, porque ah\u00ed es donde ocurre la magia.<\/span><\/h3>\n<p>[\/et_pb_slide][et_pb_slide heading=\u00bbUna idea que defiendo a muerte\u00bb _builder_version=\u00bb4.27.4&#8243; _module_preset=\u00bbdefault\u00bb header_font=\u00bbMontserrat|700|||||||\u00bb header_text_color=\u00bb#002263&#8243; header_font_size=\u00bb39px\u00bb body_font=\u00bbMontserrat|300|||||||\u00bb body_text_align=\u00bbcenter\u00bb background_color=\u00bb#e5e5e5&#8243; background_enable_color=\u00bbon\u00bb text_shadow_style=\u00bbpreset1&#8243; inline_fonts=\u00bbMontserrat\u00bb global_colors_info=\u00bb{}\u00bb sticky_transition=\u00bbon\u00bb]<\/p>\n<h3><span style=\"color: #000b42;font-size: large\">\u00a0<span style=\"font-family: Montserrat\">El mejor dise\u00f1o\/c\u00f3digo\/contenido no es el m\u00e1s complejo, sino el que la gente no se da cuenta de que est\u00e1 usando. La elegancia est\u00e1 en la simplicidad.<\/span><\/span><\/h3>\n<p>[\/et_pb_slide][et_pb_slide heading=\u00bbLo que marca la diferencia\u00bb _builder_version=\u00bb4.27.4&#8243; _module_preset=\u00bbdefault\u00bb header_font=\u00bbMontserrat|700|||||||\u00bb header_text_color=\u00bb#002263&#8243; header_font_size=\u00bb39px\u00bb body_font=\u00bbMontserrat|300|||||||\u00bb body_text_align=\u00bbcenter\u00bb background_color=\u00bb#e5e5e5&#8243; background_enable_color=\u00bbon\u00bb text_shadow_style=\u00bbpreset1&#8243; global_colors_info=\u00bb{}\u00bb sticky_transition=\u00bbon\u00bb]<\/p>\n<h3 data-start=\"193\" data-end=\"386\"><span style=\"color: #001f4f\"><em data-start=\"193\" data-end=\"384\">Mientras otros buscan soluciones est\u00e1ndar, yo disfruto encontrando la vuelta inesperada a los problemas.<\/em><\/span><\/h3>\n<p>[\/et_pb_slide][\/et_pb_slider][\/et_pb_column][\/et_pb_row][et_pb_row _builder_version=\u00bb4.27.4&#8243; _module_preset=\u00bbdefault\u00bb global_colors_info=\u00bb{}\u00bb][et_pb_column type=\u00bb4_4&#8243; _builder_version=\u00bb4.27.4&#8243; _module_preset=\u00bbdefault\u00bb global_colors_info=\u00bb{}\u00bb][et_pb_image src=\u00bbhttps:\/\/interiores.escuelaartegranada.com\/albamoreno\/wp-content\/uploads\/sites\/82\/2025\/04\/salon-comedor-vivineda-moodboard.jpg\u00bb title_text=\u00bbsal\u00f3n comedor vivineda moodboard\u00bb _builder_version=\u00bb4.27.4&#8243; _module_preset=\u00bbdefault\u00bb global_colors_info=\u00bb{}\u00bb][\/et_pb_image][\/et_pb_column][\/et_pb_row][et_pb_row _builder_version=\u00bb4.27.4&#8243; _module_preset=\u00bbdefault\u00bb global_colors_info=\u00bb{}\u00bb][et_pb_column type=\u00bb4_4&#8243; _builder_version=\u00bb4.27.4&#8243; _module_preset=\u00bbdefault\u00bb global_colors_info=\u00bb{}\u00bb][et_pb_image src=\u00bbhttps:\/\/interiores.escuelaartegranada.com\/albamoreno\/wp-content\/uploads\/sites\/82\/2025\/04\/moodboard-cocina.jpg\u00bb title_text=\u00bbmoodboard cocina\u00bb _builder_version=\u00bb4.27.4&#8243; _module_preset=\u00bbdefault\u00bb global_colors_info=\u00bb{}\u00bb][\/et_pb_image][\/et_pb_column][\/et_pb_row][et_pb_row _builder_version=\u00bb4.27.4&#8243; _module_preset=\u00bbdefault\u00bb][et_pb_column _builder_version=\u00bb4.27.4&#8243; _module_preset=\u00bbdefault\u00bb type=\u00bb4_4&#8243;][\/et_pb_column][\/et_pb_row][\/et_pb_section]<\/p>\n","protected":false},"excerpt":{"rendered":"<p>\u00a1Hola! Soy Alba Moreno, estudiante en dise\u00f1o de interiores apasionada por crear espacios funcionales, est\u00e9ticos y con identidad propia. Creo firmemente que el dise\u00f1o no solo crea lugares, sino tambi\u00e9n la manera en que las personas viven y disfrutan. \u00a0 Tengo 20 a\u00f1os y actualmente soy t\u00e9cnico superior de Artes pl\u00e1sticas y Dise\u00f1o en fotograf\u00eda, [&hellip;]<\/p>\n","protected":false},"author":81,"featured_media":0,"parent":0,"menu_order":0,"comment_status":"closed","ping_status":"closed","template":"","meta":{"_et_pb_use_builder":"on","_et_pb_old_content":"","_et_gb_content_width":"","footnotes":""},"class_list":["post-159","page","type-page","status-publish","hentry"],"yoast_head":"<!-- This site is optimized with the Yoast SEO plugin v24.5 - https:\/\/yoast.com\/wordpress\/plugins\/seo\/ -->\n<title>sobre mi - Alba Moreno Portfolio<\/title>\n<meta name=\"robots\" content=\"index, follow, max-snippet:-1, max-image-preview:large, max-video-preview:-1\" \/>\n<link rel=\"canonical\" href=\"https:\/\/interiores.escuelaartegranada.com\/albamoreno\/sobre-mi\/\" \/>\n<meta property=\"og:locale\" content=\"es_ES\" \/>\n<meta property=\"og:type\" content=\"article\" \/>\n<meta property=\"og:title\" content=\"sobre mi - Alba Moreno Portfolio\" \/>\n<meta property=\"og:description\" content=\"\u00a1Hola! Soy Alba Moreno, estudiante en dise\u00f1o de interiores apasionada por crear espacios funcionales, est\u00e9ticos y con identidad propia. Creo firmemente que el dise\u00f1o no solo crea lugares, sino tambi\u00e9n la manera en que las personas viven y disfrutan. \u00a0 Tengo 20 a\u00f1os y actualmente soy t\u00e9cnico superior de Artes pl\u00e1sticas y Dise\u00f1o en fotograf\u00eda, [&hellip;]\" \/>\n<meta property=\"og:url\" content=\"https:\/\/interiores.escuelaartegranada.com\/albamoreno\/sobre-mi\/\" \/>\n<meta property=\"og:site_name\" content=\"Alba Moreno Portfolio\" \/>\n<meta property=\"article:modified_time\" content=\"2025-05-06T07:43:20+00:00\" \/>\n<meta name=\"twitter:card\" content=\"summary_large_image\" \/>\n<meta name=\"twitter:label1\" content=\"Tiempo de lectura\" \/>\n\t<meta name=\"twitter:data1\" content=\"3 minutos\" \/>\n<script type=\"application\/ld+json\" class=\"yoast-schema-graph\">{\"@context\":\"https:\/\/schema.org\",\"@graph\":[{\"@type\":\"WebPage\",\"@id\":\"https:\/\/interiores.escuelaartegranada.com\/albamoreno\/sobre-mi\/\",\"url\":\"https:\/\/interiores.escuelaartegranada.com\/albamoreno\/sobre-mi\/\",\"name\":\"sobre mi - Alba Moreno Portfolio\",\"isPartOf\":{\"@id\":\"https:\/\/interiores.escuelaartegranada.com\/albamoreno\/#website\"},\"datePublished\":\"2025-04-03T17:36:13+00:00\",\"dateModified\":\"2025-05-06T07:43:20+00:00\",\"breadcrumb\":{\"@id\":\"https:\/\/interiores.escuelaartegranada.com\/albamoreno\/sobre-mi\/#breadcrumb\"},\"inLanguage\":\"es\",\"potentialAction\":[{\"@type\":\"ReadAction\",\"target\":[\"https:\/\/interiores.escuelaartegranada.com\/albamoreno\/sobre-mi\/\"]}]},{\"@type\":\"BreadcrumbList\",\"@id\":\"https:\/\/interiores.escuelaartegranada.com\/albamoreno\/sobre-mi\/#breadcrumb\",\"itemListElement\":[{\"@type\":\"ListItem\",\"position\":1,\"name\":\"Portada\",\"item\":\"https:\/\/interiores.escuelaartegranada.com\/albamoreno\/\"},{\"@type\":\"ListItem\",\"position\":2,\"name\":\"sobre mi\"}]},{\"@type\":\"WebSite\",\"@id\":\"https:\/\/interiores.escuelaartegranada.com\/albamoreno\/#website\",\"url\":\"https:\/\/interiores.escuelaartegranada.com\/albamoreno\/\",\"name\":\"Alba Moreno Portfolio\",\"description\":\"\",\"potentialAction\":[{\"@type\":\"SearchAction\",\"target\":{\"@type\":\"EntryPoint\",\"urlTemplate\":\"https:\/\/interiores.escuelaartegranada.com\/albamoreno\/?s={search_term_string}\"},\"query-input\":{\"@type\":\"PropertyValueSpecification\",\"valueRequired\":true,\"valueName\":\"search_term_string\"}}],\"inLanguage\":\"es\"}]}<\/script>\n<!-- \/ Yoast SEO plugin. -->","yoast_head_json":{"title":"sobre mi - Alba Moreno Portfolio","robots":{"index":"index","follow":"follow","max-snippet":"max-snippet:-1","max-image-preview":"max-image-preview:large","max-video-preview":"max-video-preview:-1"},"canonical":"https:\/\/interiores.escuelaartegranada.com\/albamoreno\/sobre-mi\/","og_locale":"es_ES","og_type":"article","og_title":"sobre mi - Alba Moreno Portfolio","og_description":"\u00a1Hola! Soy Alba Moreno, estudiante en dise\u00f1o de interiores apasionada por crear espacios funcionales, est\u00e9ticos y con identidad propia. Creo firmemente que el dise\u00f1o no solo crea lugares, sino tambi\u00e9n la manera en que las personas viven y disfrutan. \u00a0 Tengo 20 a\u00f1os y actualmente soy t\u00e9cnico superior de Artes pl\u00e1sticas y Dise\u00f1o en fotograf\u00eda, [&hellip;]","og_url":"https:\/\/interiores.escuelaartegranada.com\/albamoreno\/sobre-mi\/","og_site_name":"Alba Moreno Portfolio","article_modified_time":"2025-05-06T07:43:20+00:00","twitter_card":"summary_large_image","twitter_misc":{"Tiempo de lectura":"3 minutos"},"schema":{"@context":"https:\/\/schema.org","@graph":[{"@type":"WebPage","@id":"https:\/\/interiores.escuelaartegranada.com\/albamoreno\/sobre-mi\/","url":"https:\/\/interiores.escuelaartegranada.com\/albamoreno\/sobre-mi\/","name":"sobre mi - Alba Moreno Portfolio","isPartOf":{"@id":"https:\/\/interiores.escuelaartegranada.com\/albamoreno\/#website"},"datePublished":"2025-04-03T17:36:13+00:00","dateModified":"2025-05-06T07:43:20+00:00","breadcrumb":{"@id":"https:\/\/interiores.escuelaartegranada.com\/albamoreno\/sobre-mi\/#breadcrumb"},"inLanguage":"es","potentialAction":[{"@type":"ReadAction","target":["https:\/\/interiores.escuelaartegranada.com\/albamoreno\/sobre-mi\/"]}]},{"@type":"BreadcrumbList","@id":"https:\/\/interiores.escuelaartegranada.com\/albamoreno\/sobre-mi\/#breadcrumb","itemListElement":[{"@type":"ListItem","position":1,"name":"Portada","item":"https:\/\/interiores.escuelaartegranada.com\/albamoreno\/"},{"@type":"ListItem","position":2,"name":"sobre mi"}]},{"@type":"WebSite","@id":"https:\/\/interiores.escuelaartegranada.com\/albamoreno\/#website","url":"https:\/\/interiores.escuelaartegranada.com\/albamoreno\/","name":"Alba Moreno Portfolio","description":"","potentialAction":[{"@type":"SearchAction","target":{"@type":"EntryPoint","urlTemplate":"https:\/\/interiores.escuelaartegranada.com\/albamoreno\/?s={search_term_string}"},"query-input":{"@type":"PropertyValueSpecification","valueRequired":true,"valueName":"search_term_string"}}],"inLanguage":"es"}]}},"_links":{"self":[{"href":"https:\/\/interiores.escuelaartegranada.com\/albamoreno\/wp-json\/wp\/v2\/pages\/159","targetHints":{"allow":["GET"]}}],"collection":[{"href":"https:\/\/interiores.escuelaartegranada.com\/albamoreno\/wp-json\/wp\/v2\/pages"}],"about":[{"href":"https:\/\/interiores.escuelaartegranada.com\/albamoreno\/wp-json\/wp\/v2\/types\/page"}],"author":[{"embeddable":true,"href":"https:\/\/interiores.escuelaartegranada.com\/albamoreno\/wp-json\/wp\/v2\/users\/81"}],"replies":[{"embeddable":true,"href":"https:\/\/interiores.escuelaartegranada.com\/albamoreno\/wp-json\/wp\/v2\/comments?post=159"}],"version-history":[{"count":9,"href":"https:\/\/interiores.escuelaartegranada.com\/albamoreno\/wp-json\/wp\/v2\/pages\/159\/revisions"}],"predecessor-version":[{"id":327,"href":"https:\/\/interiores.escuelaartegranada.com\/albamoreno\/wp-json\/wp\/v2\/pages\/159\/revisions\/327"}],"wp:attachment":[{"href":"https:\/\/interiores.escuelaartegranada.com\/albamoreno\/wp-json\/wp\/v2\/media?parent=159"}],"curies":[{"name":"wp","href":"https:\/\/api.w.org\/{rel}","templated":true}]}}