{"id":88,"date":"2025-04-01T10:35:32","date_gmt":"2025-04-01T08:35:32","guid":{"rendered":"https:\/\/interiores.escuelaartegranada.com\/albamoreno\/?page_id=88"},"modified":"2025-05-06T09:40:46","modified_gmt":"2025-05-06T07:40:46","slug":"pagina-inicio","status":"publish","type":"page","link":"https:\/\/interiores.escuelaartegranada.com\/albamoreno\/pagina-inicio\/","title":{"rendered":"pagina inicio"},"content":{"rendered":"<p>[et_pb_section fb_built=\u00bb1&#8243; _builder_version=\u00bb4.27.4&#8243; _module_preset=\u00bbdefault\u00bb background_color=\u00bbrgba(242,236,225,0)\u00bb global_colors_info=\u00bb{}\u00bb][et_pb_row column_structure=\u00bb2_3,1_3&#8243; _builder_version=\u00bb4.27.4&#8243; _module_preset=\u00bbdefault\u00bb global_colors_info=\u00bb{}\u00bb][et_pb_column type=\u00bb2_3&#8243; _builder_version=\u00bb4.27.4&#8243; _module_preset=\u00bbdefault\u00bb global_colors_info=\u00bb{}\u00bb][et_pb_image src=\u00bbhttps:\/\/interiores.escuelaartegranada.com\/albamoreno\/wp-content\/uploads\/sites\/82\/2025\/04\/LOGO-PNG-AMORENO.png\u00bb title_text=\u00bbLOGO-PNG-AMORENO.\u00bb _builder_version=\u00bb4.27.4&#8243; _module_preset=\u00bbdefault\u00bb global_colors_info=\u00bb{}\u00bb][\/et_pb_image][\/et_pb_column][et_pb_column type=\u00bb1_3&#8243; _builder_version=\u00bb4.27.4&#8243; _module_preset=\u00bbdefault\u00bb global_colors_info=\u00bb{}\u00bb][\/et_pb_column][\/et_pb_row][et_pb_row column_structure=\u00bb1_2,1_2&#8243; _builder_version=\u00bb4.27.4&#8243; _module_preset=\u00bbdefault\u00bb global_colors_info=\u00bb{}\u00bb][et_pb_column type=\u00bb1_2&#8243; _builder_version=\u00bb4.27.4&#8243; _module_preset=\u00bbdefault\u00bb global_colors_info=\u00bb{}\u00bb][et_pb_image src=\u00bbhttps:\/\/interiores.escuelaartegranada.com\/albamoreno\/wp-content\/uploads\/sites\/82\/2025\/04\/render-patio-1-.jpg\u00bb title_text=\u00bbrender-patio-1-\u00bb _builder_version=\u00bb4.27.4&#8243; _module_preset=\u00bbdefault\u00bb transform_scale=\u00bb142%|142%\u00bb transform_translate=\u00bb-39px|7px\u00bb transform_translate_linked=\u00bboff\u00bb global_colors_info=\u00bb{}\u00bb][\/et_pb_image][\/et_pb_column][et_pb_column type=\u00bb1_2&#8243; _builder_version=\u00bb4.27.4&#8243; _module_preset=\u00bbdefault\u00bb global_colors_info=\u00bb{}\u00bb][et_pb_text _builder_version=\u00bb4.27.4&#8243; _module_preset=\u00bbdefault\u00bb header_3_font=\u00bbMontserrat|500|||||||\u00bb header_3_text_color=\u00bbrgba(15,27,73,0.78)\u00bb header_3_font_size=\u00bb19px\u00bb transform_scale=\u00bb104%|104%\u00bb transform_translate=\u00bb86px|29px\u00bb transform_translate_linked=\u00bboff\u00bb custom_margin=\u00bb|-147px||||\u00bb custom_padding=\u00bb0px|0px||||\u00bb global_colors_info=\u00bb{}\u00bb header_3_text_color__hover_enabled=\u00bbon|desktop\u00bb header_3_text_color__hover=\u00bbrgba(15,27,73,0.78)\u00bb]<\/p>\n<h3>El dise\u00f1o de interiores se basa en la <span style=\"font-size: x-large\"><strong>creaci\u00f3n de emociones<\/strong> <strong>y recuerdos<\/strong><\/span> en un ambiente perfecto.<\/h3>\n<p>[\/et_pb_text][\/et_pb_column][\/et_pb_row][et_pb_row _builder_version=\u00bb4.27.4&#8243; _module_preset=\u00bbdefault\u00bb global_colors_info=\u00bb{}\u00bb][et_pb_column type=\u00bb4_4&#8243; _builder_version=\u00bb4.27.4&#8243; _module_preset=\u00bbdefault\u00bb global_colors_info=\u00bb{}\u00bb][\/et_pb_column][\/et_pb_row][\/et_pb_section][et_pb_section fb_built=\u00bb1&#8243; _builder_version=\u00bb4.27.4&#8243; _module_preset=\u00bbdefault\u00bb background_image=\u00bbhttps:\/\/interiores.escuelaartegranada.com\/albamoreno\/wp-content\/uploads\/sites\/82\/2025\/04\/render-patio-2-.jpg\u00bb global_colors_info=\u00bb{}\u00bb][et_pb_row _builder_version=\u00bb4.27.4&#8243; _module_preset=\u00bbdefault\u00bb global_colors_info=\u00bb{}\u00bb][et_pb_column type=\u00bb4_4&#8243; _builder_version=\u00bb4.27.4&#8243; _module_preset=\u00bbdefault\u00bb global_colors_info=\u00bb{}\u00bb][\/et_pb_column][\/et_pb_row][et_pb_row _builder_version=\u00bb4.27.4&#8243; _module_preset=\u00bbdefault\u00bb global_colors_info=\u00bb{}\u00bb][et_pb_column type=\u00bb4_4&#8243; _builder_version=\u00bb4.27.4&#8243; _module_preset=\u00bbdefault\u00bb global_colors_info=\u00bb{}\u00bb][et_pb_text _builder_version=\u00bb4.27.4&#8243; _module_preset=\u00bbdefault\u00bb header_font=\u00bbPoppins|900|||||||\u00bb header_text_align=\u00bbcenter\u00bb header_text_color=\u00bbrgba(114,94,99,0.97)\u00bb header_font_size=\u00bb52px\u00bb animation_style=\u00bbfade\u00bb animation_duration=\u00bb1100ms\u00bb animation_delay=\u00bb700ms\u00bb global_colors_info=\u00bb{}\u00bb]<\/p>\n<h1>NATURALIDAD<\/h1>\n<p>[\/et_pb_text][\/et_pb_column][\/et_pb_row][et_pb_row _builder_version=\u00bb4.27.4&#8243; _module_preset=\u00bbdefault\u00bb global_colors_info=\u00bb{}\u00bb][et_pb_column type=\u00bb4_4&#8243; _builder_version=\u00bb4.27.4&#8243; _module_preset=\u00bbdefault\u00bb global_colors_info=\u00bb{}\u00bb][\/et_pb_column][\/et_pb_row][et_pb_row _builder_version=\u00bb4.27.4&#8243; _module_preset=\u00bbdefault\u00bb global_colors_info=\u00bb{}\u00bb][et_pb_column type=\u00bb4_4&#8243; _builder_version=\u00bb4.27.4&#8243; _module_preset=\u00bbdefault\u00bb global_colors_info=\u00bb{}\u00bb][\/et_pb_column][\/et_pb_row][et_pb_row _builder_version=\u00bb4.27.4&#8243; _module_preset=\u00bbdefault\u00bb global_colors_info=\u00bb{}\u00bb][et_pb_column type=\u00bb4_4&#8243; _builder_version=\u00bb4.27.4&#8243; _module_preset=\u00bbdefault\u00bb global_colors_info=\u00bb{}\u00bb][\/et_pb_column][\/et_pb_row][et_pb_row _builder_version=\u00bb4.27.4&#8243; _module_preset=\u00bbdefault\u00bb global_colors_info=\u00bb{}\u00bb][et_pb_column type=\u00bb4_4&#8243; _builder_version=\u00bb4.27.4&#8243; _module_preset=\u00bbdefault\u00bb global_colors_info=\u00bb{}\u00bb][\/et_pb_column][\/et_pb_row][\/et_pb_section][et_pb_section fb_built=\u00bb1&#8243; _builder_version=\u00bb4.27.4&#8243; _module_preset=\u00bbdefault\u00bb background_color=\u00bbrgba(242,236,225,0)\u00bb custom_margin=\u00bb-2px|||||\u00bb global_colors_info=\u00bb{}\u00bb][et_pb_row _builder_version=\u00bb4.27.4&#8243; _module_preset=\u00bbdefault\u00bb global_colors_info=\u00bb{}\u00bb][et_pb_column type=\u00bb4_4&#8243; _builder_version=\u00bb4.27.4&#8243; _module_preset=\u00bbdefault\u00bb global_colors_info=\u00bb{}\u00bb][et_pb_text _builder_version=\u00bb4.27.4&#8243; _module_preset=\u00bbdefault\u00bb text_font_size=\u00bb12px\u00bb header_4_font=\u00bbMontserrat|300|||||||\u00bb header_4_text_align=\u00bbcenter\u00bb header_4_text_color=\u00bb#000000&#8243; header_4_font_size=\u00bb19px\u00bb global_colors_info=\u00bb{}\u00bb]<\/p>\n<h4>\u00a0Mi enfoque se basa en la creatividad, la innovaci\u00f3n y la adaptabilidad, siempre en b\u00fasqueda de soluciones que reflejen la identidad y el bienestar de quienes los habitan.<\/h4>\n<p>[\/et_pb_text][\/et_pb_column][\/et_pb_row][et_pb_row column_structure=\u00bb1_2,1_2&#8243; _builder_version=\u00bb4.27.4&#8243; _module_preset=\u00bbdefault\u00bb global_colors_info=\u00bb{}\u00bb][et_pb_column type=\u00bb1_2&#8243; _builder_version=\u00bb4.27.4&#8243; _module_preset=\u00bbdefault\u00bb global_colors_info=\u00bb{}\u00bb][et_pb_image src=\u00bbhttps:\/\/interiores.escuelaartegranada.com\/albamoreno\/wp-content\/uploads\/sites\/82\/2025\/04\/Captura-de-pantalla-2025-04-02-173223.jpg\u00bb title_text=\u00bbCaptura-de-pantalla-2025-04-02-173223&#8243; _builder_version=\u00bb4.27.4&#8243; _module_preset=\u00bbdefault\u00bb global_colors_info=\u00bb{}\u00bb][\/et_pb_image][\/et_pb_column][et_pb_column type=\u00bb1_2&#8243; _builder_version=\u00bb4.27.4&#8243; _module_preset=\u00bbdefault\u00bb global_colors_info=\u00bb{}\u00bb][et_pb_image src=\u00bbhttps:\/\/interiores.escuelaartegranada.com\/albamoreno\/wp-content\/uploads\/sites\/82\/2025\/04\/Captura-de-pantalla-2025-04-02-172956.jpg\u00bb title_text=\u00bbCaptura-de-pantalla-2025-04-02-172956&#8243; _builder_version=\u00bb4.27.4&#8243; _module_preset=\u00bbdefault\u00bb global_colors_info=\u00bb{}\u00bb][\/et_pb_image][\/et_pb_column][\/et_pb_row][et_pb_row _builder_version=\u00bb4.27.4&#8243; _module_preset=\u00bbdefault\u00bb global_colors_info=\u00bb{}\u00bb][et_pb_column type=\u00bb4_4&#8243; _builder_version=\u00bb4.27.4&#8243; _module_preset=\u00bbdefault\u00bb global_colors_info=\u00bb{}\u00bb][et_pb_image src=\u00bbhttps:\/\/interiores.escuelaartegranada.com\/albamoreno\/wp-content\/uploads\/sites\/82\/2025\/04\/plano-seccion-dibujo-1-.jpg\u00bb title_text=\u00bbplano secci\u00f3n dibujo 1&#8243; _builder_version=\u00bb4.27.4&#8243; _module_preset=\u00bbdefault\u00bb global_colors_info=\u00bb{}\u00bb][\/et_pb_image][\/et_pb_column][\/et_pb_row][et_pb_row _builder_version=\u00bb4.27.4&#8243; _module_preset=\u00bbdefault\u00bb global_colors_info=\u00bb{}\u00bb][et_pb_column type=\u00bb4_4&#8243; _builder_version=\u00bb4.27.4&#8243; _module_preset=\u00bbdefault\u00bb global_colors_info=\u00bb{}\u00bb][et_pb_text _builder_version=\u00bb4.27.4&#8243; _module_preset=\u00bbdefault\u00bb header_font=\u00bb|800|||||||\u00bb header_text_color=\u00bbrgba(156,179,183,0.68)\u00bb header_font_size=\u00bb84px\u00bb global_colors_info=\u00bb{}\u00bb]<\/p>\n<h1 style=\"text-align: center\">DA FORMA A TUS IDEAS<\/h1>\n<p>[\/et_pb_text][\/et_pb_column][\/et_pb_row][et_pb_row column_structure=\u00bb1_3,1_3,1_3&#8243; _builder_version=\u00bb4.27.4&#8243; _module_preset=\u00bbdefault\u00bb global_colors_info=\u00bb{}\u00bb][et_pb_column type=\u00bb1_3&#8243; _builder_version=\u00bb4.27.4&#8243; _module_preset=\u00bbdefault\u00bb global_colors_info=\u00bb{}\u00bb][et_pb_image src=\u00bbhttps:\/\/interiores.escuelaartegranada.com\/albamoreno\/wp-content\/uploads\/sites\/82\/2025\/04\/Captura-de-pantalla-2025-04-02-192219.png\u00bb title_text=\u00bbCaptura de pantalla 2025-04-02 192219&#8243; _builder_version=\u00bb4.27.4&#8243; _module_preset=\u00bbdefault\u00bb global_colors_info=\u00bb{}\u00bb][\/et_pb_image][\/et_pb_column][et_pb_column type=\u00bb1_3&#8243; _builder_version=\u00bb4.27.4&#8243; _module_preset=\u00bbdefault\u00bb global_colors_info=\u00bb{}\u00bb][et_pb_image src=\u00bbhttps:\/\/interiores.escuelaartegranada.com\/albamoreno\/wp-content\/uploads\/sites\/82\/2025\/04\/Captura-de-pantalla-2025-04-02-172425.jpg\u00bb title_text=\u00bbCaptura-de-pantalla-2025-04-02-172425&#8243; _builder_version=\u00bb4.27.4&#8243; _module_preset=\u00bbdefault\u00bb global_colors_info=\u00bb{}\u00bb][\/et_pb_image][\/et_pb_column][et_pb_column type=\u00bb1_3&#8243; _builder_version=\u00bb4.27.4&#8243; _module_preset=\u00bbdefault\u00bb global_colors_info=\u00bb{}\u00bb][et_pb_image src=\u00bbhttps:\/\/interiores.escuelaartegranada.com\/albamoreno\/wp-content\/uploads\/sites\/82\/2025\/04\/Captura-de-pantalla-2025-04-02-172437.jpg\u00bb title_text=\u00bbCaptura-de-pantalla-2025-04-02-172437&#8243; _builder_version=\u00bb4.27.4&#8243; _module_preset=\u00bbdefault\u00bb global_colors_info=\u00bb{}\u00bb][\/et_pb_image][\/et_pb_column][\/et_pb_row][et_pb_row _builder_version=\u00bb4.27.4&#8243; _module_preset=\u00bbdefault\u00bb global_colors_info=\u00bb{}\u00bb][et_pb_column type=\u00bb4_4&#8243; _builder_version=\u00bb4.27.4&#8243; _module_preset=\u00bbdefault\u00bb global_colors_info=\u00bb{}\u00bb][et_pb_slider _builder_version=\u00bb4.27.4&#8243; _module_preset=\u00bbdefault\u00bb header_font=\u00bbMontserrat||||||||\u00bb header_text_align=\u00bbcenter\u00bb header_text_color=\u00bbrgba(186,122,166,0.71)\u00bb header_font_size=\u00bb33px\u00bb background_color=\u00bbrgba(249,204,231,0)\u00bb background_enable_image=\u00bboff\u00bb global_colors_info=\u00bb{}\u00bb][et_pb_slide heading=\u00bbY NO SOLO EN ALGO CONCRETO&#8230;\u00bb image=\u00bbhttps:\/\/interiores.escuelaartegranada.com\/albamoreno\/wp-content\/uploads\/sites\/82\/2025\/04\/Captura-de-pantalla-2025-04-02-173242.jpg\u00bb _builder_version=\u00bb4.27.4&#8243; _module_preset=\u00bbdefault\u00bb header_font=\u00bbMontserrat||||||||\u00bb header_text_color=\u00bbrgba(0,0,0,0.68)\u00bb header_font_size=\u00bb30px\u00bb header_line_height=\u00bb1.7em\u00bb global_colors_info=\u00bb{}\u00bb sticky_transition=\u00bbon\u00bb][\/et_pb_slide][et_pb_slide heading=\u00bbDIFERENTES ESTILOS\u00bb _builder_version=\u00bb4.27.4&#8243; _module_preset=\u00bbdefault\u00bb header_level=\u00bbh2&#8243; header_font=\u00bbMontserrat|500|||||||\u00bb header_text_color=\u00bbrgba(0,0,0,0.68)\u00bb header_font_size=\u00bb34px\u00bb body_font_size=\u00bb18px\u00bb text_orientation=\u00bbcenter\u00bb background_layout=\u00bblight\u00bb inline_fonts=\u00bbMontserrat\u00bb global_colors_info=\u00bb{}\u00bb sticky_transition=\u00bbon\u00bb]<\/p>\n<p><span style=\"font-family: Montserrat;font-weight: normal;font-size: large\">La belleza del dise\u00f1o de interiores est\u00e1 en la variedad de estilos: cada espacio es un reflejo \u00fanico de personalidad, historia y emoci\u00f3n.<\/span><\/p>\n<p>[\/et_pb_slide][\/et_pb_slider][\/et_pb_column][\/et_pb_row][et_pb_row column_structure=\u00bb1_2,1_2&#8243; _builder_version=\u00bb4.27.4&#8243; _module_preset=\u00bbdefault\u00bb global_colors_info=\u00bb{}\u00bb][et_pb_column type=\u00bb1_2&#8243; _builder_version=\u00bb4.27.4&#8243; _module_preset=\u00bbdefault\u00bb global_colors_info=\u00bb{}\u00bb][et_pb_image src=\u00bbhttps:\/\/interiores.escuelaartegranada.com\/albamoreno\/wp-content\/uploads\/sites\/82\/2025\/04\/practica-1-diseno-del-mueble.jpg\u00bb title_text=\u00bbpractica 1 dise\u00f1o del mueble\u00bb _builder_version=\u00bb4.27.4&#8243; _module_preset=\u00bbdefault\u00bb transform_scale=\u00bb170%|170%\u00bb transform_translate=\u00bb-112px|46px\u00bb transform_translate_linked=\u00bboff\u00bb global_colors_info=\u00bb{}\u00bb][\/et_pb_image][\/et_pb_column][et_pb_column type=\u00bb1_2&#8243; _builder_version=\u00bb4.27.4&#8243; _module_preset=\u00bbdefault\u00bb global_colors_info=\u00bb{}\u00bb][et_pb_image src=\u00bbhttps:\/\/interiores.escuelaartegranada.com\/albamoreno\/wp-content\/uploads\/sites\/82\/2025\/04\/Captura-de-pantalla-2025-04-02-173157.jpg\u00bb title_text=\u00bbCaptura-de-pantalla-2025-04-02-173157&#8243; _builder_version=\u00bb4.27.4&#8243; _module_preset=\u00bbdefault\u00bb transform_scale=\u00bb164%|164%\u00bb transform_translate=\u00bb107px|45px\u00bb transform_translate_linked=\u00bboff\u00bb global_colors_info=\u00bb{}\u00bb][\/et_pb_image][\/et_pb_column][\/et_pb_row][\/et_pb_section][et_pb_section fb_built=\u00bb1&#8243; _builder_version=\u00bb4.27.4&#8243; _module_preset=\u00bbdefault\u00bb background_color=\u00bbrgba(242,236,225,0)\u00bb global_colors_info=\u00bb{}\u00bb][et_pb_row _builder_version=\u00bb4.27.4&#8243; _module_preset=\u00bbdefault\u00bb][et_pb_column _builder_version=\u00bb4.27.4&#8243; _module_preset=\u00bbdefault\u00bb type=\u00bb4_4&#8243;][\/et_pb_column][\/et_pb_row][et_pb_row _builder_version=\u00bb4.27.4&#8243; _module_preset=\u00bbdefault\u00bb][et_pb_column _builder_version=\u00bb4.27.4&#8243; _module_preset=\u00bbdefault\u00bb type=\u00bb4_4&#8243;][\/et_pb_column][\/et_pb_row][\/et_pb_section]<\/p>\n","protected":false},"excerpt":{"rendered":"<p>El dise\u00f1o de interiores se basa en la creaci\u00f3n de emociones y recuerdos en un ambiente perfecto.NATURALIDAD\u00a0Mi enfoque se basa en la creatividad, la innovaci\u00f3n y la adaptabilidad, siempre en b\u00fasqueda de soluciones que reflejen la identidad y el bienestar de quienes los habitan.DA FORMA A TUS IDEASLa belleza del dise\u00f1o de interiores est\u00e1 en [&hellip;]<\/p>\n","protected":false},"author":81,"featured_media":0,"parent":0,"menu_order":0,"comment_status":"closed","ping_status":"closed","template":"","meta":{"_et_pb_use_builder":"on","_et_pb_old_content":"","_et_gb_content_width":"","footnotes":""},"class_list":["post-88","page","type-page","status-publish","hentry"],"yoast_head":"<!-- This site is optimized with the Yoast SEO plugin v24.5 - https:\/\/yoast.com\/wordpress\/plugins\/seo\/ -->\n<title>pagina inicio - Alba Moreno Portfolio<\/title>\n<meta name=\"robots\" content=\"index, follow, max-snippet:-1, max-image-preview:large, max-video-preview:-1\" \/>\n<link rel=\"canonical\" href=\"https:\/\/interiores.escuelaartegranada.com\/albamoreno\/pagina-inicio\/\" \/>\n<meta property=\"og:locale\" content=\"es_ES\" \/>\n<meta property=\"og:type\" content=\"article\" \/>\n<meta property=\"og:title\" content=\"pagina inicio - Alba Moreno Portfolio\" \/>\n<meta property=\"og:description\" content=\"El dise\u00f1o de interiores se basa en la creaci\u00f3n de emociones y recuerdos en un ambiente perfecto.NATURALIDAD\u00a0Mi enfoque se basa en la creatividad, la innovaci\u00f3n y la adaptabilidad, siempre en b\u00fasqueda de soluciones que reflejen la identidad y el bienestar de quienes los habitan.DA FORMA A TUS IDEASLa belleza del dise\u00f1o de interiores est\u00e1 en [&hellip;]\" \/>\n<meta property=\"og:url\" content=\"https:\/\/interiores.escuelaartegranada.com\/albamoreno\/pagina-inicio\/\" \/>\n<meta property=\"og:site_name\" content=\"Alba Moreno Portfolio\" \/>\n<meta property=\"article:modified_time\" content=\"2025-05-06T07:40:46+00:00\" \/>\n<meta name=\"twitter:card\" content=\"summary_large_image\" \/>\n<meta name=\"twitter:label1\" content=\"Tiempo de lectura\" \/>\n\t<meta name=\"twitter:data1\" content=\"3 minutos\" \/>\n<script type=\"application\/ld+json\" class=\"yoast-schema-graph\">{\"@context\":\"https:\/\/schema.org\",\"@graph\":[{\"@type\":\"WebPage\",\"@id\":\"https:\/\/interiores.escuelaartegranada.com\/albamoreno\/pagina-inicio\/\",\"url\":\"https:\/\/interiores.escuelaartegranada.com\/albamoreno\/pagina-inicio\/\",\"name\":\"pagina inicio - Alba Moreno Portfolio\",\"isPartOf\":{\"@id\":\"https:\/\/interiores.escuelaartegranada.com\/albamoreno\/#website\"},\"datePublished\":\"2025-04-01T08:35:32+00:00\",\"dateModified\":\"2025-05-06T07:40:46+00:00\",\"breadcrumb\":{\"@id\":\"https:\/\/interiores.escuelaartegranada.com\/albamoreno\/pagina-inicio\/#breadcrumb\"},\"inLanguage\":\"es\",\"potentialAction\":[{\"@type\":\"ReadAction\",\"target\":[\"https:\/\/interiores.escuelaartegranada.com\/albamoreno\/pagina-inicio\/\"]}]},{\"@type\":\"BreadcrumbList\",\"@id\":\"https:\/\/interiores.escuelaartegranada.com\/albamoreno\/pagina-inicio\/#breadcrumb\",\"itemListElement\":[{\"@type\":\"ListItem\",\"position\":1,\"name\":\"Portada\",\"item\":\"https:\/\/interiores.escuelaartegranada.com\/albamoreno\/\"},{\"@type\":\"ListItem\",\"position\":2,\"name\":\"pagina inicio\"}]},{\"@type\":\"WebSite\",\"@id\":\"https:\/\/interiores.escuelaartegranada.com\/albamoreno\/#website\",\"url\":\"https:\/\/interiores.escuelaartegranada.com\/albamoreno\/\",\"name\":\"Alba Moreno Portfolio\",\"description\":\"\",\"potentialAction\":[{\"@type\":\"SearchAction\",\"target\":{\"@type\":\"EntryPoint\",\"urlTemplate\":\"https:\/\/interiores.escuelaartegranada.com\/albamoreno\/?s={search_term_string}\"},\"query-input\":{\"@type\":\"PropertyValueSpecification\",\"valueRequired\":true,\"valueName\":\"search_term_string\"}}],\"inLanguage\":\"es\"}]}<\/script>\n<!-- \/ Yoast SEO plugin. -->","yoast_head_json":{"title":"pagina inicio - Alba Moreno Portfolio","robots":{"index":"index","follow":"follow","max-snippet":"max-snippet:-1","max-image-preview":"max-image-preview:large","max-video-preview":"max-video-preview:-1"},"canonical":"https:\/\/interiores.escuelaartegranada.com\/albamoreno\/pagina-inicio\/","og_locale":"es_ES","og_type":"article","og_title":"pagina inicio - Alba Moreno Portfolio","og_description":"El dise\u00f1o de interiores se basa en la creaci\u00f3n de emociones y recuerdos en un ambiente perfecto.NATURALIDAD\u00a0Mi enfoque se basa en la creatividad, la innovaci\u00f3n y la adaptabilidad, siempre en b\u00fasqueda de soluciones que reflejen la identidad y el bienestar de quienes los habitan.DA FORMA A TUS IDEASLa belleza del dise\u00f1o de interiores est\u00e1 en [&hellip;]","og_url":"https:\/\/interiores.escuelaartegranada.com\/albamoreno\/pagina-inicio\/","og_site_name":"Alba Moreno Portfolio","article_modified_time":"2025-05-06T07:40:46+00:00","twitter_card":"summary_large_image","twitter_misc":{"Tiempo de lectura":"3 minutos"},"schema":{"@context":"https:\/\/schema.org","@graph":[{"@type":"WebPage","@id":"https:\/\/interiores.escuelaartegranada.com\/albamoreno\/pagina-inicio\/","url":"https:\/\/interiores.escuelaartegranada.com\/albamoreno\/pagina-inicio\/","name":"pagina inicio - Alba Moreno Portfolio","isPartOf":{"@id":"https:\/\/interiores.escuelaartegranada.com\/albamoreno\/#website"},"datePublished":"2025-04-01T08:35:32+00:00","dateModified":"2025-05-06T07:40:46+00:00","breadcrumb":{"@id":"https:\/\/interiores.escuelaartegranada.com\/albamoreno\/pagina-inicio\/#breadcrumb"},"inLanguage":"es","potentialAction":[{"@type":"ReadAction","target":["https:\/\/interiores.escuelaartegranada.com\/albamoreno\/pagina-inicio\/"]}]},{"@type":"BreadcrumbList","@id":"https:\/\/interiores.escuelaartegranada.com\/albamoreno\/pagina-inicio\/#breadcrumb","itemListElement":[{"@type":"ListItem","position":1,"name":"Portada","item":"https:\/\/interiores.escuelaartegranada.com\/albamoreno\/"},{"@type":"ListItem","position":2,"name":"pagina inicio"}]},{"@type":"WebSite","@id":"https:\/\/interiores.escuelaartegranada.com\/albamoreno\/#website","url":"https:\/\/interiores.escuelaartegranada.com\/albamoreno\/","name":"Alba Moreno Portfolio","description":"","potentialAction":[{"@type":"SearchAction","target":{"@type":"EntryPoint","urlTemplate":"https:\/\/interiores.escuelaartegranada.com\/albamoreno\/?s={search_term_string}"},"query-input":{"@type":"PropertyValueSpecification","valueRequired":true,"valueName":"search_term_string"}}],"inLanguage":"es"}]}},"_links":{"self":[{"href":"https:\/\/interiores.escuelaartegranada.com\/albamoreno\/wp-json\/wp\/v2\/pages\/88","targetHints":{"allow":["GET"]}}],"collection":[{"href":"https:\/\/interiores.escuelaartegranada.com\/albamoreno\/wp-json\/wp\/v2\/pages"}],"about":[{"href":"https:\/\/interiores.escuelaartegranada.com\/albamoreno\/wp-json\/wp\/v2\/types\/page"}],"author":[{"embeddable":true,"href":"https:\/\/interiores.escuelaartegranada.com\/albamoreno\/wp-json\/wp\/v2\/users\/81"}],"replies":[{"embeddable":true,"href":"https:\/\/interiores.escuelaartegranada.com\/albamoreno\/wp-json\/wp\/v2\/comments?post=88"}],"version-history":[{"count":21,"href":"https:\/\/interiores.escuelaartegranada.com\/albamoreno\/wp-json\/wp\/v2\/pages\/88\/revisions"}],"predecessor-version":[{"id":325,"href":"https:\/\/interiores.escuelaartegranada.com\/albamoreno\/wp-json\/wp\/v2\/pages\/88\/revisions\/325"}],"wp:attachment":[{"href":"https:\/\/interiores.escuelaartegranada.com\/albamoreno\/wp-json\/wp\/v2\/media?parent=88"}],"curies":[{"name":"wp","href":"https:\/\/api.w.org\/{rel}","templated":true}]}}