{"id":95,"date":"2025-04-01T10:24:06","date_gmt":"2025-04-01T08:24:06","guid":{"rendered":"https:\/\/interiores.escuelaartegranada.com\/andreareina\/?page_id=95"},"modified":"2025-05-02T19:01:28","modified_gmt":"2025-05-02T17:01:28","slug":"borrador-automatico","status":"publish","type":"page","link":"https:\/\/interiores.escuelaartegranada.com\/andreareina\/borrador-automatico\/","title":{"rendered":"SOBRE MI"},"content":{"rendered":"<p>[et_pb_section fb_built=\u00bb1&#8243; _builder_version=\u00bb4.27.4&#8243; _module_preset=\u00bbdefault\u00bb background_color=\u00bb#FFD1D1&#8243; global_colors_info=\u00bb{}\u00bb][et_pb_row column_structure=\u00bb1_4,3_4&#8243; _builder_version=\u00bb4.27.4&#8243; _module_preset=\u00bbdefault\u00bb width=\u00bb100%\u00bb max_width=\u00bb1348px\u00bb custom_margin=\u00bb10px||||false|false\u00bb global_colors_info=\u00bb{}\u00bb][et_pb_column type=\u00bb1_4&#8243; _builder_version=\u00bb4.27.4&#8243; _module_preset=\u00bbdefault\u00bb global_colors_info=\u00bb{}\u00bb][et_pb_image src=\u00bbhttps:\/\/interiores.escuelaartegranada.com\/andreareina\/wp-content\/uploads\/sites\/85\/2025\/04\/IMG_4663.jpg\u00bb title_text=\u00bbIMG_4663&#8243; _builder_version=\u00bb4.27.4&#8243; _module_preset=\u00bbdefault\u00bb min_height=\u00bb236px\u00bb height=\u00bb320px\u00bb max_height=\u00bb632px\u00bb custom_margin=\u00bb121px||||false|false\u00bb custom_padding=\u00bb|||0px||\u00bb animation_style=\u00bbzoom\u00bb box_shadow_style=\u00bbpreset1&#8243; global_colors_info=\u00bb{}\u00bb][\/et_pb_image][et_pb_heading title=\u00bbANDREA REINA\u00bb _builder_version=\u00bb4.27.4&#8243; _module_preset=\u00bbdefault\u00bb title_font=\u00bbBuenard||||||||\u00bb title_text_align=\u00bbcenter\u00bb title_text_color=\u00bb#FF7F7F\u00bb title_font_size=\u00bb31px\u00bb min_height=\u00bb86px\u00bb global_colors_info=\u00bb{}\u00bb][\/et_pb_heading][\/et_pb_column][et_pb_column type=\u00bb3_4&#8243; _builder_version=\u00bb4.27.4&#8243; _module_preset=\u00bbdefault\u00bb global_colors_info=\u00bb{}\u00bb][et_pb_heading title=\u00bbACERCA DE MI\u00bb _builder_version=\u00bb4.27.4&#8243; _module_preset=\u00bbdefault\u00bb title_font=\u00bbBuenard||||||||\u00bb title_text_color=\u00bb#FF9393&#8243; title_font_size=\u00bb37px\u00bb title_letter_spacing=\u00bb1px\u00bb title_line_height=\u00bb1.7em\u00bb hover_enabled=\u00bb0&#8243; global_colors_info=\u00bb{}\u00bb sticky_enabled=\u00bb0&#8243;][\/et_pb_heading][et_pb_text _builder_version=\u00bb4.27.4&#8243; _module_preset=\u00bbdefault\u00bb text_font=\u00bb&#8211;et_global_body_font||||||||\u00bb text_font_size=\u00bb19px\u00bb text_line_height=\u00bb1.6em\u00bb header_font=\u00bbBuenard||||||||\u00bb hover_enabled=\u00bb0&#8243; global_colors_info=\u00bb{}\u00bb sticky_enabled=\u00bb0&#8243;]<\/p>\n<p class=\"cvGsUA direction-ltr align-center para-style-body\"><span class=\"OYPEnA font-feature-liga-off font-feature-clig-off font-feature-calt-off text-decoration-none text-strikethrough-none\">\u00a1Hola! Soy Andrea Reina, dise\u00f1adora de interiores. Soy una persona creativa y visionaria, siempre en busca de nuevas ideas. Mi trabajo se caracteriza por ser meticuloso y detallista, cuidando cada espacio para lograr ambientes funcionales y accesibles. Con gran pasi\u00f3n por crear espacios que no solo se ven bien, sino que tambi\u00e9n funcionan de manera optima para las personas que lo habitan.<\/span><\/p>\n<p class=\"cvGsUA direction-ltr align-center para-style-body\"><span class=\"OYPEnA font-feature-liga-off font-feature-clig-off font-feature-calt-off text-decoration-none text-strikethrough-none\">Con tan solo un a\u00f1o de experiencia en el sector, mi enfoque se basa en entender las necesidades de mis clientes y transformar sus ideas en dise\u00f1os personalizados que se adapten a su estilo.<\/span><\/p>\n<p class=\"cvGsUA direction-ltr align-center para-style-body\"><span class=\"OYPEnA font-feature-liga-off font-feature-clig-off font-feature-calt-off text-decoration-none text-strikethrough-none\">Mi objetivo es ayudarte a crear ambientes donde te sientas c\u00f3modo e inspirado, ya sea para tu hogar, oficina o cualquier otro espacio que desees renovar.<\/span><\/p>\n<p class=\"cvGsUA direction-ltr align-center para-style-body\"><span class=\"OYPEnA font-feature-liga-off font-feature-clig-off font-feature-calt-off text-decoration-none text-strikethrough-none\">Cada proyecto es una oportunidad para dar vida a un nuevo espacio \u00fanico, pr\u00e1ctico y est\u00e9ticamente agradable.<\/span><\/p>\n<p class=\"cvGsUA direction-ltr align-center para-style-body\"><span class=\"OYPEnA font-feature-liga-off font-feature-clig-off font-feature-calt-off text-decoration-none text-strikethrough-none\">Si busca darle un nuevo aire a tu hogar o negocio, \u00a1Estoy aqu\u00ed para hacerlo realidad!<\/span><\/p>\n<p class=\"cvGsUA direction-ltr align-center para-style-body\"><span class=\"OYPEnA font-feature-liga-off font-feature-clig-off font-feature-calt-off text-decoration-none text-strikethrough-none\">Vamos a trabajar juntos para crear el espacio que siempre has imaginado.<\/span><\/p>\n<p class=\"cvGsUA direction-ltr align-center para-style-body\">[\/et_pb_text][\/et_pb_column][\/et_pb_row][et_pb_row _builder_version=\u00bb4.27.4&#8243; _module_preset=\u00bbdefault\u00bb width=\u00bb100%\u00bb max_width=\u00bb1079px\u00bb global_colors_info=\u00bb{}\u00bb][et_pb_column type=\u00bb4_4&#8243; _builder_version=\u00bb4.27.4&#8243; _module_preset=\u00bbdefault\u00bb global_colors_info=\u00bb{}\u00bb][et_pb_image src=\u00bbhttps:\/\/interiores.escuelaartegranada.com\/andreareina\/wp-content\/uploads\/sites\/85\/2025\/03\/Sin-titulo-4.png\u00bb title_text=\u00bbSin-t\u00edtulo-4&#8243; _builder_version=\u00bb4.27.4&#8243; _module_preset=\u00bbdefault\u00bb global_colors_info=\u00bb{}\u00bb][\/et_pb_image][\/et_pb_column][\/et_pb_row][et_pb_row column_structure=\u00bb1_2,1_2&#8243; _builder_version=\u00bb4.27.4&#8243; _module_preset=\u00bbdefault\u00bb custom_margin=\u00bb7px|auto||auto||\u00bb global_colors_info=\u00bb{}\u00bb][et_pb_column type=\u00bb1_2&#8243; _builder_version=\u00bb4.27.4&#8243; _module_preset=\u00bbdefault\u00bb global_colors_info=\u00bb{}\u00bb][et_pb_heading title=\u00bbFORMACI\u00d3N\u00bb _builder_version=\u00bb4.27.4&#8243; _module_preset=\u00bbdefault\u00bb title_font=\u00bbBuenard||||||||\u00bb title_text_align=\u00bbcenter\u00bb title_text_color=\u00bb#FF7F7F\u00bb title_font_size=\u00bb37px\u00bb title_letter_spacing=\u00bb8px\u00bb global_colors_info=\u00bb{}\u00bb][\/et_pb_heading][et_pb_text _builder_version=\u00bb4.27.4&#8243; _module_preset=\u00bbdefault\u00bb text_font=\u00bb&#8211;et_global_body_font||||||||\u00bb text_text_color=\u00bb#FF7F7F\u00bb text_font_size=\u00bb16px\u00bb text_line_height=\u00bb1.1em\u00bb header_font=\u00bb&#8211;et_global_body_font||||||||\u00bb header_text_align=\u00bbleft\u00bb header_text_color=\u00bb#000000&#8243; global_colors_info=\u00bb{}\u00bb]<\/p>\n<p>CURSO SUPERIOR DISE\u00d1O Y ARQUITECTURA DE INTERIORES<\/p>\n<p>[\/et_pb_text][et_pb_text _builder_version=\u00bb4.27.4&#8243; _module_preset=\u00bbdefault\u00bb text_font=\u00bb&#8211;et_global_body_font||||||||\u00bb text_font_size=\u00bb17px\u00bb global_colors_info=\u00bb{}\u00bb]<\/p>\n<p>Escuela Arte Granada 2024-2025<\/p>\n<p>Avda. Doctor Ol\u00f3riz, 6\u00a0 \u00a0 \u00a0 \u00a0 \u00a0 \u00a0 \u00a0Granada, 18012<\/p>\n<p>[\/et_pb_text][\/et_pb_column][et_pb_column type=\u00bb1_2&#8243; _builder_version=\u00bb4.27.4&#8243; _module_preset=\u00bbdefault\u00bb global_colors_info=\u00bb{}\u00bb][et_pb_heading title=\u00bbCONTACTO\u00bb _builder_version=\u00bb4.27.4&#8243; _module_preset=\u00bbdefault\u00bb title_font=\u00bbBuenard||||||||\u00bb title_text_align=\u00bbcenter\u00bb title_text_color=\u00bb#FF7F7F\u00bb title_font_size=\u00bb37px\u00bb title_letter_spacing=\u00bb8px\u00bb global_colors_info=\u00bb{}\u00bb][\/et_pb_heading][et_pb_text _builder_version=\u00bb4.27.4&#8243; _module_preset=\u00bbdefault\u00bb text_font=\u00bb&#8211;et_global_body_font||||||||\u00bb text_font_size=\u00bb18px\u00bb text_orientation=\u00bbcenter\u00bb global_colors_info=\u00bb{}\u00bb]<\/p>\n<p>CONTACTO\u00a0 \u00a0 \u00a0 \u00a0 \u00a0 \u00a0 \u00a0 \u00a0 \u00a0 \u00a0 \u00a0 611268876<\/p>\n<p>\u00a0 \u00a0 \u00a0 \u00a0 \u00a0 \u00a0 \u00a0 \u00a0 \u00a0 \u00a0CORREO\u00a0 \u00a0 \u00a0 \u00a0 \u00a0 \u00a0 \u00a0 \u00a0<a href=\"mailto:andreareinadesing@gmail.com\">andreareinadesing@gmail.com<\/a><\/p>\n<p>\u00a0 \u00a0 \u00a0 \u00a0 \u00a0 \u00a0 \u00a0 UBICACI\u00d3N\u00a0 \u00a0 \u00a0 \u00a0 \u00a0Hospital de la Virgen,18004<\/p>\n<p>[\/et_pb_text][\/et_pb_column][\/et_pb_row][\/et_pb_section]<\/p>\n","protected":false},"excerpt":{"rendered":"<p>\u00a1Hola! Soy Andrea Reina, dise\u00f1adora de interiores. Soy una persona creativa y visionaria, siempre en busca de nuevas ideas. Mi trabajo se caracteriza por ser meticuloso y detallista, cuidando cada espacio para lograr ambientes funcionales y accesibles. Con gran pasi\u00f3n por crear espacios que no solo se ven bien, sino que tambi\u00e9n funcionan de manera [&hellip;]<\/p>\n","protected":false},"author":84,"featured_media":0,"parent":0,"menu_order":0,"comment_status":"closed","ping_status":"closed","template":"","meta":{"_et_pb_use_builder":"on","_et_pb_old_content":"","_et_gb_content_width":"","footnotes":""},"class_list":["post-95","page","type-page","status-publish","hentry"],"yoast_head":"<!-- This site is optimized with the Yoast SEO plugin v24.5 - https:\/\/yoast.com\/wordpress\/plugins\/seo\/ -->\n<title>SOBRE MI - Andrea Ben\u00edtez Dise\u00f1o<\/title>\n<meta name=\"robots\" content=\"index, follow, max-snippet:-1, max-image-preview:large, max-video-preview:-1\" \/>\n<link rel=\"canonical\" href=\"https:\/\/interiores.escuelaartegranada.com\/andreareina\/borrador-automatico\/\" \/>\n<meta property=\"og:locale\" content=\"es_ES\" \/>\n<meta property=\"og:type\" content=\"article\" \/>\n<meta property=\"og:title\" content=\"SOBRE MI - Andrea Ben\u00edtez Dise\u00f1o\" \/>\n<meta property=\"og:description\" content=\"\u00a1Hola! Soy Andrea Reina, dise\u00f1adora de interiores. Soy una persona creativa y visionaria, siempre en busca de nuevas ideas. Mi trabajo se caracteriza por ser meticuloso y detallista, cuidando cada espacio para lograr ambientes funcionales y accesibles. Con gran pasi\u00f3n por crear espacios que no solo se ven bien, sino que tambi\u00e9n funcionan de manera [&hellip;]\" \/>\n<meta property=\"og:url\" content=\"https:\/\/interiores.escuelaartegranada.com\/andreareina\/borrador-automatico\/\" \/>\n<meta property=\"og:site_name\" content=\"Andrea Ben\u00edtez Dise\u00f1o\" \/>\n<meta property=\"article:modified_time\" content=\"2025-05-02T17:01:28+00:00\" \/>\n<meta name=\"twitter:card\" content=\"summary_large_image\" \/>\n<meta name=\"twitter:label1\" content=\"Tiempo de lectura\" \/>\n\t<meta name=\"twitter:data1\" content=\"2 minutos\" \/>\n<script type=\"application\/ld+json\" class=\"yoast-schema-graph\">{\"@context\":\"https:\/\/schema.org\",\"@graph\":[{\"@type\":\"WebPage\",\"@id\":\"https:\/\/interiores.escuelaartegranada.com\/andreareina\/borrador-automatico\/\",\"url\":\"https:\/\/interiores.escuelaartegranada.com\/andreareina\/borrador-automatico\/\",\"name\":\"SOBRE MI - Andrea Ben\u00edtez Dise\u00f1o\",\"isPartOf\":{\"@id\":\"https:\/\/interiores.escuelaartegranada.com\/andreareina\/#website\"},\"datePublished\":\"2025-04-01T08:24:06+00:00\",\"dateModified\":\"2025-05-02T17:01:28+00:00\",\"breadcrumb\":{\"@id\":\"https:\/\/interiores.escuelaartegranada.com\/andreareina\/borrador-automatico\/#breadcrumb\"},\"inLanguage\":\"es\",\"potentialAction\":[{\"@type\":\"ReadAction\",\"target\":[\"https:\/\/interiores.escuelaartegranada.com\/andreareina\/borrador-automatico\/\"]}]},{\"@type\":\"BreadcrumbList\",\"@id\":\"https:\/\/interiores.escuelaartegranada.com\/andreareina\/borrador-automatico\/#breadcrumb\",\"itemListElement\":[{\"@type\":\"ListItem\",\"position\":1,\"name\":\"Portada\",\"item\":\"https:\/\/interiores.escuelaartegranada.com\/andreareina\/\"},{\"@type\":\"ListItem\",\"position\":2,\"name\":\"SOBRE MI\"}]},{\"@type\":\"WebSite\",\"@id\":\"https:\/\/interiores.escuelaartegranada.com\/andreareina\/#website\",\"url\":\"https:\/\/interiores.escuelaartegranada.com\/andreareina\/\",\"name\":\"Andrea Ben\u00edtez Dise\u00f1o\",\"description\":\"\",\"potentialAction\":[{\"@type\":\"SearchAction\",\"target\":{\"@type\":\"EntryPoint\",\"urlTemplate\":\"https:\/\/interiores.escuelaartegranada.com\/andreareina\/?s={search_term_string}\"},\"query-input\":{\"@type\":\"PropertyValueSpecification\",\"valueRequired\":true,\"valueName\":\"search_term_string\"}}],\"inLanguage\":\"es\"}]}<\/script>\n<!-- \/ Yoast SEO plugin. -->","yoast_head_json":{"title":"SOBRE MI - Andrea Ben\u00edtez Dise\u00f1o","robots":{"index":"index","follow":"follow","max-snippet":"max-snippet:-1","max-image-preview":"max-image-preview:large","max-video-preview":"max-video-preview:-1"},"canonical":"https:\/\/interiores.escuelaartegranada.com\/andreareina\/borrador-automatico\/","og_locale":"es_ES","og_type":"article","og_title":"SOBRE MI - Andrea Ben\u00edtez Dise\u00f1o","og_description":"\u00a1Hola! Soy Andrea Reina, dise\u00f1adora de interiores. Soy una persona creativa y visionaria, siempre en busca de nuevas ideas. Mi trabajo se caracteriza por ser meticuloso y detallista, cuidando cada espacio para lograr ambientes funcionales y accesibles. Con gran pasi\u00f3n por crear espacios que no solo se ven bien, sino que tambi\u00e9n funcionan de manera [&hellip;]","og_url":"https:\/\/interiores.escuelaartegranada.com\/andreareina\/borrador-automatico\/","og_site_name":"Andrea Ben\u00edtez Dise\u00f1o","article_modified_time":"2025-05-02T17:01:28+00:00","twitter_card":"summary_large_image","twitter_misc":{"Tiempo de lectura":"2 minutos"},"schema":{"@context":"https:\/\/schema.org","@graph":[{"@type":"WebPage","@id":"https:\/\/interiores.escuelaartegranada.com\/andreareina\/borrador-automatico\/","url":"https:\/\/interiores.escuelaartegranada.com\/andreareina\/borrador-automatico\/","name":"SOBRE MI - Andrea Ben\u00edtez Dise\u00f1o","isPartOf":{"@id":"https:\/\/interiores.escuelaartegranada.com\/andreareina\/#website"},"datePublished":"2025-04-01T08:24:06+00:00","dateModified":"2025-05-02T17:01:28+00:00","breadcrumb":{"@id":"https:\/\/interiores.escuelaartegranada.com\/andreareina\/borrador-automatico\/#breadcrumb"},"inLanguage":"es","potentialAction":[{"@type":"ReadAction","target":["https:\/\/interiores.escuelaartegranada.com\/andreareina\/borrador-automatico\/"]}]},{"@type":"BreadcrumbList","@id":"https:\/\/interiores.escuelaartegranada.com\/andreareina\/borrador-automatico\/#breadcrumb","itemListElement":[{"@type":"ListItem","position":1,"name":"Portada","item":"https:\/\/interiores.escuelaartegranada.com\/andreareina\/"},{"@type":"ListItem","position":2,"name":"SOBRE MI"}]},{"@type":"WebSite","@id":"https:\/\/interiores.escuelaartegranada.com\/andreareina\/#website","url":"https:\/\/interiores.escuelaartegranada.com\/andreareina\/","name":"Andrea Ben\u00edtez Dise\u00f1o","description":"","potentialAction":[{"@type":"SearchAction","target":{"@type":"EntryPoint","urlTemplate":"https:\/\/interiores.escuelaartegranada.com\/andreareina\/?s={search_term_string}"},"query-input":{"@type":"PropertyValueSpecification","valueRequired":true,"valueName":"search_term_string"}}],"inLanguage":"es"}]}},"_links":{"self":[{"href":"https:\/\/interiores.escuelaartegranada.com\/andreareina\/wp-json\/wp\/v2\/pages\/95","targetHints":{"allow":["GET"]}}],"collection":[{"href":"https:\/\/interiores.escuelaartegranada.com\/andreareina\/wp-json\/wp\/v2\/pages"}],"about":[{"href":"https:\/\/interiores.escuelaartegranada.com\/andreareina\/wp-json\/wp\/v2\/types\/page"}],"author":[{"embeddable":true,"href":"https:\/\/interiores.escuelaartegranada.com\/andreareina\/wp-json\/wp\/v2\/users\/84"}],"replies":[{"embeddable":true,"href":"https:\/\/interiores.escuelaartegranada.com\/andreareina\/wp-json\/wp\/v2\/comments?post=95"}],"version-history":[{"count":16,"href":"https:\/\/interiores.escuelaartegranada.com\/andreareina\/wp-json\/wp\/v2\/pages\/95\/revisions"}],"predecessor-version":[{"id":276,"href":"https:\/\/interiores.escuelaartegranada.com\/andreareina\/wp-json\/wp\/v2\/pages\/95\/revisions\/276"}],"wp:attachment":[{"href":"https:\/\/interiores.escuelaartegranada.com\/andreareina\/wp-json\/wp\/v2\/media?parent=95"}],"curies":[{"name":"wp","href":"https:\/\/api.w.org\/{rel}","templated":true}]}}