{"id":135,"date":"2025-04-08T09:01:50","date_gmt":"2025-04-08T07:01:50","guid":{"rendered":"https:\/\/interiores.escuelaartegranada.com\/andreareina\/?post_type=project&#038;p=135"},"modified":"2025-05-03T13:25:08","modified_gmt":"2025-05-03T11:25:08","slug":"vivienda-minima","status":"publish","type":"project","link":"https:\/\/interiores.escuelaartegranada.com\/andreareina\/project\/vivienda-minima\/","title":{"rendered":"VIVIENDA MINIMA"},"content":{"rendered":"<p>[et_pb_section fb_built=\u00bb1&#8243; _builder_version=\u00bb4.27.4&#8243; _module_preset=\u00bbdefault\u00bb background_image=\u00bbhttps:\/\/interiores.escuelaartegranada.com\/andreareina\/wp-content\/uploads\/sites\/85\/2025\/04\/Diseno-sin-titulo.png\u00bb width=\u00bb100%\u00bb module_alignment=\u00bbcenter\u00bb min_height=\u00bb100px\u00bb height=\u00bb235px\u00bb global_colors_info=\u00bb{}\u00bb][\/et_pb_section][et_pb_section fb_built=\u00bb1&#8243; _builder_version=\u00bb4.27.4&#8243; _module_preset=\u00bbdefault\u00bb background_color=\u00bb#FFD1D1&#8243; global_colors_info=\u00bb{}\u00bb][et_pb_row column_structure=\u00bb1_2,1_2&#8243; _builder_version=\u00bb4.27.4&#8243; _module_preset=\u00bbdefault\u00bb hover_enabled=\u00bb0&#8243; global_colors_info=\u00bb{}\u00bb sticky_enabled=\u00bb0&#8243;][et_pb_column type=\u00bb1_2&#8243; _builder_version=\u00bb4.27.4&#8243; _module_preset=\u00bbdefault\u00bb global_colors_info=\u00bb{}\u00bb][et_pb_portfolio include_categories=\u00bb6&#8243; show_title=\u00bboff\u00bb show_categories=\u00bboff\u00bb show_pagination=\u00bboff\u00bb _builder_version=\u00bb4.27.4&#8243; _module_preset=\u00bbdefault\u00bb hover_enabled=\u00bb0&#8243; global_colors_info=\u00bb{}\u00bb border_radii=\u00bbon|15px|15px|15px|15px\u00bb sticky_enabled=\u00bb0&#8243;][\/et_pb_portfolio][\/et_pb_column][et_pb_column type=\u00bb1_2&#8243; _builder_version=\u00bb4.27.4&#8243; _module_preset=\u00bbdefault\u00bb global_colors_info=\u00bb{}\u00bb][et_pb_text _builder_version=\u00bb4.27.4&#8243; _module_preset=\u00bbdefault\u00bb text_font=\u00bb||||||||\u00bb text_text_color=\u00bb#000000&#8243; text_font_size=\u00bb13px\u00bb text_line_height=\u00bb2.3em\u00bb width=\u00bb100%\u00bb module_alignment=\u00bbleft\u00bb min_height=\u00bb100px\u00bb height=\u00bb100px\u00bb max_height=\u00bb100px\u00bb global_colors_info=\u00bb{}\u00bb]<\/p>\n<p>Esta vivienda de 45 m2, necesitaba una buena distribuci\u00f3n y sitio de almacenaje, por lo que se propone un cocina-comedor-sal\u00f3n junto a un ba\u00f1o y el la planta superior una habitaci\u00f3n con posiblidad de ocultar la cama y convertirlo en un despacho completamente despejado.<\/p>\n<p>&nbsp;<\/p>\n<p>Esta vivienda contiene:<\/p>\n<p>-COCINA\u00a0 \u00a0 \u00a0-COMEDOR\u00a0 \u00a0 \u00a0-TERRAZA EXTERIOR<\/p>\n<p>-SAL\u00d3N\u00a0 \u00a0 \u00a0 \u00a0-1 BA\u00d1O\u00a0 \u00a0 \u00a0 \u00a0 \u00a0 -1DORMITORIO\/DESPACHO<\/p>\n<p>&nbsp;<\/p>\n<p>[\/et_pb_text][\/et_pb_column][\/et_pb_row][\/et_pb_section][et_pb_section fb_built=\u00bb1&#8243; _builder_version=\u00bb4.27.4&#8243; _module_preset=\u00bbdefault\u00bb background_color=\u00bb#FFD1D1&#8243; global_colors_info=\u00bb{}\u00bb][et_pb_row column_structure=\u00bb1_4,1_4,1_4,1_4&#8243; _builder_version=\u00bb4.27.4&#8243; _module_preset=\u00bbdefault\u00bb global_colors_info=\u00bb{}\u00bb][et_pb_column type=\u00bb1_4&#8243; _builder_version=\u00bb4.27.4&#8243; _module_preset=\u00bbdefault\u00bb global_colors_info=\u00bb{}\u00bb][et_pb_image src=\u00bbhttps:\/\/interiores.escuelaartegranada.com\/andreareina\/wp-content\/uploads\/sites\/85\/2025\/04\/FACHADA-VIVIENDA.png\u00bb title_text=\u00bbFACHADA VIVIENDA\u00bb _builder_version=\u00bb4.27.4&#8243; _module_preset=\u00bbdefault\u00bb global_colors_info=\u00bb{}\u00bb][\/et_pb_image][\/et_pb_column][et_pb_column type=\u00bb1_4&#8243; _builder_version=\u00bb4.27.4&#8243; _module_preset=\u00bbdefault\u00bb global_colors_info=\u00bb{}\u00bb][et_pb_image src=\u00bbhttps:\/\/interiores.escuelaartegranada.com\/andreareina\/wp-content\/uploads\/sites\/85\/2025\/04\/PLANO.png\u00bb title_text=\u00bbPLANO\u00bb _builder_version=\u00bb4.27.4&#8243; _module_preset=\u00bbdefault\u00bb width=\u00bb100%\u00bb min_height=\u00bb173px\u00bb global_colors_info=\u00bb{}\u00bb][\/et_pb_image][\/et_pb_column][et_pb_column type=\u00bb1_4&#8243; _builder_version=\u00bb4.27.4&#8243; _module_preset=\u00bbdefault\u00bb global_colors_info=\u00bb{}\u00bb][et_pb_image src=\u00bbhttps:\/\/interiores.escuelaartegranada.com\/andreareina\/wp-content\/uploads\/sites\/85\/2025\/04\/SECCION-SIN-ESCALERA.png\u00bb title_text=\u00bbSECCION SIN ESCALERA\u00bb _builder_version=\u00bb4.27.4&#8243; _module_preset=\u00bbdefault\u00bb min_height=\u00bb173px\u00bb global_colors_info=\u00bb{}\u00bb][\/et_pb_image][\/et_pb_column][et_pb_column type=\u00bb1_4&#8243; _builder_version=\u00bb4.27.4&#8243; _module_preset=\u00bbdefault\u00bb global_colors_info=\u00bb{}\u00bb][et_pb_image src=\u00bbhttps:\/\/interiores.escuelaartegranada.com\/andreareina\/wp-content\/uploads\/sites\/85\/2025\/04\/SECCION-ESCALERA.png\u00bb title_text=\u00bbSECCION ESCALERA\u00bb _builder_version=\u00bb4.27.4&#8243; _module_preset=\u00bbdefault\u00bb min_height=\u00bb174px\u00bb global_colors_info=\u00bb{}\u00bb][\/et_pb_image][\/et_pb_column][\/et_pb_row][\/et_pb_section][et_pb_section fb_built=\u00bb1&#8243; _builder_version=\u00bb4.27.4&#8243; _module_preset=\u00bbdefault\u00bb background_color=\u00bb#FFD1D1&#8243; global_colors_info=\u00bb{}\u00bb][et_pb_row _builder_version=\u00bb4.27.4&#8243; _module_preset=\u00bbdefault\u00bb column_structure=\u00bb1_2,1_2&#8243;][et_pb_column _builder_version=\u00bb4.27.4&#8243; _module_preset=\u00bbdefault\u00bb type=\u00bb1_2&#8243;][et_pb_image src=\u00bbhttps:\/\/interiores.escuelaartegranada.com\/andreareina\/wp-content\/uploads\/sites\/85\/2025\/04\/COCINA-2.png\u00bb _builder_version=\u00bb4.27.4&#8243; _module_preset=\u00bbdefault\u00bb title_text=\u00bbCOCINA (2)\u00bb border_radii=\u00bbon|15px|15px|15px|15px\u00bb hover_enabled=\u00bb0&#8243; sticky_enabled=\u00bb0&#8243;][\/et_pb_image][\/et_pb_column][et_pb_column _builder_version=\u00bb4.27.4&#8243; _module_preset=\u00bbdefault\u00bb type=\u00bb1_2&#8243;][et_pb_image src=\u00bbhttps:\/\/interiores.escuelaartegranada.com\/andreareina\/wp-content\/uploads\/sites\/85\/2025\/04\/Captura-de-pantalla-2025-04-29-100040.png\u00bb _builder_version=\u00bb4.27.4&#8243; _module_preset=\u00bbdefault\u00bb title_text=\u00bbCaptura de pantalla 2025-04-29 100040&#8243; border_radii=\u00bbon|15px|15px|15px|15px\u00bb min_height=\u00bb114px\u00bb height=\u00bb271px\u00bb hover_enabled=\u00bb0&#8243; sticky_enabled=\u00bb0&#8243;][\/et_pb_image][\/et_pb_column][\/et_pb_row][et_pb_row _builder_version=\u00bb4.27.4&#8243; _module_preset=\u00bbdefault\u00bb column_structure=\u00bb1_2,1_2&#8243;][et_pb_column _builder_version=\u00bb4.27.4&#8243; _module_preset=\u00bbdefault\u00bb type=\u00bb1_2&#8243;][et_pb_image src=\u00bbhttps:\/\/interiores.escuelaartegranada.com\/andreareina\/wp-content\/uploads\/sites\/85\/2025\/04\/Captura-de-pantalla-2025-04-29-100805.png\u00bb _builder_version=\u00bb4.27.4&#8243; _module_preset=\u00bbdefault\u00bb title_text=\u00bbCaptura de pantalla 2025-04-29 100805&#8243; border_radii=\u00bbon|15px|15px|15px|15px\u00bb min_height=\u00bb256px\u00bb height=\u00bb419px\u00bb hover_enabled=\u00bb0&#8243; sticky_enabled=\u00bb0&#8243;][\/et_pb_image][\/et_pb_column][et_pb_column _builder_version=\u00bb4.27.4&#8243; _module_preset=\u00bbdefault\u00bb type=\u00bb1_2&#8243;][et_pb_image src=\u00bbhttps:\/\/interiores.escuelaartegranada.com\/andreareina\/wp-content\/uploads\/sites\/85\/2025\/04\/Captura-de-pantalla-2025-04-29-100320.png\u00bb _builder_version=\u00bb4.27.4&#8243; _module_preset=\u00bbdefault\u00bb title_text=\u00bbCaptura de pantalla 2025-04-29 100320&#8243; border_radii=\u00bbon|15px|15px|15px|15px\u00bb hover_enabled=\u00bb0&#8243; sticky_enabled=\u00bb0&#8243;][\/et_pb_image][\/et_pb_column][\/et_pb_row][\/et_pb_section]<\/p>\n","protected":false},"excerpt":{"rendered":"<p>Esta vivienda de 45 m2, necesitaba una buena distribuci\u00f3n y sitio de almacenaje, por lo que se propone un cocina-comedor-sal\u00f3n junto a un ba\u00f1o y el la planta superior una habitaci\u00f3n con posiblidad de ocultar la cama y convertirlo en un despacho completamente despejado. &nbsp; Esta vivienda contiene: -COCINA\u00a0 \u00a0 \u00a0-COMEDOR\u00a0 \u00a0 \u00a0-TERRAZA EXTERIOR -SAL\u00d3N\u00a0 [&hellip;]<\/p>\n","protected":false},"author":84,"featured_media":234,"comment_status":"open","ping_status":"closed","template":"","meta":{"_et_pb_use_builder":"on","_et_pb_old_content":"","_et_gb_content_width":"","footnotes":""},"project_category":[6],"project_tag":[10],"class_list":["post-135","project","type-project","status-publish","has-post-thumbnail","hentry","project_category-vivienda-minima","project_tag-reforma"],"yoast_head":"<!-- This site is optimized with the Yoast SEO plugin v24.5 - https:\/\/yoast.com\/wordpress\/plugins\/seo\/ -->\n<title>VIVIENDA MINIMA - Andrea Ben\u00edtez Dise\u00f1o<\/title>\n<meta name=\"description\" content=\"En esta empresa te ayudamos a que puedas visualizar los sue\u00f1os. Nuestra capacidad de plasmar tus ideas y transformarlas en realidad es incre\u00edble. \u00a1Contacta con nosotros!\" \/>\n<meta name=\"robots\" content=\"index, follow, max-snippet:-1, max-image-preview:large, max-video-preview:-1\" \/>\n<link rel=\"canonical\" href=\"https:\/\/interiores.escuelaartegranada.com\/andreareina\/project\/vivienda-minima\/\" \/>\n<meta property=\"og:locale\" content=\"es_ES\" \/>\n<meta property=\"og:type\" content=\"article\" \/>\n<meta property=\"og:title\" content=\"VIVIENDA MINIMA - Andrea Ben\u00edtez Dise\u00f1o\" \/>\n<meta property=\"og:description\" content=\"En esta empresa te ayudamos a que puedas visualizar los sue\u00f1os. Nuestra capacidad de plasmar tus ideas y transformarlas en realidad es incre\u00edble. \u00a1Contacta con nosotros!\" \/>\n<meta property=\"og:url\" content=\"https:\/\/interiores.escuelaartegranada.com\/andreareina\/project\/vivienda-minima\/\" \/>\n<meta property=\"og:site_name\" content=\"Andrea Ben\u00edtez Dise\u00f1o\" \/>\n<meta property=\"article:modified_time\" content=\"2025-05-03T11:25:08+00:00\" \/>\n<meta property=\"og:image\" content=\"https:\/\/interiores.escuelaartegranada.com\/andreareina\/wp-content\/uploads\/sites\/85\/2025\/04\/Captura-de-pantalla-2025-04-29-100428.png\" \/>\n\t<meta property=\"og:image:width\" content=\"1069\" \/>\n\t<meta property=\"og:image:height\" content=\"677\" \/>\n\t<meta property=\"og:image:type\" content=\"image\/png\" \/>\n<meta name=\"twitter:card\" content=\"summary_large_image\" \/>\n<meta name=\"twitter:label1\" content=\"Tiempo de lectura\" \/>\n\t<meta name=\"twitter:data1\" content=\"3 minutos\" \/>\n<script type=\"application\/ld+json\" class=\"yoast-schema-graph\">{\"@context\":\"https:\/\/schema.org\",\"@graph\":[{\"@type\":\"WebPage\",\"@id\":\"https:\/\/interiores.escuelaartegranada.com\/andreareina\/project\/vivienda-minima\/\",\"url\":\"https:\/\/interiores.escuelaartegranada.com\/andreareina\/project\/vivienda-minima\/\",\"name\":\"VIVIENDA MINIMA - Andrea Ben\u00edtez Dise\u00f1o\",\"isPartOf\":{\"@id\":\"https:\/\/interiores.escuelaartegranada.com\/andreareina\/#website\"},\"primaryImageOfPage\":{\"@id\":\"https:\/\/interiores.escuelaartegranada.com\/andreareina\/project\/vivienda-minima\/#primaryimage\"},\"image\":{\"@id\":\"https:\/\/interiores.escuelaartegranada.com\/andreareina\/project\/vivienda-minima\/#primaryimage\"},\"thumbnailUrl\":\"https:\/\/interiores.escuelaartegranada.com\/andreareina\/wp-content\/uploads\/sites\/85\/2025\/04\/Captura-de-pantalla-2025-04-29-100428.png\",\"datePublished\":\"2025-04-08T07:01:50+00:00\",\"dateModified\":\"2025-05-03T11:25:08+00:00\",\"description\":\"En esta empresa te ayudamos a que puedas visualizar los sue\u00f1os. Nuestra capacidad de plasmar tus ideas y transformarlas en realidad es incre\u00edble. \u00a1Contacta con nosotros!\",\"breadcrumb\":{\"@id\":\"https:\/\/interiores.escuelaartegranada.com\/andreareina\/project\/vivienda-minima\/#breadcrumb\"},\"inLanguage\":\"es\",\"potentialAction\":[{\"@type\":\"ReadAction\",\"target\":[\"https:\/\/interiores.escuelaartegranada.com\/andreareina\/project\/vivienda-minima\/\"]}]},{\"@type\":\"ImageObject\",\"inLanguage\":\"es\",\"@id\":\"https:\/\/interiores.escuelaartegranada.com\/andreareina\/project\/vivienda-minima\/#primaryimage\",\"url\":\"https:\/\/interiores.escuelaartegranada.com\/andreareina\/wp-content\/uploads\/sites\/85\/2025\/04\/Captura-de-pantalla-2025-04-29-100428.png\",\"contentUrl\":\"https:\/\/interiores.escuelaartegranada.com\/andreareina\/wp-content\/uploads\/sites\/85\/2025\/04\/Captura-de-pantalla-2025-04-29-100428.png\",\"width\":1069,\"height\":677},{\"@type\":\"BreadcrumbList\",\"@id\":\"https:\/\/interiores.escuelaartegranada.com\/andreareina\/project\/vivienda-minima\/#breadcrumb\",\"itemListElement\":[{\"@type\":\"ListItem\",\"position\":1,\"name\":\"Portada\",\"item\":\"https:\/\/interiores.escuelaartegranada.com\/andreareina\/\"},{\"@type\":\"ListItem\",\"position\":2,\"name\":\"Proyectos\",\"item\":\"https:\/\/interiores.escuelaartegranada.com\/andreareina\/project\/\"},{\"@type\":\"ListItem\",\"position\":3,\"name\":\"VIVIENDA MINIMA\"}]},{\"@type\":\"WebSite\",\"@id\":\"https:\/\/interiores.escuelaartegranada.com\/andreareina\/#website\",\"url\":\"https:\/\/interiores.escuelaartegranada.com\/andreareina\/\",\"name\":\"Andrea Ben\u00edtez Dise\u00f1o\",\"description\":\"\",\"potentialAction\":[{\"@type\":\"SearchAction\",\"target\":{\"@type\":\"EntryPoint\",\"urlTemplate\":\"https:\/\/interiores.escuelaartegranada.com\/andreareina\/?s={search_term_string}\"},\"query-input\":{\"@type\":\"PropertyValueSpecification\",\"valueRequired\":true,\"valueName\":\"search_term_string\"}}],\"inLanguage\":\"es\"}]}<\/script>\n<!-- \/ Yoast SEO plugin. -->","yoast_head_json":{"title":"VIVIENDA MINIMA - Andrea Ben\u00edtez Dise\u00f1o","description":"En esta empresa te ayudamos a que puedas visualizar los sue\u00f1os. Nuestra capacidad de plasmar tus ideas y transformarlas en realidad es incre\u00edble. \u00a1Contacta con nosotros!","robots":{"index":"index","follow":"follow","max-snippet":"max-snippet:-1","max-image-preview":"max-image-preview:large","max-video-preview":"max-video-preview:-1"},"canonical":"https:\/\/interiores.escuelaartegranada.com\/andreareina\/project\/vivienda-minima\/","og_locale":"es_ES","og_type":"article","og_title":"VIVIENDA MINIMA - Andrea Ben\u00edtez Dise\u00f1o","og_description":"En esta empresa te ayudamos a que puedas visualizar los sue\u00f1os. Nuestra capacidad de plasmar tus ideas y transformarlas en realidad es incre\u00edble. \u00a1Contacta con nosotros!","og_url":"https:\/\/interiores.escuelaartegranada.com\/andreareina\/project\/vivienda-minima\/","og_site_name":"Andrea Ben\u00edtez Dise\u00f1o","article_modified_time":"2025-05-03T11:25:08+00:00","og_image":[{"width":1069,"height":677,"url":"https:\/\/interiores.escuelaartegranada.com\/andreareina\/wp-content\/uploads\/sites\/85\/2025\/04\/Captura-de-pantalla-2025-04-29-100428.png","type":"image\/png"}],"twitter_card":"summary_large_image","twitter_misc":{"Tiempo de lectura":"3 minutos"},"schema":{"@context":"https:\/\/schema.org","@graph":[{"@type":"WebPage","@id":"https:\/\/interiores.escuelaartegranada.com\/andreareina\/project\/vivienda-minima\/","url":"https:\/\/interiores.escuelaartegranada.com\/andreareina\/project\/vivienda-minima\/","name":"VIVIENDA MINIMA - Andrea Ben\u00edtez Dise\u00f1o","isPartOf":{"@id":"https:\/\/interiores.escuelaartegranada.com\/andreareina\/#website"},"primaryImageOfPage":{"@id":"https:\/\/interiores.escuelaartegranada.com\/andreareina\/project\/vivienda-minima\/#primaryimage"},"image":{"@id":"https:\/\/interiores.escuelaartegranada.com\/andreareina\/project\/vivienda-minima\/#primaryimage"},"thumbnailUrl":"https:\/\/interiores.escuelaartegranada.com\/andreareina\/wp-content\/uploads\/sites\/85\/2025\/04\/Captura-de-pantalla-2025-04-29-100428.png","datePublished":"2025-04-08T07:01:50+00:00","dateModified":"2025-05-03T11:25:08+00:00","description":"En esta empresa te ayudamos a que puedas visualizar los sue\u00f1os. Nuestra capacidad de plasmar tus ideas y transformarlas en realidad es incre\u00edble. \u00a1Contacta con nosotros!","breadcrumb":{"@id":"https:\/\/interiores.escuelaartegranada.com\/andreareina\/project\/vivienda-minima\/#breadcrumb"},"inLanguage":"es","potentialAction":[{"@type":"ReadAction","target":["https:\/\/interiores.escuelaartegranada.com\/andreareina\/project\/vivienda-minima\/"]}]},{"@type":"ImageObject","inLanguage":"es","@id":"https:\/\/interiores.escuelaartegranada.com\/andreareina\/project\/vivienda-minima\/#primaryimage","url":"https:\/\/interiores.escuelaartegranada.com\/andreareina\/wp-content\/uploads\/sites\/85\/2025\/04\/Captura-de-pantalla-2025-04-29-100428.png","contentUrl":"https:\/\/interiores.escuelaartegranada.com\/andreareina\/wp-content\/uploads\/sites\/85\/2025\/04\/Captura-de-pantalla-2025-04-29-100428.png","width":1069,"height":677},{"@type":"BreadcrumbList","@id":"https:\/\/interiores.escuelaartegranada.com\/andreareina\/project\/vivienda-minima\/#breadcrumb","itemListElement":[{"@type":"ListItem","position":1,"name":"Portada","item":"https:\/\/interiores.escuelaartegranada.com\/andreareina\/"},{"@type":"ListItem","position":2,"name":"Proyectos","item":"https:\/\/interiores.escuelaartegranada.com\/andreareina\/project\/"},{"@type":"ListItem","position":3,"name":"VIVIENDA MINIMA"}]},{"@type":"WebSite","@id":"https:\/\/interiores.escuelaartegranada.com\/andreareina\/#website","url":"https:\/\/interiores.escuelaartegranada.com\/andreareina\/","name":"Andrea Ben\u00edtez Dise\u00f1o","description":"","potentialAction":[{"@type":"SearchAction","target":{"@type":"EntryPoint","urlTemplate":"https:\/\/interiores.escuelaartegranada.com\/andreareina\/?s={search_term_string}"},"query-input":{"@type":"PropertyValueSpecification","valueRequired":true,"valueName":"search_term_string"}}],"inLanguage":"es"}]}},"_links":{"self":[{"href":"https:\/\/interiores.escuelaartegranada.com\/andreareina\/wp-json\/wp\/v2\/project\/135","targetHints":{"allow":["GET"]}}],"collection":[{"href":"https:\/\/interiores.escuelaartegranada.com\/andreareina\/wp-json\/wp\/v2\/project"}],"about":[{"href":"https:\/\/interiores.escuelaartegranada.com\/andreareina\/wp-json\/wp\/v2\/types\/project"}],"author":[{"embeddable":true,"href":"https:\/\/interiores.escuelaartegranada.com\/andreareina\/wp-json\/wp\/v2\/users\/84"}],"replies":[{"embeddable":true,"href":"https:\/\/interiores.escuelaartegranada.com\/andreareina\/wp-json\/wp\/v2\/comments?post=135"}],"version-history":[{"count":36,"href":"https:\/\/interiores.escuelaartegranada.com\/andreareina\/wp-json\/wp\/v2\/project\/135\/revisions"}],"predecessor-version":[{"id":301,"href":"https:\/\/interiores.escuelaartegranada.com\/andreareina\/wp-json\/wp\/v2\/project\/135\/revisions\/301"}],"wp:featuredmedia":[{"embeddable":true,"href":"https:\/\/interiores.escuelaartegranada.com\/andreareina\/wp-json\/wp\/v2\/media\/234"}],"wp:attachment":[{"href":"https:\/\/interiores.escuelaartegranada.com\/andreareina\/wp-json\/wp\/v2\/media?parent=135"}],"wp:term":[{"taxonomy":"project_category","embeddable":true,"href":"https:\/\/interiores.escuelaartegranada.com\/andreareina\/wp-json\/wp\/v2\/project_category?post=135"},{"taxonomy":"project_tag","embeddable":true,"href":"https:\/\/interiores.escuelaartegranada.com\/andreareina\/wp-json\/wp\/v2\/project_tag?post=135"}],"curies":[{"name":"wp","href":"https:\/\/api.w.org\/{rel}","templated":true}]}}