{"id":223,"date":"2025-04-23T11:40:01","date_gmt":"2025-04-23T09:40:01","guid":{"rendered":"https:\/\/interiores.escuelaartegranada.com\/andreareina\/?post_type=project&#038;p=223"},"modified":"2025-05-03T13:26:16","modified_gmt":"2025-05-03T11:26:16","slug":"cocina-reforma","status":"publish","type":"project","link":"https:\/\/interiores.escuelaartegranada.com\/andreareina\/project\/cocina-reforma\/","title":{"rendered":"COCINA REFORMA"},"content":{"rendered":"<p>[et_pb_section fb_built=\u00bb1&#8243; _builder_version=\u00bb4.27.4&#8243; _module_preset=\u00bbdefault\u00bb background_image=\u00bbhttps:\/\/interiores.escuelaartegranada.com\/andreareina\/wp-content\/uploads\/sites\/85\/2025\/04\/Diseno-sin-titulo.png\u00bb global_colors_info=\u00bb{}\u00bb][\/et_pb_section][et_pb_section fb_built=\u00bb1&#8243; _builder_version=\u00bb4.27.4&#8243; _module_preset=\u00bbdefault\u00bb background_color=\u00bb#FFD1D1&#8243; global_colors_info=\u00bb{}\u00bb][et_pb_row column_structure=\u00bb1_2,1_2&#8243; _builder_version=\u00bb4.27.4&#8243; _module_preset=\u00bbdefault\u00bb global_colors_info=\u00bb{}\u00bb][et_pb_column type=\u00bb1_2&#8243; _builder_version=\u00bb4.27.4&#8243; _module_preset=\u00bbdefault\u00bb global_colors_info=\u00bb{}\u00bb][et_pb_image src=\u00bbhttps:\/\/interiores.escuelaartegranada.com\/andreareina\/wp-content\/uploads\/sites\/85\/2025\/04\/Captura-de-pantalla-2025-04-29-102416.png\u00bb title_text=\u00bbCaptura de pantalla 2025-04-29 102416&#8243; _builder_version=\u00bb4.27.4&#8243; _module_preset=\u00bbdefault\u00bb hover_enabled=\u00bb0&#8243; global_colors_info=\u00bb{}\u00bb border_radii=\u00bbon|15px|15px|15px|15px\u00bb sticky_enabled=\u00bb0&#8243;][\/et_pb_image][\/et_pb_column][et_pb_column type=\u00bb1_2&#8243; _builder_version=\u00bb4.27.4&#8243; _module_preset=\u00bbdefault\u00bb global_colors_info=\u00bb{}\u00bb][et_pb_text _builder_version=\u00bb4.27.4&#8243; _module_preset=\u00bbdefault\u00bb width=\u00bb85%\u00bb global_colors_info=\u00bb{}\u00bb]<\/p>\n<p>Se propone la reforma de una cocina antigua, con poca iluminaci\u00f3n, y se propone darle un cambio total, cambio el material y la distribuci\u00f3n de la zona de la isla\/comedor.<\/p>\n<p>&nbsp;<\/p>\n<p>Encontramos:<\/p>\n<p>-GRAN EXTENSI\u00d3N DE ENCIMERA\u00a0 \u00a0 \u00a0 \u00a0 \u00a0-FRIGORIFICO DOBLE<\/p>\n<p>-ISLA GRANDE Y EXTENSA\u00a0 \u00a0 \u00a0 \u00a0 \u00a0 \u00a0 \u00a0 \u00a0 \u00a0 \u00a0 \u00a0 \u00a0-COMEDOR PARA 6<\/p>\n<p>[\/et_pb_text][\/et_pb_column][\/et_pb_row][\/et_pb_section][et_pb_section fb_built=\u00bb1&#8243; _builder_version=\u00bb4.27.4&#8243; _module_preset=\u00bbdefault\u00bb background_color=\u00bb#FFD1D1&#8243; global_colors_info=\u00bb{}\u00bb][et_pb_row column_structure=\u00bb1_4,1_4,1_4,1_4&#8243; _builder_version=\u00bb4.27.4&#8243; _module_preset=\u00bbdefault\u00bb global_colors_info=\u00bb{}\u00bb][et_pb_column type=\u00bb1_4&#8243; _builder_version=\u00bb4.27.4&#8243; _module_preset=\u00bbdefault\u00bb global_colors_info=\u00bb{}\u00bb][et_pb_image src=\u00bbhttps:\/\/interiores.escuelaartegranada.com\/andreareina\/wp-content\/uploads\/sites\/85\/2025\/04\/Captura-de-pantalla-2025-04-29-103611.png\u00bb title_text=\u00bbCaptura de pantalla 2025-04-29 103611&#8243; _builder_version=\u00bb4.27.4&#8243; _module_preset=\u00bbdefault\u00bb global_colors_info=\u00bb{}\u00bb][\/et_pb_image][\/et_pb_column][et_pb_column type=\u00bb1_4&#8243; _builder_version=\u00bb4.27.4&#8243; _module_preset=\u00bbdefault\u00bb global_colors_info=\u00bb{}\u00bb][et_pb_image src=\u00bbhttps:\/\/interiores.escuelaartegranada.com\/andreareina\/wp-content\/uploads\/sites\/85\/2025\/04\/Captura-de-pantalla-2025-04-29-103629.png\u00bb title_text=\u00bbCaptura de pantalla 2025-04-29 103629&#8243; _builder_version=\u00bb4.27.4&#8243; _module_preset=\u00bbdefault\u00bb height=\u00bb258px\u00bb global_colors_info=\u00bb{}\u00bb][\/et_pb_image][\/et_pb_column][et_pb_column type=\u00bb1_4&#8243; _builder_version=\u00bb4.27.4&#8243; _module_preset=\u00bbdefault\u00bb global_colors_info=\u00bb{}\u00bb][et_pb_image src=\u00bbhttps:\/\/interiores.escuelaartegranada.com\/andreareina\/wp-content\/uploads\/sites\/85\/2025\/04\/Captura-de-pantalla-2025-04-29-103649.png\u00bb title_text=\u00bbCaptura de pantalla 2025-04-29 103649&#8243; _builder_version=\u00bb4.27.4&#8243; _module_preset=\u00bbdefault\u00bb height=\u00bb257px\u00bb global_colors_info=\u00bb{}\u00bb][\/et_pb_image][\/et_pb_column][et_pb_column type=\u00bb1_4&#8243; _builder_version=\u00bb4.27.4&#8243; _module_preset=\u00bbdefault\u00bb global_colors_info=\u00bb{}\u00bb][et_pb_image src=\u00bbhttps:\/\/interiores.escuelaartegranada.com\/andreareina\/wp-content\/uploads\/sites\/85\/2025\/04\/Captura-de-pantalla-2025-04-29-103707.png\u00bb title_text=\u00bbCaptura de pantalla 2025-04-29 103707&#8243; _builder_version=\u00bb4.27.4&#8243; _module_preset=\u00bbdefault\u00bb height=\u00bb257px\u00bb global_colors_info=\u00bb{}\u00bb][\/et_pb_image][\/et_pb_column][\/et_pb_row][\/et_pb_section][et_pb_section fb_built=\u00bb1&#8243; _builder_version=\u00bb4.27.4&#8243; _module_preset=\u00bbdefault\u00bb background_color=\u00bb#FFD1D1&#8243; global_colors_info=\u00bb{}\u00bb][et_pb_row column_structure=\u00bb1_3,1_3,1_3&#8243; _builder_version=\u00bb4.27.4&#8243; _module_preset=\u00bbdefault\u00bb global_colors_info=\u00bb{}\u00bb][et_pb_column type=\u00bb1_3&#8243; _builder_version=\u00bb4.27.4&#8243; _module_preset=\u00bbdefault\u00bb global_colors_info=\u00bb{}\u00bb][et_pb_image src=\u00bbhttps:\/\/interiores.escuelaartegranada.com\/andreareina\/wp-content\/uploads\/sites\/85\/2025\/04\/Captura-de-pantalla-2025-04-29-102416.png\u00bb title_text=\u00bbCaptura de pantalla 2025-04-29 102416&#8243; _builder_version=\u00bb4.27.4&#8243; _module_preset=\u00bbdefault\u00bb height=\u00bb220px\u00bb hover_enabled=\u00bb0&#8243; global_colors_info=\u00bb{}\u00bb border_radii=\u00bbon|15px|15px|15px|15px\u00bb sticky_enabled=\u00bb0&#8243;][\/et_pb_image][\/et_pb_column][et_pb_column type=\u00bb1_3&#8243; _builder_version=\u00bb4.27.4&#8243; _module_preset=\u00bbdefault\u00bb global_colors_info=\u00bb{}\u00bb][et_pb_image src=\u00bbhttps:\/\/interiores.escuelaartegranada.com\/andreareina\/wp-content\/uploads\/sites\/85\/2025\/04\/Captura-de-pantalla-2025-04-29-102505.png\u00bb title_text=\u00bbCaptura de pantalla 2025-04-29 102505&#8243; _builder_version=\u00bb4.27.4&#8243; _module_preset=\u00bbdefault\u00bb height=\u00bb220px\u00bb hover_enabled=\u00bb0&#8243; global_colors_info=\u00bb{}\u00bb border_radii=\u00bbon|15px|15px|15px|15px\u00bb sticky_enabled=\u00bb0&#8243;][\/et_pb_image][\/et_pb_column][et_pb_column type=\u00bb1_3&#8243; _builder_version=\u00bb4.27.4&#8243; _module_preset=\u00bbdefault\u00bb global_colors_info=\u00bb{}\u00bb][et_pb_image src=\u00bbhttps:\/\/interiores.escuelaartegranada.com\/andreareina\/wp-content\/uploads\/sites\/85\/2025\/04\/Captura-de-pantalla-2025-04-29-102454.png\u00bb title_text=\u00bbCaptura de pantalla 2025-04-29 102454&#8243; _builder_version=\u00bb4.27.4&#8243; _module_preset=\u00bbdefault\u00bb height=\u00bb220px\u00bb hover_enabled=\u00bb0&#8243; global_colors_info=\u00bb{}\u00bb border_radii=\u00bbon|15px|15px|15px|15px\u00bb sticky_enabled=\u00bb0&#8243;][\/et_pb_image][\/et_pb_column][\/et_pb_row][\/et_pb_section]<\/p>\n","protected":false},"excerpt":{"rendered":"<p>Se propone la reforma de una cocina antigua, con poca iluminaci\u00f3n, y se propone darle un cambio total, cambio el material y la distribuci\u00f3n de la zona de la isla\/comedor. &nbsp; Encontramos: -GRAN EXTENSI\u00d3N DE ENCIMERA\u00a0 \u00a0 \u00a0 \u00a0 \u00a0-FRIGORIFICO DOBLE -ISLA GRANDE Y EXTENSA\u00a0 \u00a0 \u00a0 \u00a0 \u00a0 \u00a0 \u00a0 \u00a0 \u00a0 \u00a0 \u00a0 [&hellip;]<\/p>\n","protected":false},"author":84,"featured_media":246,"comment_status":"open","ping_status":"closed","template":"","meta":{"_et_pb_use_builder":"on","_et_pb_old_content":"","_et_gb_content_width":"","footnotes":""},"project_category":[8],"project_tag":[],"class_list":["post-223","project","type-project","status-publish","has-post-thumbnail","hentry","project_category-reforma-cocina"],"yoast_head":"<!-- This site is optimized with the Yoast SEO plugin v24.5 - https:\/\/yoast.com\/wordpress\/plugins\/seo\/ -->\n<title>COCINA REFORMA - Andrea Ben\u00edtez Dise\u00f1o<\/title>\n<meta name=\"robots\" content=\"index, follow, max-snippet:-1, max-image-preview:large, max-video-preview:-1\" \/>\n<link rel=\"canonical\" href=\"https:\/\/interiores.escuelaartegranada.com\/andreareina\/project\/cocina-reforma\/\" \/>\n<meta property=\"og:locale\" content=\"es_ES\" \/>\n<meta property=\"og:type\" content=\"article\" \/>\n<meta property=\"og:title\" content=\"COCINA REFORMA - Andrea Ben\u00edtez Dise\u00f1o\" \/>\n<meta property=\"og:description\" content=\"Se propone la reforma de una cocina antigua, con poca iluminaci\u00f3n, y se propone darle un cambio total, cambio el material y la distribuci\u00f3n de la zona de la isla\/comedor. &nbsp; Encontramos: -GRAN EXTENSI\u00d3N DE ENCIMERA\u00a0 \u00a0 \u00a0 \u00a0 \u00a0-FRIGORIFICO DOBLE -ISLA GRANDE Y EXTENSA\u00a0 \u00a0 \u00a0 \u00a0 \u00a0 \u00a0 \u00a0 \u00a0 \u00a0 \u00a0 \u00a0 [&hellip;]\" \/>\n<meta property=\"og:url\" content=\"https:\/\/interiores.escuelaartegranada.com\/andreareina\/project\/cocina-reforma\/\" \/>\n<meta property=\"og:site_name\" content=\"Andrea Ben\u00edtez Dise\u00f1o\" \/>\n<meta property=\"article:modified_time\" content=\"2025-05-03T11:26:16+00:00\" \/>\n<meta property=\"og:image\" content=\"https:\/\/interiores.escuelaartegranada.com\/andreareina\/wp-content\/uploads\/sites\/85\/2025\/04\/Captura-de-pantalla-2025-04-29-102416.png\" \/>\n\t<meta property=\"og:image:width\" content=\"1522\" \/>\n\t<meta property=\"og:image:height\" content=\"839\" \/>\n\t<meta property=\"og:image:type\" content=\"image\/png\" \/>\n<meta name=\"twitter:card\" content=\"summary_large_image\" \/>\n<meta name=\"twitter:label1\" content=\"Tiempo de lectura\" \/>\n\t<meta name=\"twitter:data1\" content=\"3 minutos\" \/>\n<script type=\"application\/ld+json\" class=\"yoast-schema-graph\">{\"@context\":\"https:\/\/schema.org\",\"@graph\":[{\"@type\":\"WebPage\",\"@id\":\"https:\/\/interiores.escuelaartegranada.com\/andreareina\/project\/cocina-reforma\/\",\"url\":\"https:\/\/interiores.escuelaartegranada.com\/andreareina\/project\/cocina-reforma\/\",\"name\":\"COCINA REFORMA - Andrea Ben\u00edtez Dise\u00f1o\",\"isPartOf\":{\"@id\":\"https:\/\/interiores.escuelaartegranada.com\/andreareina\/#website\"},\"primaryImageOfPage\":{\"@id\":\"https:\/\/interiores.escuelaartegranada.com\/andreareina\/project\/cocina-reforma\/#primaryimage\"},\"image\":{\"@id\":\"https:\/\/interiores.escuelaartegranada.com\/andreareina\/project\/cocina-reforma\/#primaryimage\"},\"thumbnailUrl\":\"https:\/\/interiores.escuelaartegranada.com\/andreareina\/wp-content\/uploads\/sites\/85\/2025\/04\/Captura-de-pantalla-2025-04-29-102416.png\",\"datePublished\":\"2025-04-23T09:40:01+00:00\",\"dateModified\":\"2025-05-03T11:26:16+00:00\",\"breadcrumb\":{\"@id\":\"https:\/\/interiores.escuelaartegranada.com\/andreareina\/project\/cocina-reforma\/#breadcrumb\"},\"inLanguage\":\"es\",\"potentialAction\":[{\"@type\":\"ReadAction\",\"target\":[\"https:\/\/interiores.escuelaartegranada.com\/andreareina\/project\/cocina-reforma\/\"]}]},{\"@type\":\"ImageObject\",\"inLanguage\":\"es\",\"@id\":\"https:\/\/interiores.escuelaartegranada.com\/andreareina\/project\/cocina-reforma\/#primaryimage\",\"url\":\"https:\/\/interiores.escuelaartegranada.com\/andreareina\/wp-content\/uploads\/sites\/85\/2025\/04\/Captura-de-pantalla-2025-04-29-102416.png\",\"contentUrl\":\"https:\/\/interiores.escuelaartegranada.com\/andreareina\/wp-content\/uploads\/sites\/85\/2025\/04\/Captura-de-pantalla-2025-04-29-102416.png\",\"width\":1522,\"height\":839},{\"@type\":\"BreadcrumbList\",\"@id\":\"https:\/\/interiores.escuelaartegranada.com\/andreareina\/project\/cocina-reforma\/#breadcrumb\",\"itemListElement\":[{\"@type\":\"ListItem\",\"position\":1,\"name\":\"Portada\",\"item\":\"https:\/\/interiores.escuelaartegranada.com\/andreareina\/\"},{\"@type\":\"ListItem\",\"position\":2,\"name\":\"Proyectos\",\"item\":\"https:\/\/interiores.escuelaartegranada.com\/andreareina\/project\/\"},{\"@type\":\"ListItem\",\"position\":3,\"name\":\"COCINA REFORMA\"}]},{\"@type\":\"WebSite\",\"@id\":\"https:\/\/interiores.escuelaartegranada.com\/andreareina\/#website\",\"url\":\"https:\/\/interiores.escuelaartegranada.com\/andreareina\/\",\"name\":\"Andrea Ben\u00edtez Dise\u00f1o\",\"description\":\"\",\"potentialAction\":[{\"@type\":\"SearchAction\",\"target\":{\"@type\":\"EntryPoint\",\"urlTemplate\":\"https:\/\/interiores.escuelaartegranada.com\/andreareina\/?s={search_term_string}\"},\"query-input\":{\"@type\":\"PropertyValueSpecification\",\"valueRequired\":true,\"valueName\":\"search_term_string\"}}],\"inLanguage\":\"es\"}]}<\/script>\n<!-- \/ Yoast SEO plugin. -->","yoast_head_json":{"title":"COCINA REFORMA - Andrea Ben\u00edtez Dise\u00f1o","robots":{"index":"index","follow":"follow","max-snippet":"max-snippet:-1","max-image-preview":"max-image-preview:large","max-video-preview":"max-video-preview:-1"},"canonical":"https:\/\/interiores.escuelaartegranada.com\/andreareina\/project\/cocina-reforma\/","og_locale":"es_ES","og_type":"article","og_title":"COCINA REFORMA - Andrea Ben\u00edtez Dise\u00f1o","og_description":"Se propone la reforma de una cocina antigua, con poca iluminaci\u00f3n, y se propone darle un cambio total, cambio el material y la distribuci\u00f3n de la zona de la isla\/comedor. &nbsp; Encontramos: -GRAN EXTENSI\u00d3N DE ENCIMERA\u00a0 \u00a0 \u00a0 \u00a0 \u00a0-FRIGORIFICO DOBLE -ISLA GRANDE Y EXTENSA\u00a0 \u00a0 \u00a0 \u00a0 \u00a0 \u00a0 \u00a0 \u00a0 \u00a0 \u00a0 \u00a0 [&hellip;]","og_url":"https:\/\/interiores.escuelaartegranada.com\/andreareina\/project\/cocina-reforma\/","og_site_name":"Andrea Ben\u00edtez Dise\u00f1o","article_modified_time":"2025-05-03T11:26:16+00:00","og_image":[{"width":1522,"height":839,"url":"https:\/\/interiores.escuelaartegranada.com\/andreareina\/wp-content\/uploads\/sites\/85\/2025\/04\/Captura-de-pantalla-2025-04-29-102416.png","type":"image\/png"}],"twitter_card":"summary_large_image","twitter_misc":{"Tiempo de lectura":"3 minutos"},"schema":{"@context":"https:\/\/schema.org","@graph":[{"@type":"WebPage","@id":"https:\/\/interiores.escuelaartegranada.com\/andreareina\/project\/cocina-reforma\/","url":"https:\/\/interiores.escuelaartegranada.com\/andreareina\/project\/cocina-reforma\/","name":"COCINA REFORMA - Andrea Ben\u00edtez Dise\u00f1o","isPartOf":{"@id":"https:\/\/interiores.escuelaartegranada.com\/andreareina\/#website"},"primaryImageOfPage":{"@id":"https:\/\/interiores.escuelaartegranada.com\/andreareina\/project\/cocina-reforma\/#primaryimage"},"image":{"@id":"https:\/\/interiores.escuelaartegranada.com\/andreareina\/project\/cocina-reforma\/#primaryimage"},"thumbnailUrl":"https:\/\/interiores.escuelaartegranada.com\/andreareina\/wp-content\/uploads\/sites\/85\/2025\/04\/Captura-de-pantalla-2025-04-29-102416.png","datePublished":"2025-04-23T09:40:01+00:00","dateModified":"2025-05-03T11:26:16+00:00","breadcrumb":{"@id":"https:\/\/interiores.escuelaartegranada.com\/andreareina\/project\/cocina-reforma\/#breadcrumb"},"inLanguage":"es","potentialAction":[{"@type":"ReadAction","target":["https:\/\/interiores.escuelaartegranada.com\/andreareina\/project\/cocina-reforma\/"]}]},{"@type":"ImageObject","inLanguage":"es","@id":"https:\/\/interiores.escuelaartegranada.com\/andreareina\/project\/cocina-reforma\/#primaryimage","url":"https:\/\/interiores.escuelaartegranada.com\/andreareina\/wp-content\/uploads\/sites\/85\/2025\/04\/Captura-de-pantalla-2025-04-29-102416.png","contentUrl":"https:\/\/interiores.escuelaartegranada.com\/andreareina\/wp-content\/uploads\/sites\/85\/2025\/04\/Captura-de-pantalla-2025-04-29-102416.png","width":1522,"height":839},{"@type":"BreadcrumbList","@id":"https:\/\/interiores.escuelaartegranada.com\/andreareina\/project\/cocina-reforma\/#breadcrumb","itemListElement":[{"@type":"ListItem","position":1,"name":"Portada","item":"https:\/\/interiores.escuelaartegranada.com\/andreareina\/"},{"@type":"ListItem","position":2,"name":"Proyectos","item":"https:\/\/interiores.escuelaartegranada.com\/andreareina\/project\/"},{"@type":"ListItem","position":3,"name":"COCINA REFORMA"}]},{"@type":"WebSite","@id":"https:\/\/interiores.escuelaartegranada.com\/andreareina\/#website","url":"https:\/\/interiores.escuelaartegranada.com\/andreareina\/","name":"Andrea Ben\u00edtez Dise\u00f1o","description":"","potentialAction":[{"@type":"SearchAction","target":{"@type":"EntryPoint","urlTemplate":"https:\/\/interiores.escuelaartegranada.com\/andreareina\/?s={search_term_string}"},"query-input":{"@type":"PropertyValueSpecification","valueRequired":true,"valueName":"search_term_string"}}],"inLanguage":"es"}]}},"_links":{"self":[{"href":"https:\/\/interiores.escuelaartegranada.com\/andreareina\/wp-json\/wp\/v2\/project\/223","targetHints":{"allow":["GET"]}}],"collection":[{"href":"https:\/\/interiores.escuelaartegranada.com\/andreareina\/wp-json\/wp\/v2\/project"}],"about":[{"href":"https:\/\/interiores.escuelaartegranada.com\/andreareina\/wp-json\/wp\/v2\/types\/project"}],"author":[{"embeddable":true,"href":"https:\/\/interiores.escuelaartegranada.com\/andreareina\/wp-json\/wp\/v2\/users\/84"}],"replies":[{"embeddable":true,"href":"https:\/\/interiores.escuelaartegranada.com\/andreareina\/wp-json\/wp\/v2\/comments?post=223"}],"version-history":[{"count":7,"href":"https:\/\/interiores.escuelaartegranada.com\/andreareina\/wp-json\/wp\/v2\/project\/223\/revisions"}],"predecessor-version":[{"id":303,"href":"https:\/\/interiores.escuelaartegranada.com\/andreareina\/wp-json\/wp\/v2\/project\/223\/revisions\/303"}],"wp:featuredmedia":[{"embeddable":true,"href":"https:\/\/interiores.escuelaartegranada.com\/andreareina\/wp-json\/wp\/v2\/media\/246"}],"wp:attachment":[{"href":"https:\/\/interiores.escuelaartegranada.com\/andreareina\/wp-json\/wp\/v2\/media?parent=223"}],"wp:term":[{"taxonomy":"project_category","embeddable":true,"href":"https:\/\/interiores.escuelaartegranada.com\/andreareina\/wp-json\/wp\/v2\/project_category?post=223"},{"taxonomy":"project_tag","embeddable":true,"href":"https:\/\/interiores.escuelaartegranada.com\/andreareina\/wp-json\/wp\/v2\/project_tag?post=223"}],"curies":[{"name":"wp","href":"https:\/\/api.w.org\/{rel}","templated":true}]}}