{"id":225,"date":"2025-04-23T11:40:45","date_gmt":"2025-04-23T09:40:45","guid":{"rendered":"https:\/\/interiores.escuelaartegranada.com\/andreareina\/?post_type=project&#038;p=225"},"modified":"2025-05-03T13:27:09","modified_gmt":"2025-05-03T11:27:09","slug":"renders-y-distribucion-restaurante","status":"publish","type":"project","link":"https:\/\/interiores.escuelaartegranada.com\/andreareina\/project\/renders-y-distribucion-restaurante\/","title":{"rendered":"RENDERS Y DISTRIBUCI\u00d3N RESTAURANTE"},"content":{"rendered":"<p>[et_pb_section fb_built=\u00bb1&#8243; _builder_version=\u00bb4.27.4&#8243; _module_preset=\u00bbdefault\u00bb background_image=\u00bbhttps:\/\/interiores.escuelaartegranada.com\/andreareina\/wp-content\/uploads\/sites\/85\/2025\/04\/Diseno-sin-titulo.png\u00bb global_colors_info=\u00bb{}\u00bb][\/et_pb_section][et_pb_section fb_built=\u00bb1&#8243; _builder_version=\u00bb4.27.4&#8243; _module_preset=\u00bbdefault\u00bb background_color=\u00bb#FFD1D1&#8243; global_colors_info=\u00bb{}\u00bb][et_pb_row column_structure=\u00bb1_2,1_2&#8243; _builder_version=\u00bb4.27.4&#8243; _module_preset=\u00bbdefault\u00bb global_colors_info=\u00bb{}\u00bb][et_pb_column type=\u00bb1_2&#8243; _builder_version=\u00bb4.27.4&#8243; _module_preset=\u00bbdefault\u00bb global_colors_info=\u00bb{}\u00bb][et_pb_image src=\u00bbhttps:\/\/interiores.escuelaartegranada.com\/andreareina\/wp-content\/uploads\/sites\/85\/2025\/04\/Captura-de-pantalla-2025-04-29-104516.png\u00bb title_text=\u00bbCaptura de pantalla 2025-04-29 104516&#8243; _builder_version=\u00bb4.27.4&#8243; _module_preset=\u00bbdefault\u00bb hover_enabled=\u00bb0&#8243; global_colors_info=\u00bb{}\u00bb border_radii=\u00bbon|15px|15px|15px|15px\u00bb sticky_enabled=\u00bb0&#8243;][\/et_pb_image][\/et_pb_column][et_pb_column type=\u00bb1_2&#8243; _builder_version=\u00bb4.27.4&#8243; _module_preset=\u00bbdefault\u00bb global_colors_info=\u00bb{}\u00bb][et_pb_text _builder_version=\u00bb4.27.4&#8243; _module_preset=\u00bbdefault\u00bb global_colors_info=\u00bb{}\u00bb]<\/p>\n<p>Este restaurante estaba completamente vacio, y buscaba decorarlo y distribuirlo de manera elegante pero relajado, sabiendo esto los materiales escogidos son mas elegantes combinador con el marmol de las mesas, el ambiente relajado se consigue en los sofas y sillones alrededor de todo el restaurante.<\/p>\n<p>&nbsp;<\/p>\n<p>Encontramos:<\/p>\n<p>-BARRA\u00a0 \u00a0 \u00a0 \u00a0 \u00a0<\/p>\n<p>-ZONAS DE SILLAS PARA VARIAS PERSONAS<\/p>\n<p>-ZONA CHILL OUT<\/p>\n<p>&nbsp;<\/p>\n<p>[\/et_pb_text][\/et_pb_column][\/et_pb_row][\/et_pb_section][et_pb_section fb_built=\u00bb1&#8243; _builder_version=\u00bb4.27.4&#8243; _module_preset=\u00bbdefault\u00bb background_color=\u00bb#FFD1D1&#8243; global_colors_info=\u00bb{}\u00bb][et_pb_row column_structure=\u00bb1_3,1_3,1_3&#8243; _builder_version=\u00bb4.27.4&#8243; _module_preset=\u00bbdefault\u00bb global_colors_info=\u00bb{}\u00bb][et_pb_column type=\u00bb1_3&#8243; _builder_version=\u00bb4.27.4&#8243; _module_preset=\u00bbdefault\u00bb global_colors_info=\u00bb{}\u00bb][et_pb_image src=\u00bbhttps:\/\/interiores.escuelaartegranada.com\/andreareina\/wp-content\/uploads\/sites\/85\/2025\/04\/Captura-de-pantalla-2025-04-29-104308.png\u00bb title_text=\u00bbCaptura de pantalla 2025-04-29 104308&#8243; _builder_version=\u00bb4.27.4&#8243; _module_preset=\u00bbdefault\u00bb min_height=\u00bb220px\u00bb hover_enabled=\u00bb0&#8243; global_colors_info=\u00bb{}\u00bb border_radii=\u00bbon|15px|15px|15px|15px\u00bb sticky_enabled=\u00bb0&#8243;][\/et_pb_image][\/et_pb_column][et_pb_column type=\u00bb1_3&#8243; _builder_version=\u00bb4.27.4&#8243; _module_preset=\u00bbdefault\u00bb global_colors_info=\u00bb{}\u00bb][et_pb_image src=\u00bbhttps:\/\/interiores.escuelaartegranada.com\/andreareina\/wp-content\/uploads\/sites\/85\/2025\/04\/Captura-de-pantalla-2025-04-29-104516.png\u00bb title_text=\u00bbCaptura de pantalla 2025-04-29 104516&#8243; _builder_version=\u00bb4.27.4&#8243; _module_preset=\u00bbdefault\u00bb height=\u00bb220px\u00bb hover_enabled=\u00bb0&#8243; global_colors_info=\u00bb{}\u00bb border_radii=\u00bbon|15px|15px|15px|15px\u00bb sticky_enabled=\u00bb0&#8243;][\/et_pb_image][\/et_pb_column][et_pb_column type=\u00bb1_3&#8243; _builder_version=\u00bb4.27.4&#8243; _module_preset=\u00bbdefault\u00bb global_colors_info=\u00bb{}\u00bb][et_pb_image src=\u00bbhttps:\/\/interiores.escuelaartegranada.com\/andreareina\/wp-content\/uploads\/sites\/85\/2025\/04\/Captura-de-pantalla-2025-04-29-104319.png\u00bb title_text=\u00bbCaptura de pantalla 2025-04-29 104319&#8243; _builder_version=\u00bb4.27.4&#8243; _module_preset=\u00bbdefault\u00bb height=\u00bb220px\u00bb hover_enabled=\u00bb0&#8243; global_colors_info=\u00bb{}\u00bb border_radii=\u00bbon|15px|15px|15px|15px\u00bb sticky_enabled=\u00bb0&#8243;][\/et_pb_image][\/et_pb_column][\/et_pb_row][\/et_pb_section]<\/p>\n","protected":false},"excerpt":{"rendered":"<p>Este restaurante estaba completamente vacio, y buscaba decorarlo y distribuirlo de manera elegante pero relajado, sabiendo esto los materiales escogidos son mas elegantes combinador con el marmol de las mesas, el ambiente relajado se consigue en los sofas y sillones alrededor de todo el restaurante. &nbsp; Encontramos: -BARRA\u00a0 \u00a0 \u00a0 \u00a0 \u00a0 -ZONAS DE SILLAS [&hellip;]<\/p>\n","protected":false},"author":84,"featured_media":261,"comment_status":"open","ping_status":"closed","template":"","meta":{"_et_pb_use_builder":"on","_et_pb_old_content":"","_et_gb_content_width":"","footnotes":""},"project_category":[9],"project_tag":[],"class_list":["post-225","project","type-project","status-publish","has-post-thumbnail","hentry","project_category-renders-restaurante"],"yoast_head":"<!-- This site is optimized with the Yoast SEO plugin v24.5 - https:\/\/yoast.com\/wordpress\/plugins\/seo\/ -->\n<title>RENDERS Y DISTRIBUCI\u00d3N RESTAURANTE - Andrea Ben\u00edtez Dise\u00f1o<\/title>\n<meta name=\"robots\" content=\"index, follow, max-snippet:-1, max-image-preview:large, max-video-preview:-1\" \/>\n<link rel=\"canonical\" href=\"https:\/\/interiores.escuelaartegranada.com\/andreareina\/project\/renders-y-distribucion-restaurante\/\" \/>\n<meta property=\"og:locale\" content=\"es_ES\" \/>\n<meta property=\"og:type\" content=\"article\" \/>\n<meta property=\"og:title\" content=\"RENDERS Y DISTRIBUCI\u00d3N RESTAURANTE - Andrea Ben\u00edtez Dise\u00f1o\" \/>\n<meta property=\"og:description\" content=\"Este restaurante estaba completamente vacio, y buscaba decorarlo y distribuirlo de manera elegante pero relajado, sabiendo esto los materiales escogidos son mas elegantes combinador con el marmol de las mesas, el ambiente relajado se consigue en los sofas y sillones alrededor de todo el restaurante. &nbsp; Encontramos: -BARRA\u00a0 \u00a0 \u00a0 \u00a0 \u00a0 -ZONAS DE SILLAS [&hellip;]\" \/>\n<meta property=\"og:url\" content=\"https:\/\/interiores.escuelaartegranada.com\/andreareina\/project\/renders-y-distribucion-restaurante\/\" \/>\n<meta property=\"og:site_name\" content=\"Andrea Ben\u00edtez Dise\u00f1o\" \/>\n<meta property=\"article:modified_time\" content=\"2025-05-03T11:27:09+00:00\" \/>\n<meta property=\"og:image\" content=\"https:\/\/interiores.escuelaartegranada.com\/andreareina\/wp-content\/uploads\/sites\/85\/2025\/04\/Captura-de-pantalla-2025-04-29-104516.png\" \/>\n\t<meta property=\"og:image:width\" content=\"899\" \/>\n\t<meta property=\"og:image:height\" content=\"593\" \/>\n\t<meta property=\"og:image:type\" content=\"image\/png\" \/>\n<meta name=\"twitter:card\" content=\"summary_large_image\" \/>\n<meta name=\"twitter:label1\" content=\"Tiempo de lectura\" \/>\n\t<meta name=\"twitter:data1\" content=\"2 minutos\" \/>\n<script type=\"application\/ld+json\" class=\"yoast-schema-graph\">{\"@context\":\"https:\/\/schema.org\",\"@graph\":[{\"@type\":\"WebPage\",\"@id\":\"https:\/\/interiores.escuelaartegranada.com\/andreareina\/project\/renders-y-distribucion-restaurante\/\",\"url\":\"https:\/\/interiores.escuelaartegranada.com\/andreareina\/project\/renders-y-distribucion-restaurante\/\",\"name\":\"RENDERS Y DISTRIBUCI\u00d3N RESTAURANTE - Andrea Ben\u00edtez Dise\u00f1o\",\"isPartOf\":{\"@id\":\"https:\/\/interiores.escuelaartegranada.com\/andreareina\/#website\"},\"primaryImageOfPage\":{\"@id\":\"https:\/\/interiores.escuelaartegranada.com\/andreareina\/project\/renders-y-distribucion-restaurante\/#primaryimage\"},\"image\":{\"@id\":\"https:\/\/interiores.escuelaartegranada.com\/andreareina\/project\/renders-y-distribucion-restaurante\/#primaryimage\"},\"thumbnailUrl\":\"https:\/\/interiores.escuelaartegranada.com\/andreareina\/wp-content\/uploads\/sites\/85\/2025\/04\/Captura-de-pantalla-2025-04-29-104516.png\",\"datePublished\":\"2025-04-23T09:40:45+00:00\",\"dateModified\":\"2025-05-03T11:27:09+00:00\",\"breadcrumb\":{\"@id\":\"https:\/\/interiores.escuelaartegranada.com\/andreareina\/project\/renders-y-distribucion-restaurante\/#breadcrumb\"},\"inLanguage\":\"es\",\"potentialAction\":[{\"@type\":\"ReadAction\",\"target\":[\"https:\/\/interiores.escuelaartegranada.com\/andreareina\/project\/renders-y-distribucion-restaurante\/\"]}]},{\"@type\":\"ImageObject\",\"inLanguage\":\"es\",\"@id\":\"https:\/\/interiores.escuelaartegranada.com\/andreareina\/project\/renders-y-distribucion-restaurante\/#primaryimage\",\"url\":\"https:\/\/interiores.escuelaartegranada.com\/andreareina\/wp-content\/uploads\/sites\/85\/2025\/04\/Captura-de-pantalla-2025-04-29-104516.png\",\"contentUrl\":\"https:\/\/interiores.escuelaartegranada.com\/andreareina\/wp-content\/uploads\/sites\/85\/2025\/04\/Captura-de-pantalla-2025-04-29-104516.png\",\"width\":899,\"height\":593},{\"@type\":\"BreadcrumbList\",\"@id\":\"https:\/\/interiores.escuelaartegranada.com\/andreareina\/project\/renders-y-distribucion-restaurante\/#breadcrumb\",\"itemListElement\":[{\"@type\":\"ListItem\",\"position\":1,\"name\":\"Portada\",\"item\":\"https:\/\/interiores.escuelaartegranada.com\/andreareina\/\"},{\"@type\":\"ListItem\",\"position\":2,\"name\":\"Proyectos\",\"item\":\"https:\/\/interiores.escuelaartegranada.com\/andreareina\/project\/\"},{\"@type\":\"ListItem\",\"position\":3,\"name\":\"RENDERS Y DISTRIBUCI\u00d3N RESTAURANTE\"}]},{\"@type\":\"WebSite\",\"@id\":\"https:\/\/interiores.escuelaartegranada.com\/andreareina\/#website\",\"url\":\"https:\/\/interiores.escuelaartegranada.com\/andreareina\/\",\"name\":\"Andrea Ben\u00edtez Dise\u00f1o\",\"description\":\"\",\"potentialAction\":[{\"@type\":\"SearchAction\",\"target\":{\"@type\":\"EntryPoint\",\"urlTemplate\":\"https:\/\/interiores.escuelaartegranada.com\/andreareina\/?s={search_term_string}\"},\"query-input\":{\"@type\":\"PropertyValueSpecification\",\"valueRequired\":true,\"valueName\":\"search_term_string\"}}],\"inLanguage\":\"es\"}]}<\/script>\n<!-- \/ Yoast SEO plugin. -->","yoast_head_json":{"title":"RENDERS Y DISTRIBUCI\u00d3N RESTAURANTE - Andrea Ben\u00edtez Dise\u00f1o","robots":{"index":"index","follow":"follow","max-snippet":"max-snippet:-1","max-image-preview":"max-image-preview:large","max-video-preview":"max-video-preview:-1"},"canonical":"https:\/\/interiores.escuelaartegranada.com\/andreareina\/project\/renders-y-distribucion-restaurante\/","og_locale":"es_ES","og_type":"article","og_title":"RENDERS Y DISTRIBUCI\u00d3N RESTAURANTE - Andrea Ben\u00edtez Dise\u00f1o","og_description":"Este restaurante estaba completamente vacio, y buscaba decorarlo y distribuirlo de manera elegante pero relajado, sabiendo esto los materiales escogidos son mas elegantes combinador con el marmol de las mesas, el ambiente relajado se consigue en los sofas y sillones alrededor de todo el restaurante. &nbsp; Encontramos: -BARRA\u00a0 \u00a0 \u00a0 \u00a0 \u00a0 -ZONAS DE SILLAS [&hellip;]","og_url":"https:\/\/interiores.escuelaartegranada.com\/andreareina\/project\/renders-y-distribucion-restaurante\/","og_site_name":"Andrea Ben\u00edtez Dise\u00f1o","article_modified_time":"2025-05-03T11:27:09+00:00","og_image":[{"width":899,"height":593,"url":"https:\/\/interiores.escuelaartegranada.com\/andreareina\/wp-content\/uploads\/sites\/85\/2025\/04\/Captura-de-pantalla-2025-04-29-104516.png","type":"image\/png"}],"twitter_card":"summary_large_image","twitter_misc":{"Tiempo de lectura":"2 minutos"},"schema":{"@context":"https:\/\/schema.org","@graph":[{"@type":"WebPage","@id":"https:\/\/interiores.escuelaartegranada.com\/andreareina\/project\/renders-y-distribucion-restaurante\/","url":"https:\/\/interiores.escuelaartegranada.com\/andreareina\/project\/renders-y-distribucion-restaurante\/","name":"RENDERS Y DISTRIBUCI\u00d3N RESTAURANTE - Andrea Ben\u00edtez Dise\u00f1o","isPartOf":{"@id":"https:\/\/interiores.escuelaartegranada.com\/andreareina\/#website"},"primaryImageOfPage":{"@id":"https:\/\/interiores.escuelaartegranada.com\/andreareina\/project\/renders-y-distribucion-restaurante\/#primaryimage"},"image":{"@id":"https:\/\/interiores.escuelaartegranada.com\/andreareina\/project\/renders-y-distribucion-restaurante\/#primaryimage"},"thumbnailUrl":"https:\/\/interiores.escuelaartegranada.com\/andreareina\/wp-content\/uploads\/sites\/85\/2025\/04\/Captura-de-pantalla-2025-04-29-104516.png","datePublished":"2025-04-23T09:40:45+00:00","dateModified":"2025-05-03T11:27:09+00:00","breadcrumb":{"@id":"https:\/\/interiores.escuelaartegranada.com\/andreareina\/project\/renders-y-distribucion-restaurante\/#breadcrumb"},"inLanguage":"es","potentialAction":[{"@type":"ReadAction","target":["https:\/\/interiores.escuelaartegranada.com\/andreareina\/project\/renders-y-distribucion-restaurante\/"]}]},{"@type":"ImageObject","inLanguage":"es","@id":"https:\/\/interiores.escuelaartegranada.com\/andreareina\/project\/renders-y-distribucion-restaurante\/#primaryimage","url":"https:\/\/interiores.escuelaartegranada.com\/andreareina\/wp-content\/uploads\/sites\/85\/2025\/04\/Captura-de-pantalla-2025-04-29-104516.png","contentUrl":"https:\/\/interiores.escuelaartegranada.com\/andreareina\/wp-content\/uploads\/sites\/85\/2025\/04\/Captura-de-pantalla-2025-04-29-104516.png","width":899,"height":593},{"@type":"BreadcrumbList","@id":"https:\/\/interiores.escuelaartegranada.com\/andreareina\/project\/renders-y-distribucion-restaurante\/#breadcrumb","itemListElement":[{"@type":"ListItem","position":1,"name":"Portada","item":"https:\/\/interiores.escuelaartegranada.com\/andreareina\/"},{"@type":"ListItem","position":2,"name":"Proyectos","item":"https:\/\/interiores.escuelaartegranada.com\/andreareina\/project\/"},{"@type":"ListItem","position":3,"name":"RENDERS Y DISTRIBUCI\u00d3N RESTAURANTE"}]},{"@type":"WebSite","@id":"https:\/\/interiores.escuelaartegranada.com\/andreareina\/#website","url":"https:\/\/interiores.escuelaartegranada.com\/andreareina\/","name":"Andrea Ben\u00edtez Dise\u00f1o","description":"","potentialAction":[{"@type":"SearchAction","target":{"@type":"EntryPoint","urlTemplate":"https:\/\/interiores.escuelaartegranada.com\/andreareina\/?s={search_term_string}"},"query-input":{"@type":"PropertyValueSpecification","valueRequired":true,"valueName":"search_term_string"}}],"inLanguage":"es"}]}},"_links":{"self":[{"href":"https:\/\/interiores.escuelaartegranada.com\/andreareina\/wp-json\/wp\/v2\/project\/225","targetHints":{"allow":["GET"]}}],"collection":[{"href":"https:\/\/interiores.escuelaartegranada.com\/andreareina\/wp-json\/wp\/v2\/project"}],"about":[{"href":"https:\/\/interiores.escuelaartegranada.com\/andreareina\/wp-json\/wp\/v2\/types\/project"}],"author":[{"embeddable":true,"href":"https:\/\/interiores.escuelaartegranada.com\/andreareina\/wp-json\/wp\/v2\/users\/84"}],"replies":[{"embeddable":true,"href":"https:\/\/interiores.escuelaartegranada.com\/andreareina\/wp-json\/wp\/v2\/comments?post=225"}],"version-history":[{"count":5,"href":"https:\/\/interiores.escuelaartegranada.com\/andreareina\/wp-json\/wp\/v2\/project\/225\/revisions"}],"predecessor-version":[{"id":305,"href":"https:\/\/interiores.escuelaartegranada.com\/andreareina\/wp-json\/wp\/v2\/project\/225\/revisions\/305"}],"wp:featuredmedia":[{"embeddable":true,"href":"https:\/\/interiores.escuelaartegranada.com\/andreareina\/wp-json\/wp\/v2\/media\/261"}],"wp:attachment":[{"href":"https:\/\/interiores.escuelaartegranada.com\/andreareina\/wp-json\/wp\/v2\/media?parent=225"}],"wp:term":[{"taxonomy":"project_category","embeddable":true,"href":"https:\/\/interiores.escuelaartegranada.com\/andreareina\/wp-json\/wp\/v2\/project_category?post=225"},{"taxonomy":"project_tag","embeddable":true,"href":"https:\/\/interiores.escuelaartegranada.com\/andreareina\/wp-json\/wp\/v2\/project_tag?post=225"}],"curies":[{"name":"wp","href":"https:\/\/api.w.org\/{rel}","templated":true}]}}