{"id":227,"date":"2025-04-23T11:41:23","date_gmt":"2025-04-23T09:41:23","guid":{"rendered":"https:\/\/interiores.escuelaartegranada.com\/andreareina\/?post_type=project&#038;p=227"},"modified":"2025-05-06T09:14:50","modified_gmt":"2025-05-06T07:14:50","slug":"vivienda-plurifamiliar","status":"publish","type":"project","link":"https:\/\/interiores.escuelaartegranada.com\/andreareina\/project\/vivienda-plurifamiliar\/","title":{"rendered":"VIVIENDA PLURIFAMILIAR"},"content":{"rendered":"<p>[et_pb_section fb_built=\u00bb1&#8243; _builder_version=\u00bb4.27.4&#8243; _module_preset=\u00bbdefault\u00bb background_image=\u00bbhttps:\/\/interiores.escuelaartegranada.com\/andreareina\/wp-content\/uploads\/sites\/85\/2025\/04\/Diseno-sin-titulo.png\u00bb global_colors_info=\u00bb{}\u00bb][\/et_pb_section][et_pb_section fb_built=\u00bb1&#8243; _builder_version=\u00bb4.27.4&#8243; _module_preset=\u00bbdefault\u00bb background_color=\u00bb#FFD1D1&#8243; global_colors_info=\u00bb{}\u00bb][et_pb_row column_structure=\u00bb1_2,1_2&#8243; _builder_version=\u00bb4.27.4&#8243; _module_preset=\u00bbdefault\u00bb global_colors_info=\u00bb{}\u00bb][et_pb_column type=\u00bb1_2&#8243; _builder_version=\u00bb4.27.4&#8243; _module_preset=\u00bbdefault\u00bb global_colors_info=\u00bb{}\u00bb][et_pb_image src=\u00bbhttps:\/\/interiores.escuelaartegranada.com\/andreareina\/wp-content\/uploads\/sites\/85\/2025\/05\/Captura-de-pantalla-2025-04-29-105655.png\u00bb title_text=\u00bbCaptura de pantalla 2025-04-29 105655&#8243; _builder_version=\u00bb4.27.4&#8243; _module_preset=\u00bbdefault\u00bb border_radii=\u00bbon|20px|20px|20px|20px\u00bb global_colors_info=\u00bb{}\u00bb][\/et_pb_image][\/et_pb_column][et_pb_column type=\u00bb1_2&#8243; _builder_version=\u00bb4.27.4&#8243; _module_preset=\u00bbdefault\u00bb global_colors_info=\u00bb{}\u00bb][et_pb_text _builder_version=\u00bb4.27.4&#8243; _module_preset=\u00bbdefault\u00bb width=\u00bb100%\u00bb global_colors_info=\u00bb{}\u00bb]<\/p>\n<p>La idea principal al ser una familia de cuatro era el espacio abierto y grandes de las zonas donde se pasa la gran mayor\u00eda del tiempo (Cocina, Sal\u00f3n, y Comedor) con la posibilidad de tener la cocina cerrada. Para esto he querido recalcar las puertas con un dise\u00f1o sencillo pero llamativo ya que cubre toda la cocina.el coraz\u00f3n del hogar. En la parte baja he a\u00f1adido un aseo para los invitados, el despacho tambi\u00e9n en planta baja junto con una cama abatible para usar cuando haya invitados. A trav\u00e9s de la cocina accedemos a una lavander\u00eda oculta.<br \/>En todas las zonas comunes he querido que el paisaje y la luz sean esenciales por eso encontramos grandes ventanales. En la planta alta encontramos el dormitorio principal con ba\u00f1o en suite y vestidor a trav\u00e9s de \u00e9l<br \/>podemos acceder a una terraza privada.<br \/>Por \u00faltimo la habitaci\u00f3n de los ni\u00f1os que comparten ba\u00f1o y se puede acceder por ambas habitaciones. En la vivienda hay tres terrazas, una privada en la parte superior, y dos p\u00fablicas, una en cada planta.<\/p>\n<p>[\/et_pb_text][\/et_pb_column][\/et_pb_row][\/et_pb_section][et_pb_section fb_built=\u00bb1&#8243; _builder_version=\u00bb4.27.4&#8243; _module_preset=\u00bbdefault\u00bb background_color=\u00bb#FFD1D1&#8243; global_colors_info=\u00bb{}\u00bb][et_pb_row column_structure=\u00bb1_2,1_2&#8243; _builder_version=\u00bb4.27.4&#8243; _module_preset=\u00bbdefault\u00bb global_colors_info=\u00bb{}\u00bb][et_pb_column type=\u00bb1_2&#8243; _builder_version=\u00bb4.27.4&#8243; _module_preset=\u00bbdefault\u00bb global_colors_info=\u00bb{}\u00bb][et_pb_image src=\u00bbhttps:\/\/interiores.escuelaartegranada.com\/andreareina\/wp-content\/uploads\/sites\/85\/2025\/05\/Captura-de-pantalla-2025-04-29-105702.png\u00bb title_text=\u00bbCaptura de pantalla 2025-04-29 105702&#8243; _builder_version=\u00bb4.27.4&#8243; _module_preset=\u00bbdefault\u00bb border_radii=\u00bbon|20px|20px|20px|20px\u00bb global_colors_info=\u00bb{}\u00bb][\/et_pb_image][\/et_pb_column][et_pb_column type=\u00bb1_2&#8243; _builder_version=\u00bb4.27.4&#8243; _module_preset=\u00bbdefault\u00bb global_colors_info=\u00bb{}\u00bb][et_pb_image src=\u00bbhttps:\/\/interiores.escuelaartegranada.com\/andreareina\/wp-content\/uploads\/sites\/85\/2025\/05\/Captura-de-pantalla-2025-04-29-105520.png\u00bb title_text=\u00bbCaptura de pantalla 2025-04-29 105520&#8243; _builder_version=\u00bb4.27.4&#8243; _module_preset=\u00bbdefault\u00bb width=\u00bb100%\u00bb min_height=\u00bb331px\u00bb border_radii=\u00bbon|20px|20px|20px|20px\u00bb global_colors_info=\u00bb{}\u00bb][\/et_pb_image][\/et_pb_column][\/et_pb_row][\/et_pb_section][et_pb_section fb_built=\u00bb1&#8243; _builder_version=\u00bb4.27.4&#8243; _module_preset=\u00bbdefault\u00bb background_color=\u00bb#FFD1D1&#8243; global_colors_info=\u00bb{}\u00bb][et_pb_row column_structure=\u00bb1_2,1_2&#8243; _builder_version=\u00bb4.27.4&#8243; _module_preset=\u00bbdefault\u00bb global_colors_info=\u00bb{}\u00bb][et_pb_column type=\u00bb1_2&#8243; _builder_version=\u00bb4.27.4&#8243; _module_preset=\u00bbdefault\u00bb global_colors_info=\u00bb{}\u00bb][et_pb_image src=\u00bbhttps:\/\/interiores.escuelaartegranada.com\/andreareina\/wp-content\/uploads\/sites\/85\/2025\/04\/Captura-de-pantalla-2025-04-29-105529.png\u00bb title_text=\u00bbCaptura de pantalla 2025-04-29 105529&#8243; _builder_version=\u00bb4.27.4&#8243; _module_preset=\u00bbdefault\u00bb min_height=\u00bb332px\u00bb border_radii=\u00bbon|20px|20px|20px|20px\u00bb global_colors_info=\u00bb{}\u00bb][\/et_pb_image][\/et_pb_column][et_pb_column type=\u00bb1_2&#8243; _builder_version=\u00bb4.27.4&#8243; _module_preset=\u00bbdefault\u00bb global_colors_info=\u00bb{}\u00bb][et_pb_image src=\u00bbhttps:\/\/interiores.escuelaartegranada.com\/andreareina\/wp-content\/uploads\/sites\/85\/2025\/04\/Captura-de-pantalla-2025-04-29-100428.png\u00bb title_text=\u00bbCaptura de pantalla 2025-04-29 100428&#8243; _builder_version=\u00bb4.27.4&#8243; _module_preset=\u00bbdefault\u00bb min_height=\u00bb158px\u00bb height=\u00bb335px\u00bb border_radii=\u00bbon|20px|20px|20px|20px\u00bb global_colors_info=\u00bb{}\u00bb][\/et_pb_image][\/et_pb_column][\/et_pb_row][\/et_pb_section]<\/p>\n","protected":false},"excerpt":{"rendered":"<p>La idea principal al ser una familia de cuatro era el espacio abierto y grandes de las zonas donde se pasa la gran mayor\u00eda del tiempo (Cocina, Sal\u00f3n, y Comedor) con la posibilidad de tener la cocina cerrada. Para esto he querido recalcar las puertas con un dise\u00f1o sencillo pero llamativo ya que cubre toda [&hellip;]<\/p>\n","protected":false},"author":84,"featured_media":269,"comment_status":"open","ping_status":"closed","template":"","meta":{"_et_pb_use_builder":"on","_et_pb_old_content":"","_et_gb_content_width":"","footnotes":""},"project_category":[7],"project_tag":[],"class_list":["post-227","project","type-project","status-publish","has-post-thumbnail","hentry","project_category-vivienda-doble"],"yoast_head":"<!-- This site is optimized with the Yoast SEO plugin v24.5 - https:\/\/yoast.com\/wordpress\/plugins\/seo\/ -->\n<title>VIVIENDA PLURIFAMILIAR - Andrea Ben\u00edtez Dise\u00f1o<\/title>\n<meta name=\"robots\" content=\"index, follow, max-snippet:-1, max-image-preview:large, max-video-preview:-1\" \/>\n<link rel=\"canonical\" href=\"https:\/\/interiores.escuelaartegranada.com\/andreareina\/project\/vivienda-plurifamiliar\/\" \/>\n<meta property=\"og:locale\" content=\"es_ES\" \/>\n<meta property=\"og:type\" content=\"article\" \/>\n<meta property=\"og:title\" content=\"VIVIENDA PLURIFAMILIAR - Andrea Ben\u00edtez Dise\u00f1o\" \/>\n<meta property=\"og:description\" content=\"La idea principal al ser una familia de cuatro era el espacio abierto y grandes de las zonas donde se pasa la gran mayor\u00eda del tiempo (Cocina, Sal\u00f3n, y Comedor) con la posibilidad de tener la cocina cerrada. Para esto he querido recalcar las puertas con un dise\u00f1o sencillo pero llamativo ya que cubre toda [&hellip;]\" \/>\n<meta property=\"og:url\" content=\"https:\/\/interiores.escuelaartegranada.com\/andreareina\/project\/vivienda-plurifamiliar\/\" \/>\n<meta property=\"og:site_name\" content=\"Andrea Ben\u00edtez Dise\u00f1o\" \/>\n<meta property=\"article:modified_time\" content=\"2025-05-06T07:14:50+00:00\" \/>\n<meta property=\"og:image\" content=\"https:\/\/interiores.escuelaartegranada.com\/andreareina\/wp-content\/uploads\/sites\/85\/2025\/04\/Captura-de-pantalla-2025-04-29-105529.png\" \/>\n\t<meta property=\"og:image:width\" content=\"1164\" \/>\n\t<meta property=\"og:image:height\" content=\"585\" \/>\n\t<meta property=\"og:image:type\" content=\"image\/png\" \/>\n<meta name=\"twitter:card\" content=\"summary_large_image\" \/>\n<meta name=\"twitter:label1\" content=\"Tiempo de lectura\" \/>\n\t<meta name=\"twitter:data1\" content=\"3 minutos\" \/>\n<script type=\"application\/ld+json\" class=\"yoast-schema-graph\">{\"@context\":\"https:\/\/schema.org\",\"@graph\":[{\"@type\":\"WebPage\",\"@id\":\"https:\/\/interiores.escuelaartegranada.com\/andreareina\/project\/vivienda-plurifamiliar\/\",\"url\":\"https:\/\/interiores.escuelaartegranada.com\/andreareina\/project\/vivienda-plurifamiliar\/\",\"name\":\"VIVIENDA PLURIFAMILIAR - Andrea Ben\u00edtez Dise\u00f1o\",\"isPartOf\":{\"@id\":\"https:\/\/interiores.escuelaartegranada.com\/andreareina\/#website\"},\"primaryImageOfPage\":{\"@id\":\"https:\/\/interiores.escuelaartegranada.com\/andreareina\/project\/vivienda-plurifamiliar\/#primaryimage\"},\"image\":{\"@id\":\"https:\/\/interiores.escuelaartegranada.com\/andreareina\/project\/vivienda-plurifamiliar\/#primaryimage\"},\"thumbnailUrl\":\"https:\/\/interiores.escuelaartegranada.com\/andreareina\/wp-content\/uploads\/sites\/85\/2025\/04\/Captura-de-pantalla-2025-04-29-105529.png\",\"datePublished\":\"2025-04-23T09:41:23+00:00\",\"dateModified\":\"2025-05-06T07:14:50+00:00\",\"breadcrumb\":{\"@id\":\"https:\/\/interiores.escuelaartegranada.com\/andreareina\/project\/vivienda-plurifamiliar\/#breadcrumb\"},\"inLanguage\":\"es\",\"potentialAction\":[{\"@type\":\"ReadAction\",\"target\":[\"https:\/\/interiores.escuelaartegranada.com\/andreareina\/project\/vivienda-plurifamiliar\/\"]}]},{\"@type\":\"ImageObject\",\"inLanguage\":\"es\",\"@id\":\"https:\/\/interiores.escuelaartegranada.com\/andreareina\/project\/vivienda-plurifamiliar\/#primaryimage\",\"url\":\"https:\/\/interiores.escuelaartegranada.com\/andreareina\/wp-content\/uploads\/sites\/85\/2025\/04\/Captura-de-pantalla-2025-04-29-105529.png\",\"contentUrl\":\"https:\/\/interiores.escuelaartegranada.com\/andreareina\/wp-content\/uploads\/sites\/85\/2025\/04\/Captura-de-pantalla-2025-04-29-105529.png\",\"width\":1164,\"height\":585},{\"@type\":\"BreadcrumbList\",\"@id\":\"https:\/\/interiores.escuelaartegranada.com\/andreareina\/project\/vivienda-plurifamiliar\/#breadcrumb\",\"itemListElement\":[{\"@type\":\"ListItem\",\"position\":1,\"name\":\"Portada\",\"item\":\"https:\/\/interiores.escuelaartegranada.com\/andreareina\/\"},{\"@type\":\"ListItem\",\"position\":2,\"name\":\"Proyectos\",\"item\":\"https:\/\/interiores.escuelaartegranada.com\/andreareina\/project\/\"},{\"@type\":\"ListItem\",\"position\":3,\"name\":\"VIVIENDA PLURIFAMILIAR\"}]},{\"@type\":\"WebSite\",\"@id\":\"https:\/\/interiores.escuelaartegranada.com\/andreareina\/#website\",\"url\":\"https:\/\/interiores.escuelaartegranada.com\/andreareina\/\",\"name\":\"Andrea Ben\u00edtez Dise\u00f1o\",\"description\":\"\",\"potentialAction\":[{\"@type\":\"SearchAction\",\"target\":{\"@type\":\"EntryPoint\",\"urlTemplate\":\"https:\/\/interiores.escuelaartegranada.com\/andreareina\/?s={search_term_string}\"},\"query-input\":{\"@type\":\"PropertyValueSpecification\",\"valueRequired\":true,\"valueName\":\"search_term_string\"}}],\"inLanguage\":\"es\"}]}<\/script>\n<!-- \/ Yoast SEO plugin. -->","yoast_head_json":{"title":"VIVIENDA PLURIFAMILIAR - Andrea Ben\u00edtez Dise\u00f1o","robots":{"index":"index","follow":"follow","max-snippet":"max-snippet:-1","max-image-preview":"max-image-preview:large","max-video-preview":"max-video-preview:-1"},"canonical":"https:\/\/interiores.escuelaartegranada.com\/andreareina\/project\/vivienda-plurifamiliar\/","og_locale":"es_ES","og_type":"article","og_title":"VIVIENDA PLURIFAMILIAR - Andrea Ben\u00edtez Dise\u00f1o","og_description":"La idea principal al ser una familia de cuatro era el espacio abierto y grandes de las zonas donde se pasa la gran mayor\u00eda del tiempo (Cocina, Sal\u00f3n, y Comedor) con la posibilidad de tener la cocina cerrada. Para esto he querido recalcar las puertas con un dise\u00f1o sencillo pero llamativo ya que cubre toda [&hellip;]","og_url":"https:\/\/interiores.escuelaartegranada.com\/andreareina\/project\/vivienda-plurifamiliar\/","og_site_name":"Andrea Ben\u00edtez Dise\u00f1o","article_modified_time":"2025-05-06T07:14:50+00:00","og_image":[{"width":1164,"height":585,"url":"https:\/\/interiores.escuelaartegranada.com\/andreareina\/wp-content\/uploads\/sites\/85\/2025\/04\/Captura-de-pantalla-2025-04-29-105529.png","type":"image\/png"}],"twitter_card":"summary_large_image","twitter_misc":{"Tiempo de lectura":"3 minutos"},"schema":{"@context":"https:\/\/schema.org","@graph":[{"@type":"WebPage","@id":"https:\/\/interiores.escuelaartegranada.com\/andreareina\/project\/vivienda-plurifamiliar\/","url":"https:\/\/interiores.escuelaartegranada.com\/andreareina\/project\/vivienda-plurifamiliar\/","name":"VIVIENDA PLURIFAMILIAR - Andrea Ben\u00edtez Dise\u00f1o","isPartOf":{"@id":"https:\/\/interiores.escuelaartegranada.com\/andreareina\/#website"},"primaryImageOfPage":{"@id":"https:\/\/interiores.escuelaartegranada.com\/andreareina\/project\/vivienda-plurifamiliar\/#primaryimage"},"image":{"@id":"https:\/\/interiores.escuelaartegranada.com\/andreareina\/project\/vivienda-plurifamiliar\/#primaryimage"},"thumbnailUrl":"https:\/\/interiores.escuelaartegranada.com\/andreareina\/wp-content\/uploads\/sites\/85\/2025\/04\/Captura-de-pantalla-2025-04-29-105529.png","datePublished":"2025-04-23T09:41:23+00:00","dateModified":"2025-05-06T07:14:50+00:00","breadcrumb":{"@id":"https:\/\/interiores.escuelaartegranada.com\/andreareina\/project\/vivienda-plurifamiliar\/#breadcrumb"},"inLanguage":"es","potentialAction":[{"@type":"ReadAction","target":["https:\/\/interiores.escuelaartegranada.com\/andreareina\/project\/vivienda-plurifamiliar\/"]}]},{"@type":"ImageObject","inLanguage":"es","@id":"https:\/\/interiores.escuelaartegranada.com\/andreareina\/project\/vivienda-plurifamiliar\/#primaryimage","url":"https:\/\/interiores.escuelaartegranada.com\/andreareina\/wp-content\/uploads\/sites\/85\/2025\/04\/Captura-de-pantalla-2025-04-29-105529.png","contentUrl":"https:\/\/interiores.escuelaartegranada.com\/andreareina\/wp-content\/uploads\/sites\/85\/2025\/04\/Captura-de-pantalla-2025-04-29-105529.png","width":1164,"height":585},{"@type":"BreadcrumbList","@id":"https:\/\/interiores.escuelaartegranada.com\/andreareina\/project\/vivienda-plurifamiliar\/#breadcrumb","itemListElement":[{"@type":"ListItem","position":1,"name":"Portada","item":"https:\/\/interiores.escuelaartegranada.com\/andreareina\/"},{"@type":"ListItem","position":2,"name":"Proyectos","item":"https:\/\/interiores.escuelaartegranada.com\/andreareina\/project\/"},{"@type":"ListItem","position":3,"name":"VIVIENDA PLURIFAMILIAR"}]},{"@type":"WebSite","@id":"https:\/\/interiores.escuelaartegranada.com\/andreareina\/#website","url":"https:\/\/interiores.escuelaartegranada.com\/andreareina\/","name":"Andrea Ben\u00edtez Dise\u00f1o","description":"","potentialAction":[{"@type":"SearchAction","target":{"@type":"EntryPoint","urlTemplate":"https:\/\/interiores.escuelaartegranada.com\/andreareina\/?s={search_term_string}"},"query-input":{"@type":"PropertyValueSpecification","valueRequired":true,"valueName":"search_term_string"}}],"inLanguage":"es"}]}},"_links":{"self":[{"href":"https:\/\/interiores.escuelaartegranada.com\/andreareina\/wp-json\/wp\/v2\/project\/227","targetHints":{"allow":["GET"]}}],"collection":[{"href":"https:\/\/interiores.escuelaartegranada.com\/andreareina\/wp-json\/wp\/v2\/project"}],"about":[{"href":"https:\/\/interiores.escuelaartegranada.com\/andreareina\/wp-json\/wp\/v2\/types\/project"}],"author":[{"embeddable":true,"href":"https:\/\/interiores.escuelaartegranada.com\/andreareina\/wp-json\/wp\/v2\/users\/84"}],"replies":[{"embeddable":true,"href":"https:\/\/interiores.escuelaartegranada.com\/andreareina\/wp-json\/wp\/v2\/comments?post=227"}],"version-history":[{"count":10,"href":"https:\/\/interiores.escuelaartegranada.com\/andreareina\/wp-json\/wp\/v2\/project\/227\/revisions"}],"predecessor-version":[{"id":312,"href":"https:\/\/interiores.escuelaartegranada.com\/andreareina\/wp-json\/wp\/v2\/project\/227\/revisions\/312"}],"wp:featuredmedia":[{"embeddable":true,"href":"https:\/\/interiores.escuelaartegranada.com\/andreareina\/wp-json\/wp\/v2\/media\/269"}],"wp:attachment":[{"href":"https:\/\/interiores.escuelaartegranada.com\/andreareina\/wp-json\/wp\/v2\/media?parent=227"}],"wp:term":[{"taxonomy":"project_category","embeddable":true,"href":"https:\/\/interiores.escuelaartegranada.com\/andreareina\/wp-json\/wp\/v2\/project_category?post=227"},{"taxonomy":"project_tag","embeddable":true,"href":"https:\/\/interiores.escuelaartegranada.com\/andreareina\/wp-json\/wp\/v2\/project_tag?post=227"}],"curies":[{"name":"wp","href":"https:\/\/api.w.org\/{rel}","templated":true}]}}