{"id":23,"date":"2025-03-25T10:32:02","date_gmt":"2025-03-25T09:32:02","guid":{"rendered":"https:\/\/interiores.escuelaartegranada.com\/asacianavarro\/?page_id=23"},"modified":"2025-04-04T18:54:59","modified_gmt":"2025-04-04T16:54:59","slug":"atalier-gadira","status":"publish","type":"page","link":"https:\/\/interiores.escuelaartegranada.com\/asacianavarro\/","title":{"rendered":"ATALIER GADIRA"},"content":{"rendered":"<p>[et_pb_section fb_built=\u00bb1&#8243; _builder_version=\u00bb4.27.4&#8243; _module_preset=\u00bbdefault\u00bb global_colors_info=\u00bb{}\u00bb][et_pb_row use_custom_gutter=\u00bbon\u00bb _builder_version=\u00bb4.27.4&#8243; _module_preset=\u00bbdefault\u00bb width=\u00bb65%\u00bb hover_enabled=\u00bb0&#8243; border_color_all=\u00bb#8e8e8e\u00bb border_width_right=\u00bb0px\u00bb global_colors_info=\u00bb{}\u00bb custom_margin=\u00bb-136px||||false|false\u00bb sticky_enabled=\u00bb0&#8243;][et_pb_column type=\u00bb4_4&#8243; _builder_version=\u00bb4.27.4&#8243; _module_preset=\u00bbdefault\u00bb global_colors_info=\u00bb{}\u00bb][et_pb_text _builder_version=\u00bb4.27.4&#8243; _module_preset=\u00bbdefault\u00bb text_font=\u00bbAntic||||||||\u00bb text_text_color=\u00bb#474747&#8243; text_font_size=\u00bb44px\u00bb text_letter_spacing=\u00bb7px\u00bb text_line_height=\u00bb2.1em\u00bb text_orientation=\u00bbcenter\u00bb custom_margin=\u00bb61px|0px|61px||true|false\u00bb custom_padding=\u00bb||0px||false|false\u00bb border_radii=\u00bboff||1px||\u00bb global_colors_info=\u00bb{}\u00bb]<\/p>\n<p>ATALIER GADIRA<\/p>\n<p>[\/et_pb_text][et_pb_text _builder_version=\u00bb4.27.4&#8243; _module_preset=\u00bbdefault\u00bb text_font=\u00bbAntic||||||||\u00bb text_text_color=\u00bbrgba(0,0,0,0.97)\u00bb custom_margin=\u00bb-72px||85px|393px|false|false\u00bb global_colors_info=\u00bb{}\u00bb]<\/p>\n<div><span>\u00a0 I\u00a0<\/span><span>N T E R I O R &#8211; D E S I G N<\/span><\/div>\n<div><span class=\"lh-1 font-size-16\"><span>\u00a0 Interior Projects\u00a0made in\u00a0<\/span><\/span><span>Spain<\/span><\/div>\n<p>[\/et_pb_text][et_pb_text _builder_version=\u00bb4.27.4&#8243; _module_preset=\u00bbdefault\u00bb text_font=\u00bbAntic|||on|||||\u00bb text_font_size=\u00bb31px\u00bb text_letter_spacing=\u00bb15px\u00bb text_line_height=\u00bb1.4em\u00bb header_font=\u00bbAntic||||||||\u00bb header_font_size=\u00bb74px\u00bb header_2_font=\u00bbAntic||||||||\u00bb header_2_font_size=\u00bb53px\u00bb header_2_letter_spacing=\u00bb13px\u00bb global_colors_info=\u00bb{}\u00bb]<\/p>\n<p style=\"text-align: justify\"><span data-olk-copy-source=\"MessageBody\">Espacios con alma, luz y ra\u00edces<\/span><\/p>\n<p>[\/et_pb_text][et_pb_image src=\u00bbhttps:\/\/interiores.escuelaartegranada.com\/asacianavarro\/wp-content\/uploads\/sites\/91\/2025\/03\/imagen-1.png\u00bb title_text=\u00bbimagen 1&#8243; _builder_version=\u00bb4.27.4&#8243; _module_preset=\u00bbdefault\u00bb global_colors_info=\u00bb{}\u00bb][\/et_pb_image][\/et_pb_column][\/et_pb_row][et_pb_row _builder_version=\u00bb4.27.4&#8243; _module_preset=\u00bbdefault\u00bb width=\u00bb90%\u00bb max_width=\u00bb1920px\u00bb global_colors_info=\u00bb{}\u00bb][et_pb_column type=\u00bb4_4&#8243; _builder_version=\u00bb4.27.4&#8243; _module_preset=\u00bbdefault\u00bb global_colors_info=\u00bb{}\u00bb][et_pb_text _builder_version=\u00bb4.27.4&#8243; _module_preset=\u00bbdefault\u00bb text_font=\u00bbAntic||||||||\u00bb text_font_size=\u00bb23px\u00bb text_letter_spacing=\u00bb7px\u00bb text_line_height=\u00bb1.8em\u00bb text_orientation=\u00bbjustified\u00bb max_width=\u00bb100%\u00bb global_colors_info=\u00bb{}\u00bb]<\/p>\n<p><span data-olk-copy-source=\"MessageBody\">En Atelier Gadira dise\u00f1o interiores que reflejan equilibrio, belleza y autenticidad. Cada espacio nace de la conexi\u00f3n con su entorno y con quienes lo habitan. Mi inspiraci\u00f3n viene del sur: Tarifa, C\u00e1diz, su historia, su luz y su viento.<\/span><\/p>\n<p>[\/et_pb_text][\/et_pb_column][\/et_pb_row][et_pb_row _builder_version=\u00bb4.27.4&#8243; _module_preset=\u00bbdefault\u00bb column_structure=\u00bb1_2,1_2&#8243;][et_pb_column _builder_version=\u00bb4.27.4&#8243; _module_preset=\u00bbdefault\u00bb type=\u00bb1_2&#8243;][et_pb_image src=\u00bbhttps:\/\/interiores.escuelaartegranada.com\/asacianavarro\/wp-content\/uploads\/sites\/91\/2025\/04\/dormitorio.jpg\u00bb _builder_version=\u00bb4.27.4&#8243; _module_preset=\u00bbdefault\u00bb hover_enabled=\u00bb0&#8243; sticky_enabled=\u00bb0&#8243; title_text=\u00bbdormitorio\u00bb][\/et_pb_image][\/et_pb_column][et_pb_column _builder_version=\u00bb4.27.4&#8243; _module_preset=\u00bbdefault\u00bb type=\u00bb1_2&#8243;][et_pb_image src=\u00bbhttps:\/\/interiores.escuelaartegranada.com\/asacianavarro\/wp-content\/uploads\/sites\/91\/2025\/04\/cocina.jpg\u00bb _builder_version=\u00bb4.27.4&#8243; _module_preset=\u00bbdefault\u00bb title_text=\u00bbcocina\u00bb hover_enabled=\u00bb0&#8243; sticky_enabled=\u00bb0&#8243;][\/et_pb_image][\/et_pb_column][\/et_pb_row][et_pb_row column_structure=\u00bb1_2,1_2&#8243; _builder_version=\u00bb4.27.4&#8243; _module_preset=\u00bbdefault\u00bb global_colors_info=\u00bb{}\u00bb][et_pb_column type=\u00bb1_2&#8243; _builder_version=\u00bb4.27.4&#8243; _module_preset=\u00bbdefault\u00bb global_colors_info=\u00bb{}\u00bb][et_pb_text _builder_version=\u00bb4.27.4&#8243; _module_preset=\u00bbdefault\u00bb text_font=\u00bbAntic||||||||\u00bb text_text_color=\u00bbrgba(0,0,0,0.9)\u00bb text_letter_spacing=\u00bb6px\u00bb text_line_height=\u00bb1.2em\u00bb text_orientation=\u00bbjustified\u00bb global_colors_info=\u00bb{}\u00bb]<\/p>\n<p><span>Qu\u00e9 hago:<\/span><\/p>\n<p><span>\u2022<\/span><span>\u00a0<\/span><span>Dise\u00f1o de interiores residenciales<\/span><\/p>\n<p><span>\u2022<\/span><span>\u00a0<\/span><span>Reformas integrales con enfoque est\u00e9tico<\/span><\/p>\n<p><span>\u2022<\/span><span>\u00a0<\/span><span>Asesor\u00eda para locales y espacios comerciales<\/span><\/p>\n<p><span>\u2022<\/span><span>\u00a0<\/span><span>Ambientaciones ef\u00edmeras y estilismo<\/span><\/p>\n<p>[\/et_pb_text][\/et_pb_column][et_pb_column type=\u00bb1_2&#8243; _builder_version=\u00bb4.27.4&#8243; _module_preset=\u00bbdefault\u00bb global_colors_info=\u00bb{}\u00bb][et_pb_text _builder_version=\u00bb4.27.4&#8243; _module_preset=\u00bbdefault\u00bb text_font=\u00bbAntic||||||||\u00bb text_text_color=\u00bbrgba(0,0,0,0.9)\u00bb text_letter_spacing=\u00bb6px\u00bb text_line_height=\u00bb1.5em\u00bb text_orientation=\u00bbjustified\u00bb custom_margin=\u00bb||27px||false|false\u00bb global_colors_info=\u00bb{}\u00bb]<\/p>\n<p><span data-olk-copy-source=\"MessageBody\">Filosof\u00eda:<\/span><span data-olk-copy-source=\"MessageBody\"><\/span><\/p>\n<p><span>Mi trabajo tiene una base sobria, elegante y atemporal. Me mueven los materiales nobles, los espacios con historia y la armon\u00eda entre lo antiguo y lo contempor\u00e1neo. Cada proyecto es \u00fanico, porque cada persona lo es.<\/span><\/p>\n<p>[\/et_pb_text][\/et_pb_column][\/et_pb_row][\/et_pb_section][et_pb_section fb_built=\u00bb1&#8243; _builder_version=\u00bb4.27.4&#8243; _module_preset=\u00bbdefault\u00bb hover_enabled=\u00bb0&#8243; global_colors_info=\u00bb{}\u00bb sticky_enabled=\u00bb0&#8243;][et_pb_row column_structure=\u00bb1_2,1_2&#8243; _builder_version=\u00bb4.27.4&#8243; _module_preset=\u00bbdefault\u00bb hover_enabled=\u00bb0&#8243; global_colors_info=\u00bb{}\u00bb sticky_enabled=\u00bb0&#8243;][et_pb_column type=\u00bb1_2&#8243; _builder_version=\u00bb4.27.4&#8243; _module_preset=\u00bbdefault\u00bb global_colors_info=\u00bb{}\u00bb][et_pb_image src=\u00bbhttps:\/\/interiores.escuelaartegranada.com\/asacianavarro\/wp-content\/uploads\/sites\/91\/2025\/04\/dormitorio-1.jpg\u00bb _builder_version=\u00bb4.27.4&#8243; _module_preset=\u00bbdefault\u00bb title_text=\u00bbdormitorio\u00bb hover_enabled=\u00bb0&#8243; sticky_enabled=\u00bb0&#8243;][\/et_pb_image][\/et_pb_column][et_pb_column type=\u00bb1_2&#8243; _builder_version=\u00bb4.27.4&#8243; _module_preset=\u00bbdefault\u00bb global_colors_info=\u00bb{}\u00bb][et_pb_image src=\u00bbhttps:\/\/interiores.escuelaartegranada.com\/asacianavarro\/wp-content\/uploads\/sites\/91\/2025\/04\/mueble.jpg\u00bb _builder_version=\u00bb4.27.4&#8243; _module_preset=\u00bbdefault\u00bb title_text=\u00bbmueble\u00bb hover_enabled=\u00bb0&#8243; sticky_enabled=\u00bb0&#8243;][\/et_pb_image][\/et_pb_column][\/et_pb_row][\/et_pb_section][et_pb_section fb_built=\u00bb1&#8243; _builder_version=\u00bb4.27.4&#8243; _module_preset=\u00bbdefault\u00bb hover_enabled=\u00bb0&#8243; global_colors_info=\u00bb{}\u00bb sticky_enabled=\u00bb0&#8243;][et_pb_row column_structure=\u00bb1_2,1_2&#8243; _builder_version=\u00bb4.27.4&#8243; _module_preset=\u00bbdefault\u00bb hover_enabled=\u00bb0&#8243; global_colors_info=\u00bb{}\u00bb sticky_enabled=\u00bb0&#8243;][et_pb_column type=\u00bb1_2&#8243; _builder_version=\u00bb4.27.4&#8243; _module_preset=\u00bbdefault\u00bb global_colors_info=\u00bb{}\u00bb][et_pb_text _builder_version=\u00bb4.27.4&#8243; _module_preset=\u00bbdefault\u00bb text_font=\u00bbAntic||||||||\u00bb text_font_size=\u00bb11px\u00bb text_letter_spacing=\u00bb9px\u00bb text_line_height=\u00bb1.5em\u00bb text_orientation=\u00bbjustified\u00bb global_colors_info=\u00bb{}\u00bb]<\/p>\n<h3 class=\"u_1570929139 dmNewParagraph\" id=\"1570929139\" data-element-type=\"paragraph\"><span data-inject=\"home-At16row4col1Title\">TU CASA &#8230; TU ESPACIO<\/span><\/h3>\n<div class=\"u_1774763188 dmNewParagraph\" id=\"1774763188\">\n<ul>\n<li><span data-inject=\"home-At16row4col1Paragraph\">SERVICIOS DE LLAVE EN MANO.<\/span><\/li>\n<li>ASESORAMIENTO Y DISE\u00d1O.<\/li>\n<li>DISE\u00d1O DE CASAS SINGULARES<\/li>\n<li>ESPECIALISTAS EN CASAS RURALES.<\/li>\n<\/ul>\n<\/div>\n<p>[\/et_pb_text][\/et_pb_column][et_pb_column type=\u00bb1_2&#8243; _builder_version=\u00bb4.27.4&#8243; _module_preset=\u00bbdefault\u00bb global_colors_info=\u00bb{}\u00bb][et_pb_text _builder_version=\u00bb4.27.4&#8243; _module_preset=\u00bbdefault\u00bb text_font=\u00bbAntic|||on|||||\u00bb text_font_size=\u00bb10px\u00bb text_letter_spacing=\u00bb8px\u00bb text_line_height=\u00bb1.2em\u00bb header_font=\u00bbAntic|||on|||||\u00bb header_text_color=\u00bbrgba(145,145,145,0.85)\u00bb text_orientation=\u00bbjustified\u00bb global_colors_info=\u00bb{}\u00bb]<\/p>\n<h2><strong>Dise\u00f1o de espacios\u00a0<\/strong><\/h2>\n<div data-inject=\"home-At16row4col2Paragraph\" class=\"u_1035254585 dmNewParagraph\" id=\"1035254585\">\n<ul>\n<li>DISE\u00d1O DE MUEBLES A MEDIDA<\/li>\n<li>DISE\u00d1O DE INTERIORES PUBLICOS Y PRIVADOS<\/li>\n<li>DISE\u00d1O DE STANDS Y OFICINAS<\/li>\n<li>PROMOCIONES Y PISOS PILOTOS<\/li>\n<\/ul>\n<\/div>\n<p>[\/et_pb_text][\/et_pb_column][\/et_pb_row][\/et_pb_section]<\/p>\n","protected":false},"excerpt":{"rendered":"<p>ATALIER GADIRA\u00a0 I\u00a0N T E R I O R &#8211; D E S I G N \u00a0 Interior Projects\u00a0made in\u00a0SpainEspacios con alma, luz y ra\u00edcesEn Atelier Gadira dise\u00f1o interiores que reflejan equilibrio, belleza y autenticidad. Cada espacio nace de la conexi\u00f3n con su entorno y con quienes lo habitan. Mi inspiraci\u00f3n viene del sur: Tarifa, [&hellip;]<\/p>\n","protected":false},"author":83,"featured_media":0,"parent":0,"menu_order":0,"comment_status":"closed","ping_status":"closed","template":"","meta":{"_et_pb_use_builder":"on","_et_pb_old_content":"","_et_gb_content_width":"","footnotes":""},"class_list":["post-23","page","type-page","status-publish","hentry"],"yoast_head":"<!-- This site is optimized with the Yoast SEO plugin v24.5 - https:\/\/yoast.com\/wordpress\/plugins\/seo\/ -->\n<title>ATALIER GADIRA - Porfolio Interiores<\/title>\n<meta name=\"robots\" content=\"index, follow, max-snippet:-1, max-image-preview:large, max-video-preview:-1\" \/>\n<link rel=\"canonical\" href=\"https:\/\/interiores.escuelaartegranada.com\/asacianavarro\/\" \/>\n<meta property=\"og:locale\" content=\"es_ES\" \/>\n<meta property=\"og:type\" content=\"article\" \/>\n<meta property=\"og:title\" content=\"ATALIER GADIRA - Porfolio Interiores\" \/>\n<meta property=\"og:description\" content=\"ATALIER GADIRA\u00a0 I\u00a0N T E R I O R - D E S I G N \u00a0 Interior Projects\u00a0made in\u00a0SpainEspacios con alma, luz y ra\u00edcesEn Atelier Gadira dise\u00f1o interiores que reflejan equilibrio, belleza y autenticidad. Cada espacio nace de la conexi\u00f3n con su entorno y con quienes lo habitan. Mi inspiraci\u00f3n viene del sur: Tarifa, [&hellip;]\" \/>\n<meta property=\"og:url\" content=\"https:\/\/interiores.escuelaartegranada.com\/asacianavarro\/\" \/>\n<meta property=\"og:site_name\" content=\"Porfolio Interiores\" \/>\n<meta property=\"article:modified_time\" content=\"2025-04-04T16:54:59+00:00\" \/>\n<meta name=\"twitter:card\" content=\"summary_large_image\" \/>\n<meta name=\"twitter:label1\" content=\"Tiempo de lectura\" \/>\n\t<meta name=\"twitter:data1\" content=\"1 minuto\" \/>\n<script type=\"application\/ld+json\" class=\"yoast-schema-graph\">{\"@context\":\"https:\/\/schema.org\",\"@graph\":[{\"@type\":\"WebPage\",\"@id\":\"https:\/\/interiores.escuelaartegranada.com\/asacianavarro\/\",\"url\":\"https:\/\/interiores.escuelaartegranada.com\/asacianavarro\/\",\"name\":\"ATALIER GADIRA - Porfolio Interiores\",\"isPartOf\":{\"@id\":\"https:\/\/interiores.escuelaartegranada.com\/asacianavarro\/#website\"},\"datePublished\":\"2025-03-25T09:32:02+00:00\",\"dateModified\":\"2025-04-04T16:54:59+00:00\",\"breadcrumb\":{\"@id\":\"https:\/\/interiores.escuelaartegranada.com\/asacianavarro\/#breadcrumb\"},\"inLanguage\":\"es\",\"potentialAction\":[{\"@type\":\"ReadAction\",\"target\":[\"https:\/\/interiores.escuelaartegranada.com\/asacianavarro\/\"]}]},{\"@type\":\"BreadcrumbList\",\"@id\":\"https:\/\/interiores.escuelaartegranada.com\/asacianavarro\/#breadcrumb\",\"itemListElement\":[{\"@type\":\"ListItem\",\"position\":1,\"name\":\"Portada\",\"item\":\"https:\/\/interiores.escuelaartegranada.com\/asacianavarro\/\"},{\"@type\":\"ListItem\",\"position\":2,\"name\":\"ATALIER GADIRA\"}]},{\"@type\":\"WebSite\",\"@id\":\"https:\/\/interiores.escuelaartegranada.com\/asacianavarro\/#website\",\"url\":\"https:\/\/interiores.escuelaartegranada.com\/asacianavarro\/\",\"name\":\"Porfolio Interiores\",\"description\":\"\",\"potentialAction\":[{\"@type\":\"SearchAction\",\"target\":{\"@type\":\"EntryPoint\",\"urlTemplate\":\"https:\/\/interiores.escuelaartegranada.com\/asacianavarro\/?s={search_term_string}\"},\"query-input\":{\"@type\":\"PropertyValueSpecification\",\"valueRequired\":true,\"valueName\":\"search_term_string\"}}],\"inLanguage\":\"es\"}]}<\/script>\n<!-- \/ Yoast SEO plugin. -->","yoast_head_json":{"title":"ATALIER GADIRA - Porfolio Interiores","robots":{"index":"index","follow":"follow","max-snippet":"max-snippet:-1","max-image-preview":"max-image-preview:large","max-video-preview":"max-video-preview:-1"},"canonical":"https:\/\/interiores.escuelaartegranada.com\/asacianavarro\/","og_locale":"es_ES","og_type":"article","og_title":"ATALIER GADIRA - Porfolio Interiores","og_description":"ATALIER GADIRA\u00a0 I\u00a0N T E R I O R - D E S I G N \u00a0 Interior Projects\u00a0made in\u00a0SpainEspacios con alma, luz y ra\u00edcesEn Atelier Gadira dise\u00f1o interiores que reflejan equilibrio, belleza y autenticidad. Cada espacio nace de la conexi\u00f3n con su entorno y con quienes lo habitan. Mi inspiraci\u00f3n viene del sur: Tarifa, [&hellip;]","og_url":"https:\/\/interiores.escuelaartegranada.com\/asacianavarro\/","og_site_name":"Porfolio Interiores","article_modified_time":"2025-04-04T16:54:59+00:00","twitter_card":"summary_large_image","twitter_misc":{"Tiempo de lectura":"1 minuto"},"schema":{"@context":"https:\/\/schema.org","@graph":[{"@type":"WebPage","@id":"https:\/\/interiores.escuelaartegranada.com\/asacianavarro\/","url":"https:\/\/interiores.escuelaartegranada.com\/asacianavarro\/","name":"ATALIER GADIRA - Porfolio Interiores","isPartOf":{"@id":"https:\/\/interiores.escuelaartegranada.com\/asacianavarro\/#website"},"datePublished":"2025-03-25T09:32:02+00:00","dateModified":"2025-04-04T16:54:59+00:00","breadcrumb":{"@id":"https:\/\/interiores.escuelaartegranada.com\/asacianavarro\/#breadcrumb"},"inLanguage":"es","potentialAction":[{"@type":"ReadAction","target":["https:\/\/interiores.escuelaartegranada.com\/asacianavarro\/"]}]},{"@type":"BreadcrumbList","@id":"https:\/\/interiores.escuelaartegranada.com\/asacianavarro\/#breadcrumb","itemListElement":[{"@type":"ListItem","position":1,"name":"Portada","item":"https:\/\/interiores.escuelaartegranada.com\/asacianavarro\/"},{"@type":"ListItem","position":2,"name":"ATALIER GADIRA"}]},{"@type":"WebSite","@id":"https:\/\/interiores.escuelaartegranada.com\/asacianavarro\/#website","url":"https:\/\/interiores.escuelaartegranada.com\/asacianavarro\/","name":"Porfolio Interiores","description":"","potentialAction":[{"@type":"SearchAction","target":{"@type":"EntryPoint","urlTemplate":"https:\/\/interiores.escuelaartegranada.com\/asacianavarro\/?s={search_term_string}"},"query-input":{"@type":"PropertyValueSpecification","valueRequired":true,"valueName":"search_term_string"}}],"inLanguage":"es"}]}},"_links":{"self":[{"href":"https:\/\/interiores.escuelaartegranada.com\/asacianavarro\/wp-json\/wp\/v2\/pages\/23","targetHints":{"allow":["GET"]}}],"collection":[{"href":"https:\/\/interiores.escuelaartegranada.com\/asacianavarro\/wp-json\/wp\/v2\/pages"}],"about":[{"href":"https:\/\/interiores.escuelaartegranada.com\/asacianavarro\/wp-json\/wp\/v2\/types\/page"}],"author":[{"embeddable":true,"href":"https:\/\/interiores.escuelaartegranada.com\/asacianavarro\/wp-json\/wp\/v2\/users\/83"}],"replies":[{"embeddable":true,"href":"https:\/\/interiores.escuelaartegranada.com\/asacianavarro\/wp-json\/wp\/v2\/comments?post=23"}],"version-history":[{"count":19,"href":"https:\/\/interiores.escuelaartegranada.com\/asacianavarro\/wp-json\/wp\/v2\/pages\/23\/revisions"}],"predecessor-version":[{"id":98,"href":"https:\/\/interiores.escuelaartegranada.com\/asacianavarro\/wp-json\/wp\/v2\/pages\/23\/revisions\/98"}],"wp:attachment":[{"href":"https:\/\/interiores.escuelaartegranada.com\/asacianavarro\/wp-json\/wp\/v2\/media?parent=23"}],"curies":[{"name":"wp","href":"https:\/\/api.w.org\/{rel}","templated":true}]}}