{"id":41,"date":"2025-04-01T09:26:02","date_gmt":"2025-04-01T07:26:02","guid":{"rendered":"https:\/\/interiores.escuelaartegranada.com\/asacianavarro\/?page_id=41"},"modified":"2025-04-01T09:57:50","modified_gmt":"2025-04-01T07:57:50","slug":"sobre-mi","status":"publish","type":"page","link":"https:\/\/interiores.escuelaartegranada.com\/asacianavarro\/sobre-mi\/","title":{"rendered":"SOBRE M\u00cd"},"content":{"rendered":"<p>[et_pb_section fb_built=\u00bb1&#8243; theme_builder_area=\u00bbpost_content\u00bb _builder_version=\u00bb4.27.4&#8243; _module_preset=\u00bbdefault\u00bb hover_enabled=\u00bb0&#8243; sticky_enabled=\u00bb0&#8243;][et_pb_row _builder_version=\u00bb4.27.4&#8243; _module_preset=\u00bbdefault\u00bb theme_builder_area=\u00bbpost_content\u00bb width=\u00bb85%\u00bb max_width=\u00bb1278px\u00bb module_alignment=\u00bbcenter\u00bb border_width_bottom=\u00bb3px\u00bb hover_enabled=\u00bb0&#8243; sticky_enabled=\u00bb0&#8243; custom_margin=\u00bb|||56px|false|false\u00bb][et_pb_column _builder_version=\u00bb4.27.4&#8243; _module_preset=\u00bbdefault\u00bb type=\u00bb4_4&#8243; theme_builder_area=\u00bbpost_content\u00bb][et_pb_text _builder_version=\u00bb4.27.4&#8243; _module_preset=\u00bbdefault\u00bb theme_builder_area=\u00bbpost_content\u00bb text_font=\u00bbAntic||||||||\u00bb text_font_size=\u00bb33px\u00bb hover_enabled=\u00bb0&#8243; sticky_enabled=\u00bb0&#8243; text_line_height=\u00bb1.6em\u00bb]<\/p>\n<p>Soy Sacha, la mirada detr\u00e1s de Atalier Gadira<\/p>\n<p>[\/et_pb_text][\/et_pb_column][\/et_pb_row][\/et_pb_section][et_pb_section fb_built=\u00bb1&#8243; theme_builder_area=\u00bbpost_content\u00bb _builder_version=\u00bb4.27.4&#8243; _module_preset=\u00bbdefault\u00bb][et_pb_row _builder_version=\u00bb4.27.4&#8243; _module_preset=\u00bbdefault\u00bb column_structure=\u00bb2_5,3_5&#8243; theme_builder_area=\u00bbpost_content\u00bb title_text=\u00bbyoo\u00bb background_image=\u00bbhttps:\/\/interiores.escuelaartegranada.com\/asacianavarro\/wp-content\/uploads\/sites\/91\/2025\/04\/yoo.pdf\u00bb hover_enabled=\u00bb0&#8243; sticky_enabled=\u00bb0&#8243;][et_pb_column _builder_version=\u00bb4.27.4&#8243; _module_preset=\u00bbdefault\u00bb type=\u00bb2_5&#8243; theme_builder_area=\u00bbpost_content\u00bb][et_pb_image src=\u00bbhttps:\/\/interiores.escuelaartegranada.com\/asacianavarro\/wp-content\/uploads\/sites\/91\/2025\/04\/yo-scaled.jpg\u00bb _builder_version=\u00bb4.27.4&#8243; _module_preset=\u00bbdefault\u00bb theme_builder_area=\u00bbpost_content\u00bb hover_enabled=\u00bb0&#8243; sticky_enabled=\u00bb0&#8243; title_text=\u00bbyo.\u00bb width=\u00bb70%\u00bb][\/et_pb_image][\/et_pb_column][et_pb_column _builder_version=\u00bb4.27.4&#8243; _module_preset=\u00bbdefault\u00bb type=\u00bb3_5&#8243; theme_builder_area=\u00bbpost_content\u00bb][et_pb_text _builder_version=\u00bb4.27.4&#8243; _module_preset=\u00bbdefault\u00bb theme_builder_area=\u00bbpost_content\u00bb hover_enabled=\u00bb0&#8243; sticky_enabled=\u00bb0&#8243; text_font=\u00bbAntic||||||||\u00bb text_text_color=\u00bb#232323&#8243; text_font_size=\u00bb18px\u00bb text_letter_spacing=\u00bb2px\u00bb text_orientation=\u00bbjustified\u00bb]<\/p>\n<p><span data-olk-copy-source=\"MessageBody\">Nac\u00ed en Pamplona y desde muy joven he sentido una profunda conexi\u00f3n con los espacios, los objetos y las emociones que despiertan. La vida me llev\u00f3 al sur, y all\u00ed encontr\u00e9 mi lenguaje est\u00e9tico: luminoso, sobrio y arraigado<\/span><\/p>\n<p><span>Soy madre de tres hijos, viajera incansable y emprendedora de alma.<\/span><\/p>\n<p><span>Cada proyecto que emprendo es un reflejo de esa mezcla: sensibilidad, intuici\u00f3n y estructura.<\/span><\/p>\n<p><span>Creo que el interiorismo no es solo una cuesti\u00f3n de estilo, sino de identidad. Me gusta pensar que dise\u00f1o lugares donde quedarse, habitar y ser.<\/span><\/p>\n<p>[\/et_pb_text][\/et_pb_column][\/et_pb_row][\/et_pb_section]<\/p>\n","protected":false},"excerpt":{"rendered":"<p>Soy Sacha, la mirada detr\u00e1s de Atalier GadiraNac\u00ed en Pamplona y desde muy joven he sentido una profunda conexi\u00f3n con los espacios, los objetos y las emociones que despiertan. La vida me llev\u00f3 al sur, y all\u00ed encontr\u00e9 mi lenguaje est\u00e9tico: luminoso, sobrio y arraigado Soy madre de tres hijos, viajera incansable y emprendedora de [&hellip;]<\/p>\n","protected":false},"author":83,"featured_media":0,"parent":0,"menu_order":0,"comment_status":"closed","ping_status":"closed","template":"","meta":{"_et_pb_use_builder":"on","_et_pb_old_content":"","_et_gb_content_width":"","footnotes":""},"class_list":["post-41","page","type-page","status-publish","hentry"],"yoast_head":"<!-- This site is optimized with the Yoast SEO plugin v24.5 - https:\/\/yoast.com\/wordpress\/plugins\/seo\/ -->\n<title>SOBRE M\u00cd - Porfolio Interiores<\/title>\n<meta name=\"robots\" content=\"index, follow, max-snippet:-1, max-image-preview:large, max-video-preview:-1\" \/>\n<link rel=\"canonical\" href=\"https:\/\/interiores.escuelaartegranada.com\/asacianavarro\/sobre-mi\/\" \/>\n<meta property=\"og:locale\" content=\"es_ES\" \/>\n<meta property=\"og:type\" content=\"article\" \/>\n<meta property=\"og:title\" content=\"SOBRE M\u00cd - Porfolio Interiores\" \/>\n<meta property=\"og:description\" content=\"Soy Sacha, la mirada detr\u00e1s de Atalier GadiraNac\u00ed en Pamplona y desde muy joven he sentido una profunda conexi\u00f3n con los espacios, los objetos y las emociones que despiertan. La vida me llev\u00f3 al sur, y all\u00ed encontr\u00e9 mi lenguaje est\u00e9tico: luminoso, sobrio y arraigado Soy madre de tres hijos, viajera incansable y emprendedora de [&hellip;]\" \/>\n<meta property=\"og:url\" content=\"https:\/\/interiores.escuelaartegranada.com\/asacianavarro\/sobre-mi\/\" \/>\n<meta property=\"og:site_name\" content=\"Porfolio Interiores\" \/>\n<meta property=\"article:modified_time\" content=\"2025-04-01T07:57:50+00:00\" \/>\n<meta name=\"twitter:card\" content=\"summary_large_image\" \/>\n<script type=\"application\/ld+json\" class=\"yoast-schema-graph\">{\"@context\":\"https:\/\/schema.org\",\"@graph\":[{\"@type\":\"WebPage\",\"@id\":\"https:\/\/interiores.escuelaartegranada.com\/asacianavarro\/sobre-mi\/\",\"url\":\"https:\/\/interiores.escuelaartegranada.com\/asacianavarro\/sobre-mi\/\",\"name\":\"SOBRE M\u00cd - Porfolio Interiores\",\"isPartOf\":{\"@id\":\"https:\/\/interiores.escuelaartegranada.com\/asacianavarro\/#website\"},\"datePublished\":\"2025-04-01T07:26:02+00:00\",\"dateModified\":\"2025-04-01T07:57:50+00:00\",\"breadcrumb\":{\"@id\":\"https:\/\/interiores.escuelaartegranada.com\/asacianavarro\/sobre-mi\/#breadcrumb\"},\"inLanguage\":\"es\",\"potentialAction\":[{\"@type\":\"ReadAction\",\"target\":[\"https:\/\/interiores.escuelaartegranada.com\/asacianavarro\/sobre-mi\/\"]}]},{\"@type\":\"BreadcrumbList\",\"@id\":\"https:\/\/interiores.escuelaartegranada.com\/asacianavarro\/sobre-mi\/#breadcrumb\",\"itemListElement\":[{\"@type\":\"ListItem\",\"position\":1,\"name\":\"Portada\",\"item\":\"https:\/\/interiores.escuelaartegranada.com\/asacianavarro\/\"},{\"@type\":\"ListItem\",\"position\":2,\"name\":\"SOBRE M\u00cd\"}]},{\"@type\":\"WebSite\",\"@id\":\"https:\/\/interiores.escuelaartegranada.com\/asacianavarro\/#website\",\"url\":\"https:\/\/interiores.escuelaartegranada.com\/asacianavarro\/\",\"name\":\"Porfolio Interiores\",\"description\":\"\",\"potentialAction\":[{\"@type\":\"SearchAction\",\"target\":{\"@type\":\"EntryPoint\",\"urlTemplate\":\"https:\/\/interiores.escuelaartegranada.com\/asacianavarro\/?s={search_term_string}\"},\"query-input\":{\"@type\":\"PropertyValueSpecification\",\"valueRequired\":true,\"valueName\":\"search_term_string\"}}],\"inLanguage\":\"es\"}]}<\/script>\n<!-- \/ Yoast SEO plugin. -->","yoast_head_json":{"title":"SOBRE M\u00cd - Porfolio Interiores","robots":{"index":"index","follow":"follow","max-snippet":"max-snippet:-1","max-image-preview":"max-image-preview:large","max-video-preview":"max-video-preview:-1"},"canonical":"https:\/\/interiores.escuelaartegranada.com\/asacianavarro\/sobre-mi\/","og_locale":"es_ES","og_type":"article","og_title":"SOBRE M\u00cd - Porfolio Interiores","og_description":"Soy Sacha, la mirada detr\u00e1s de Atalier GadiraNac\u00ed en Pamplona y desde muy joven he sentido una profunda conexi\u00f3n con los espacios, los objetos y las emociones que despiertan. La vida me llev\u00f3 al sur, y all\u00ed encontr\u00e9 mi lenguaje est\u00e9tico: luminoso, sobrio y arraigado Soy madre de tres hijos, viajera incansable y emprendedora de [&hellip;]","og_url":"https:\/\/interiores.escuelaartegranada.com\/asacianavarro\/sobre-mi\/","og_site_name":"Porfolio Interiores","article_modified_time":"2025-04-01T07:57:50+00:00","twitter_card":"summary_large_image","schema":{"@context":"https:\/\/schema.org","@graph":[{"@type":"WebPage","@id":"https:\/\/interiores.escuelaartegranada.com\/asacianavarro\/sobre-mi\/","url":"https:\/\/interiores.escuelaartegranada.com\/asacianavarro\/sobre-mi\/","name":"SOBRE M\u00cd - Porfolio Interiores","isPartOf":{"@id":"https:\/\/interiores.escuelaartegranada.com\/asacianavarro\/#website"},"datePublished":"2025-04-01T07:26:02+00:00","dateModified":"2025-04-01T07:57:50+00:00","breadcrumb":{"@id":"https:\/\/interiores.escuelaartegranada.com\/asacianavarro\/sobre-mi\/#breadcrumb"},"inLanguage":"es","potentialAction":[{"@type":"ReadAction","target":["https:\/\/interiores.escuelaartegranada.com\/asacianavarro\/sobre-mi\/"]}]},{"@type":"BreadcrumbList","@id":"https:\/\/interiores.escuelaartegranada.com\/asacianavarro\/sobre-mi\/#breadcrumb","itemListElement":[{"@type":"ListItem","position":1,"name":"Portada","item":"https:\/\/interiores.escuelaartegranada.com\/asacianavarro\/"},{"@type":"ListItem","position":2,"name":"SOBRE M\u00cd"}]},{"@type":"WebSite","@id":"https:\/\/interiores.escuelaartegranada.com\/asacianavarro\/#website","url":"https:\/\/interiores.escuelaartegranada.com\/asacianavarro\/","name":"Porfolio Interiores","description":"","potentialAction":[{"@type":"SearchAction","target":{"@type":"EntryPoint","urlTemplate":"https:\/\/interiores.escuelaartegranada.com\/asacianavarro\/?s={search_term_string}"},"query-input":{"@type":"PropertyValueSpecification","valueRequired":true,"valueName":"search_term_string"}}],"inLanguage":"es"}]}},"_links":{"self":[{"href":"https:\/\/interiores.escuelaartegranada.com\/asacianavarro\/wp-json\/wp\/v2\/pages\/41","targetHints":{"allow":["GET"]}}],"collection":[{"href":"https:\/\/interiores.escuelaartegranada.com\/asacianavarro\/wp-json\/wp\/v2\/pages"}],"about":[{"href":"https:\/\/interiores.escuelaartegranada.com\/asacianavarro\/wp-json\/wp\/v2\/types\/page"}],"author":[{"embeddable":true,"href":"https:\/\/interiores.escuelaartegranada.com\/asacianavarro\/wp-json\/wp\/v2\/users\/83"}],"replies":[{"embeddable":true,"href":"https:\/\/interiores.escuelaartegranada.com\/asacianavarro\/wp-json\/wp\/v2\/comments?post=41"}],"version-history":[{"count":4,"href":"https:\/\/interiores.escuelaartegranada.com\/asacianavarro\/wp-json\/wp\/v2\/pages\/41\/revisions"}],"predecessor-version":[{"id":48,"href":"https:\/\/interiores.escuelaartegranada.com\/asacianavarro\/wp-json\/wp\/v2\/pages\/41\/revisions\/48"}],"wp:attachment":[{"href":"https:\/\/interiores.escuelaartegranada.com\/asacianavarro\/wp-json\/wp\/v2\/media?parent=41"}],"curies":[{"name":"wp","href":"https:\/\/api.w.org\/{rel}","templated":true}]}}