{"id":14,"date":"2024-04-11T09:39:32","date_gmt":"2024-04-11T09:39:32","guid":{"rendered":"https:\/\/interiores.escuelaartegranada.com\/cayetanonavarra\/?page_id=14"},"modified":"2024-05-09T11:01:47","modified_gmt":"2024-05-09T11:01:47","slug":"inicio","status":"publish","type":"page","link":"https:\/\/interiores.escuelaartegranada.com\/cayetanonavarra\/","title":{"rendered":"Inicio"},"content":{"rendered":"<p>[et_pb_section fb_built=\u00bb1&#8243; _builder_version=\u00bb4.24.3&#8243; _module_preset=\u00bbdefault\u00bb global_colors_info=\u00bb{}\u00bb][et_pb_row _builder_version=\u00bb4.24.3&#8243; _module_preset=\u00bbdefault\u00bb global_colors_info=\u00bb{}\u00bb][et_pb_column type=\u00bb4_4&#8243; _builder_version=\u00bb4.24.3&#8243; _module_preset=\u00bbdefault\u00bb global_colors_info=\u00bb{}\u00bb][et_pb_text _builder_version=\u00bb4.24.3&#8243; _module_preset=\u00bbdefault\u00bb custom_padding=\u00bb||0px|||\u00bb global_colors_info=\u00bb{}\u00bb]<\/p>\n<h3 style=\"text-align: justify\">Damos <strong>vida<\/strong> a tus espacios desde el dise\u00f1o de interiores.<\/h3>\n<p>[\/et_pb_text][\/et_pb_column][\/et_pb_row][et_pb_row column_structure=\u00bb1_4,1_4,1_2&#8243; make_equal=\u00bbon\u00bb _builder_version=\u00bb4.25.0&#8243; _module_preset=\u00bbdefault\u00bb custom_padding=\u00bb||0px|||\u00bb global_colors_info=\u00bb{}\u00bb][et_pb_column type=\u00bb1_4&#8243; _builder_version=\u00bb4.24.3&#8243; _module_preset=\u00bbdefault\u00bb global_colors_info=\u00bb{}\u00bb][et_pb_image src=\u00bbhttps:\/\/interiores.escuelaartegranada.com\/cayetanonavarra\/wp-content\/uploads\/sites\/72\/2024\/05\/mi-foto.jpg\u00bb title_text=\u00bbmi foto\u00bb _builder_version=\u00bb4.25.0&#8243; _module_preset=\u00bbdefault\u00bb global_colors_info=\u00bb{}\u00bb][\/et_pb_image][et_pb_image src=\u00bbhttps:\/\/interiores.escuelaartegranada.com\/cayetanonavarra\/wp-content\/uploads\/sites\/72\/2024\/04\/logo-largo-sin-fondo-1.png\u00bb title_text=\u00bblogo largo sin fondo\u00bb _builder_version=\u00bb4.24.3&#8243; _module_preset=\u00bbdefault\u00bb global_colors_info=\u00bb{}\u00bb][\/et_pb_image][\/et_pb_column][et_pb_column type=\u00bb1_4&#8243; _builder_version=\u00bb4.24.3&#8243; _module_preset=\u00bbdefault\u00bb global_colors_info=\u00bb{}\u00bb][et_pb_text _builder_version=\u00bb4.25.0&#8243; _module_preset=\u00bbdefault\u00bb text_line_height=\u00bb1.5em\u00bb width=\u00bb100%\u00bb max_width=\u00bb100%\u00bb max_height=\u00bb1000px\u00bb global_colors_info=\u00bb{}\u00bb]<\/p>\n<h3 style=\"text-align: justify\">\u00a1Hola!<\/h3>\n<p style=\"text-align: justify\">Perm\u00edteme un minuto para presentarme. Me llamo Cayetano N. Rodr\u00edguez y soy dise\u00f1ador de interiores.<\/p>\n<p style=\"text-align: justify\">Un espacio es un lugar que nos transmite, que nos hace sentir, un lugar donde vivir experiencias.<\/p>\n<p style=\"text-align: justify\">El dise\u00f1o del mismo y la elecci\u00f3n de todos los detalles es un proceso apasionante, \u00bfme acompa\u00f1as?.<\/p>\n<p>&nbsp;<\/p>\n<p>[\/et_pb_text][\/et_pb_column][et_pb_column type=\u00bb1_2&#8243; _builder_version=\u00bb4.24.3&#8243; _module_preset=\u00bbdefault\u00bb global_colors_info=\u00bb{}\u00bb][et_pb_image src=\u00bbhttps:\/\/interiores.escuelaartegranada.com\/cayetanonavarra\/wp-content\/uploads\/sites\/72\/2024\/04\/buganvilla.jpg\u00bb title_text=\u00bbbuganvilla\u00bb _builder_version=\u00bb4.25.0&#8243; _module_preset=\u00bbdefault\u00bb width=\u00bb59%\u00bb global_colors_info=\u00bb{}\u00bb][\/et_pb_image][\/et_pb_column][\/et_pb_row][et_pb_row column_structure=\u00bb1_2,1_2&#8243; _builder_version=\u00bb4.24.3&#8243; _module_preset=\u00bbdefault\u00bb global_colors_info=\u00bb{}\u00bb][et_pb_column type=\u00bb1_2&#8243; _builder_version=\u00bb4.24.3&#8243; _module_preset=\u00bbdefault\u00bb global_colors_info=\u00bb{}\u00bb][et_pb_text _builder_version=\u00bb4.25.0&#8243; _module_preset=\u00bbdefault\u00bb hover_enabled=\u00bb0&#8243; global_colors_info=\u00bb{}\u00bb sticky_enabled=\u00bb0&#8243;]<\/p>\n<h3>\u00bfQu\u00e9 hacemos?<\/h3>\n<p>&nbsp;<\/p>\n<p>Planimetr\u00eda y renderizado 3D.<\/p>\n<p>Reformas. Contamos con un equipo de profesionales especializados.<\/p>\n<p>Dise\u00f1o de espacios verdes (interiores y exteriores): Planta natural, planta artificial y preservada, jardines verticales.<\/p>\n<p>Proyectos de decoraci\u00f3n: Mobiliario, textil, iluminaci\u00f3n, decoraci\u00f3n y arte.<\/p>\n<p>[\/et_pb_text][\/et_pb_column][et_pb_column type=\u00bb1_2&#8243; _builder_version=\u00bb4.24.3&#8243; _module_preset=\u00bbdefault\u00bb global_colors_info=\u00bb{}\u00bb][et_pb_image src=\u00bbhttps:\/\/interiores.escuelaartegranada.com\/cayetanonavarra\/wp-content\/uploads\/sites\/72\/2024\/04\/plano.png\u00bb title_text=\u00bbplano\u00bb _builder_version=\u00bb4.24.3&#8243; _module_preset=\u00bbdefault\u00bb global_colors_info=\u00bb{}\u00bb][\/et_pb_image][\/et_pb_column][\/et_pb_row][et_pb_row _builder_version=\u00bb4.24.3&#8243; _module_preset=\u00bbdefault\u00bb global_colors_info=\u00bb{}\u00bb][et_pb_column type=\u00bb4_4&#8243; _builder_version=\u00bb4.24.3&#8243; _module_preset=\u00bbdefault\u00bb global_colors_info=\u00bb{}\u00bb][et_pb_text _builder_version=\u00bb4.24.3&#8243; _module_preset=\u00bbdefault\u00bb global_colors_info=\u00bb{}\u00bb]<\/p>\n<h3>Nuestros proyectos<\/h3>\n<p>[\/et_pb_text][\/et_pb_column][\/et_pb_row][et_pb_row _builder_version=\u00bb4.25.0&#8243; _module_preset=\u00bbdefault\u00bb global_colors_info=\u00bb{}\u00bb][et_pb_column type=\u00bb4_4&#8243; _builder_version=\u00bb4.24.3&#8243; _module_preset=\u00bbdefault\u00bb global_colors_info=\u00bb{}\u00bb][et_pb_portfolio fullwidth=\u00bboff\u00bb posts_number=\u00bb3&#8243; _builder_version=\u00bb4.25.0&#8243; _module_preset=\u00bbdefault\u00bb global_colors_info=\u00bb{}\u00bb][\/et_pb_portfolio][\/et_pb_column][\/et_pb_row][et_pb_row _builder_version=\u00bb4.24.3&#8243; _module_preset=\u00bbdefault\u00bb global_colors_info=\u00bb{}\u00bb][et_pb_column type=\u00bb4_4&#8243; _builder_version=\u00bb4.24.3&#8243; _module_preset=\u00bbdefault\u00bb global_colors_info=\u00bb{}\u00bb][et_pb_text _builder_version=\u00bb4.24.3&#8243; _module_preset=\u00bbdefault\u00bb global_colors_info=\u00bb{}\u00bb]<\/p>\n<h3>Contacto<\/h3>\n<p>&nbsp;<\/p>\n<p>Tel\u00e9fono: 637379622<\/p>\n<p>Email: <a href=\"mailto:cayetanonavarra@gmial.com\">cayetanonavarra@gmail.com<\/a><\/p>\n<p>&nbsp;<\/p>\n<p>[\/et_pb_text][\/et_pb_column][\/et_pb_row][\/et_pb_section]<\/p>\n","protected":false},"excerpt":{"rendered":"<p>Damos vida a tus espacios desde el dise\u00f1o de interiores.\u00a1Hola! Perm\u00edteme un minuto para presentarme. Me llamo Cayetano N. Rodr\u00edguez y soy dise\u00f1ador de interiores. Un espacio es un lugar que nos transmite, que nos hace sentir, un lugar donde vivir experiencias. El dise\u00f1o del mismo y la elecci\u00f3n de todos los detalles es un [&hellip;]<\/p>\n","protected":false},"author":71,"featured_media":0,"parent":0,"menu_order":0,"comment_status":"closed","ping_status":"closed","template":"","meta":{"_et_pb_use_builder":"on","_et_pb_old_content":"","_et_gb_content_width":"","footnotes":""},"class_list":["post-14","page","type-page","status-publish","hentry"],"yoast_head":"<!-- This site is optimized with the Yoast SEO plugin v24.5 - https:\/\/yoast.com\/wordpress\/plugins\/seo\/ -->\n<title>Inicio - Portfolio Cayetano<\/title>\n<meta name=\"robots\" content=\"index, follow, max-snippet:-1, max-image-preview:large, max-video-preview:-1\" \/>\n<link rel=\"canonical\" href=\"https:\/\/interiores.escuelaartegranada.com\/cayetanonavarra\/\" \/>\n<meta property=\"og:locale\" content=\"es_ES\" \/>\n<meta property=\"og:type\" content=\"article\" \/>\n<meta property=\"og:title\" content=\"Inicio - Portfolio Cayetano\" \/>\n<meta property=\"og:description\" content=\"Damos vida a tus espacios desde el dise\u00f1o de interiores.\u00a1Hola! Perm\u00edteme un minuto para presentarme. Me llamo Cayetano N. Rodr\u00edguez y soy dise\u00f1ador de interiores. Un espacio es un lugar que nos transmite, que nos hace sentir, un lugar donde vivir experiencias. El dise\u00f1o del mismo y la elecci\u00f3n de todos los detalles es un [&hellip;]\" \/>\n<meta property=\"og:url\" content=\"https:\/\/interiores.escuelaartegranada.com\/cayetanonavarra\/\" \/>\n<meta property=\"og:site_name\" content=\"Portfolio Cayetano\" \/>\n<meta property=\"article:modified_time\" content=\"2024-05-09T11:01:47+00:00\" \/>\n<meta name=\"twitter:card\" content=\"summary_large_image\" \/>\n<meta name=\"twitter:label1\" content=\"Tiempo de lectura\" \/>\n\t<meta name=\"twitter:data1\" content=\"2 minutos\" \/>\n<script type=\"application\/ld+json\" class=\"yoast-schema-graph\">{\"@context\":\"https:\/\/schema.org\",\"@graph\":[{\"@type\":\"WebPage\",\"@id\":\"https:\/\/interiores.escuelaartegranada.com\/cayetanonavarra\/\",\"url\":\"https:\/\/interiores.escuelaartegranada.com\/cayetanonavarra\/\",\"name\":\"Inicio - Portfolio Cayetano\",\"isPartOf\":{\"@id\":\"https:\/\/interiores.escuelaartegranada.com\/cayetanonavarra\/#website\"},\"datePublished\":\"2024-04-11T09:39:32+00:00\",\"dateModified\":\"2024-05-09T11:01:47+00:00\",\"breadcrumb\":{\"@id\":\"https:\/\/interiores.escuelaartegranada.com\/cayetanonavarra\/#breadcrumb\"},\"inLanguage\":\"es\",\"potentialAction\":[{\"@type\":\"ReadAction\",\"target\":[\"https:\/\/interiores.escuelaartegranada.com\/cayetanonavarra\/\"]}]},{\"@type\":\"BreadcrumbList\",\"@id\":\"https:\/\/interiores.escuelaartegranada.com\/cayetanonavarra\/#breadcrumb\",\"itemListElement\":[{\"@type\":\"ListItem\",\"position\":1,\"name\":\"Portada\",\"item\":\"https:\/\/interiores.escuelaartegranada.com\/cayetanonavarra\/\"},{\"@type\":\"ListItem\",\"position\":2,\"name\":\"Inicio\"}]},{\"@type\":\"WebSite\",\"@id\":\"https:\/\/interiores.escuelaartegranada.com\/cayetanonavarra\/#website\",\"url\":\"https:\/\/interiores.escuelaartegranada.com\/cayetanonavarra\/\",\"name\":\"Portfolio Cayetano\",\"description\":\"\",\"potentialAction\":[{\"@type\":\"SearchAction\",\"target\":{\"@type\":\"EntryPoint\",\"urlTemplate\":\"https:\/\/interiores.escuelaartegranada.com\/cayetanonavarra\/?s={search_term_string}\"},\"query-input\":{\"@type\":\"PropertyValueSpecification\",\"valueRequired\":true,\"valueName\":\"search_term_string\"}}],\"inLanguage\":\"es\"}]}<\/script>\n<!-- \/ Yoast SEO plugin. -->","yoast_head_json":{"title":"Inicio - Portfolio Cayetano","robots":{"index":"index","follow":"follow","max-snippet":"max-snippet:-1","max-image-preview":"max-image-preview:large","max-video-preview":"max-video-preview:-1"},"canonical":"https:\/\/interiores.escuelaartegranada.com\/cayetanonavarra\/","og_locale":"es_ES","og_type":"article","og_title":"Inicio - Portfolio Cayetano","og_description":"Damos vida a tus espacios desde el dise\u00f1o de interiores.\u00a1Hola! Perm\u00edteme un minuto para presentarme. Me llamo Cayetano N. Rodr\u00edguez y soy dise\u00f1ador de interiores. Un espacio es un lugar que nos transmite, que nos hace sentir, un lugar donde vivir experiencias. El dise\u00f1o del mismo y la elecci\u00f3n de todos los detalles es un [&hellip;]","og_url":"https:\/\/interiores.escuelaartegranada.com\/cayetanonavarra\/","og_site_name":"Portfolio Cayetano","article_modified_time":"2024-05-09T11:01:47+00:00","twitter_card":"summary_large_image","twitter_misc":{"Tiempo de lectura":"2 minutos"},"schema":{"@context":"https:\/\/schema.org","@graph":[{"@type":"WebPage","@id":"https:\/\/interiores.escuelaartegranada.com\/cayetanonavarra\/","url":"https:\/\/interiores.escuelaartegranada.com\/cayetanonavarra\/","name":"Inicio - Portfolio Cayetano","isPartOf":{"@id":"https:\/\/interiores.escuelaartegranada.com\/cayetanonavarra\/#website"},"datePublished":"2024-04-11T09:39:32+00:00","dateModified":"2024-05-09T11:01:47+00:00","breadcrumb":{"@id":"https:\/\/interiores.escuelaartegranada.com\/cayetanonavarra\/#breadcrumb"},"inLanguage":"es","potentialAction":[{"@type":"ReadAction","target":["https:\/\/interiores.escuelaartegranada.com\/cayetanonavarra\/"]}]},{"@type":"BreadcrumbList","@id":"https:\/\/interiores.escuelaartegranada.com\/cayetanonavarra\/#breadcrumb","itemListElement":[{"@type":"ListItem","position":1,"name":"Portada","item":"https:\/\/interiores.escuelaartegranada.com\/cayetanonavarra\/"},{"@type":"ListItem","position":2,"name":"Inicio"}]},{"@type":"WebSite","@id":"https:\/\/interiores.escuelaartegranada.com\/cayetanonavarra\/#website","url":"https:\/\/interiores.escuelaartegranada.com\/cayetanonavarra\/","name":"Portfolio Cayetano","description":"","potentialAction":[{"@type":"SearchAction","target":{"@type":"EntryPoint","urlTemplate":"https:\/\/interiores.escuelaartegranada.com\/cayetanonavarra\/?s={search_term_string}"},"query-input":{"@type":"PropertyValueSpecification","valueRequired":true,"valueName":"search_term_string"}}],"inLanguage":"es"}]}},"_links":{"self":[{"href":"https:\/\/interiores.escuelaartegranada.com\/cayetanonavarra\/wp-json\/wp\/v2\/pages\/14","targetHints":{"allow":["GET"]}}],"collection":[{"href":"https:\/\/interiores.escuelaartegranada.com\/cayetanonavarra\/wp-json\/wp\/v2\/pages"}],"about":[{"href":"https:\/\/interiores.escuelaartegranada.com\/cayetanonavarra\/wp-json\/wp\/v2\/types\/page"}],"author":[{"embeddable":true,"href":"https:\/\/interiores.escuelaartegranada.com\/cayetanonavarra\/wp-json\/wp\/v2\/users\/71"}],"replies":[{"embeddable":true,"href":"https:\/\/interiores.escuelaartegranada.com\/cayetanonavarra\/wp-json\/wp\/v2\/comments?post=14"}],"version-history":[{"count":28,"href":"https:\/\/interiores.escuelaartegranada.com\/cayetanonavarra\/wp-json\/wp\/v2\/pages\/14\/revisions"}],"predecessor-version":[{"id":111,"href":"https:\/\/interiores.escuelaartegranada.com\/cayetanonavarra\/wp-json\/wp\/v2\/pages\/14\/revisions\/111"}],"wp:attachment":[{"href":"https:\/\/interiores.escuelaartegranada.com\/cayetanonavarra\/wp-json\/wp\/v2\/media?parent=14"}],"curies":[{"name":"wp","href":"https:\/\/api.w.org\/{rel}","templated":true}]}}