{"id":81,"date":"2025-04-01T10:42:44","date_gmt":"2025-04-01T08:42:44","guid":{"rendered":"https:\/\/interiores.escuelaartegranada.com\/danielaguete\/?page_id=81"},"modified":"2025-07-04T23:10:37","modified_gmt":"2025-07-04T21:10:37","slug":"borrador-automatico-2","status":"publish","type":"page","link":"https:\/\/interiores.escuelaartegranada.com\/danielaguete\/borrador-automatico-2\/","title":{"rendered":"sobre mi"},"content":{"rendered":"<p>[et_pb_section fb_built=\u00bb1&#8243; admin_label=\u00bbHeader\u00bb _builder_version=\u00bb4.18.0&#8243; _module_preset=\u00bbdefault\u00bb global_colors_info=\u00bb{}\u00bb][et_pb_row column_structure=\u00bb1_4,1_2,1_4&#8243; make_equal=\u00bbon\u00bb _builder_version=\u00bb4.17.6&#8243; _module_preset=\u00bbdefault\u00bb width=\u00bbauto\u00bb max_width=\u00bbnone\u00bb module_alignment=\u00bbcenter\u00bb custom_margin=\u00bb|auto|2px|auto||\u00bb global_colors_info=\u00bb{}\u00bb][et_pb_column type=\u00bb1_4&#8243; _builder_version=\u00bb4.17.6&#8243; _module_preset=\u00bbdefault\u00bb background_image=\u00bbhttps:\/\/interiores.escuelaartegranada.com\/danielaguete\/wp-content\/uploads\/sites\/76\/2025\/03\/interior-designer-01.jpg\u00bb global_colors_info=\u00bb{}\u00bb][et_pb_divider show_divider=\u00bboff\u00bb _builder_version=\u00bb4.17.6&#8243; _module_preset=\u00bbdefault\u00bb min_height=\u00bb60vh\u00bb global_colors_info=\u00bb{}\u00bb][\/et_pb_divider][\/et_pb_column][et_pb_column type=\u00bb1_2&#8243; _builder_version=\u00bb4.17.6&#8243; _module_preset=\u00bbdefault\u00bb z_index=\u00bb10&#8243; custom_padding_tablet=\u00bb5%|10%|5%|10%|true|true\u00bb custom_padding_phone=\u00bb5%|10%|5%|10%|true|true\u00bb custom_padding_last_edited=\u00bbon|phone\u00bb global_colors_info=\u00bb{}\u00bb][et_pb_text _builder_version=\u00bb4.18.0&#8243; _module_preset=\u00bb381dae94-24d7-4aff-b920-d622376eafad\u00bb header_5_font=\u00bbSacramento||||||||\u00bb header_5_text_color=\u00bb#000000&#8243; header_5_font_size=\u00bb80px\u00bb header_5_line_height=\u00bb1.2em\u00bb custom_margin=\u00bb|-30%|||false|false\u00bb custom_margin_tablet=\u00bb|0%|||false|false\u00bb custom_margin_phone=\u00bb|0%|||false|false\u00bb custom_margin_last_edited=\u00bbon|desktop\u00bb header_5_font_size_tablet=\u00bb40px\u00bb header_5_font_size_phone=\u00bb34px\u00bb header_5_font_size_last_edited=\u00bbon|phone\u00bb global_colors_info=\u00bb{}\u00bb]<\/p>\n<h5>Daniela Aguete<\/h5>\n<p>[\/et_pb_text][et_pb_text _builder_version=\u00bb4.18.0&#8243; _module_preset=\u00bbd72c0383-6487-4f2c-ac5c-7d48a6376757&#8243; header_font=\u00bbKrona One|||on|||||\u00bb header_text_color=\u00bb#000000&#8243; header_font_size=\u00bb96px\u00bb header_line_height=\u00bb1.2em\u00bb custom_margin=\u00bb|-30%|||false|false\u00bb custom_margin_tablet=\u00bb|0%|||false|false\u00bb custom_margin_phone=\u00bb|0%|||false|false\u00bb custom_margin_last_edited=\u00bbon|desktop\u00bb header_font_size_tablet=\u00bb50px\u00bb header_font_size_phone=\u00bb30px\u00bb header_font_size_last_edited=\u00bbon|phone\u00bb global_colors_info=\u00bb{}\u00bb]<\/p>\n<h1>sobre mi<\/h1>\n<p>&nbsp;<br \/>\n[\/et_pb_text][et_pb_button button_text=\u00bbView Our Work\u00bb _builder_version=\u00bb4.18.0&#8243; _module_preset=\u00bba93bd5f4-85ca-4af8-aab9-5954042d5969&#8243; custom_button=\u00bbon\u00bb button_text_size=\u00bb14px\u00bb button_text_color=\u00bb#FFFFFF\u00bb button_bg_color=\u00bb#2B2521&#8243; button_border_width=\u00bb0px\u00bb button_border_radius=\u00bb0px\u00bb button_letter_spacing=\u00bb4px\u00bb button_font=\u00bbKrona One|||on|||||\u00bb custom_padding=\u00bb16px|24px|16px|24px|true|true\u00bb custom_padding_tablet=\u00bb16px|28px|16px|28px|true|true\u00bb custom_padding_phone=\u00bb14px|20px|14px|20px|true|true\u00bb custom_padding_last_edited=\u00bbon|phone\u00bb button_text_size_tablet=\u00bb15px\u00bb button_text_size_phone=\u00bb14px\u00bb button_text_size_last_edited=\u00bbon|tablet\u00bb global_colors_info=\u00bb{}\u00bb button_text_color__hover_enabled=\u00bboff|hover\u00bb button_bg_color__hover=\u00bb#372E2B\u00bb button_bg_color__hover_enabled=\u00bbon|hover\u00bb][\/et_pb_button][\/et_pb_column][et_pb_column type=\u00bb1_4&#8243; _builder_version=\u00bb4.17.6&#8243; _module_preset=\u00bbdefault\u00bb background_color=\u00bbgcid-e1bf1dd7-b74a-4938-a7b7-93ce77f0810f\u00bb global_colors_info=\u00bb{%22gcid-e1bf1dd7-b74a-4938-a7b7-93ce77f0810f%22:%91%22background_color%22%93}\u00bb][et_pb_image src=\u00bbhttps:\/\/interiores.escuelaartegranada.com\/danielaguete\/wp-content\/uploads\/sites\/76\/2025\/04\/interior-designer-02.jpg\u00bb title_text=\u00bbinterior-designer-02&#8243; _builder_version=\u00bb4.17.6&#8243; _module_preset=\u00bbdefault\u00bb custom_padding=\u00bb||20vh||false|false\u00bb locked=\u00bboff\u00bb global_colors_info=\u00bb{}\u00bb][\/et_pb_image][\/et_pb_column][\/et_pb_row][et_pb_row _builder_version=\u00bb4.27.4&#8243; _module_preset=\u00bbdefault\u00bb global_colors_info=\u00bb{}\u00bb][et_pb_column type=\u00bb4_4&#8243; _builder_version=\u00bb4.27.4&#8243; _module_preset=\u00bbdefault\u00bb global_colors_info=\u00bb{}\u00bb][et_pb_text _builder_version=\u00bb4.27.4&#8243; _module_preset=\u00bbdefault\u00bb custom_padding=\u00bb||0px|||\u00bb inline_fonts=\u00bbAlegreya Sans,Arapey,Amiri Quran,Average\u00bb global_colors_info=\u00bb{}\u00bb]<\/p>\n<div class=\"et_pb_column et_pb_column_1_2 et_pb_column_3  et_pb_css_mix_blend_mode_passthrough\">\n<div class=\"et_pb_module et_pb_text et_pb_text_2  et_pb_text_align_left et_pb_bg_layout_light\">\n<h2 class=\"et_pb_text_inner\"><span style=\"font-family: Average;font-weight: normal\"><span style=\"font-size: x-large\">\u00a0Daniela Aguete Garc\u00eda :\u00a0 Hola! yo soy Daniela y os voy a contar un poquito sobre mi. Tengo 21 a\u00f1os y soy de Granada. Actualmente estoy estudiando un m\u00e1ster de Dise\u00f1o de interiores y Arquitectura. Desde joven me ha apasionado el dise\u00f1o de espacios , y a mi familia , que tambi\u00e9n se se dedican a este campo, ha sido una gran inspiraci\u00f3n para que siga sus pasos <\/span>. <\/span><\/h2>\n<h2 class=\"et_pb_text_inner\"><span style=\"font-family: Average;font-size: x-large;font-weight: normal\"><\/span><\/h2>\n<h2 class=\"et_pb_text_inner\"><span style=\"font-family: 'Amiri Quran';font-size: x-large\"><span style=\"font-family: Average;font-weight: normal\">Adem\u00e1s de mi amor por el dise\u00f1o, la m\u00fasica es una de mis grandes pasiones , lo que probablemente influye en mi enfoque creativo hacia la creaci\u00f3n de ambiente ya que considero que el dise\u00f1o debe transmitir emociones y sensaciones, como lo hace la m\u00fasica en sus distintas formas . Estoy comprometida con la innovaci\u00f3n , la creatividad y la constante b\u00fasqueda de soluciones que hagan de cada espacio un lugar \u00fanico.<\/span><\/span><\/h2>\n<h2 class=\"et_pb_text_inner\"><span style=\"font-family: 'Amiri Quran';font-size: x-large\">A lo largo de mi trayectoria , he tenido la oportunidad de trabajar en varios proyectos, tanto acad\u00e9micos como personales, donde he podido poner en pr\u00e1ctica mis conocimientos y habilidades en dise\u00f1o 3D, planificaci\u00f3n de espacios y visualizaci\u00f3n de ideas. Estoy siempre en b\u00fasqueda de nuevas experiencias que me permitan crecer como profesional y perfeccionar mis capacidades<\/span><span style=\"font-family: 'Amiri Quran';font-size: x-large\">.<\/span><\/h2>\n<p><span style=\"font-family: 'Amiri Quran';font-size: x-large\"><\/span><\/p>\n<p><span style=\"font-family: 'Amiri Quran';font-size: x-large\"><\/span><\/p>\n<\/div>\n<\/div>\n<p>[\/et_pb_text][\/et_pb_column][\/et_pb_row][\/et_pb_section][et_pb_section fb_built=\u00bb1&#8243; admin_label=\u00bbService CTA\u00bb _builder_version=\u00bb4.18.0&#8243; _module_preset=\u00bbdefault\u00bb overflow-x=\u00bbhidden\u00bb overflow-y=\u00bbhidden\u00bb custom_padding=\u00bb54px|||||\u00bb global_colors_info=\u00bb{}\u00bb][\/et_pb_section]<\/p>\n","protected":false},"excerpt":{"rendered":"<p>Daniela Aguetesobre mi &nbsp; \u00a0Daniela Aguete Garc\u00eda :\u00a0 Hola! yo soy Daniela y os voy a contar un poquito sobre mi. Tengo 21 a\u00f1os y soy de Granada. Actualmente estoy estudiando un m\u00e1ster de Dise\u00f1o de interiores y Arquitectura. Desde joven me ha apasionado el dise\u00f1o de espacios , y a mi familia , que [&hellip;]<\/p>\n","protected":false},"author":75,"featured_media":0,"parent":0,"menu_order":0,"comment_status":"closed","ping_status":"closed","template":"","meta":{"_et_pb_use_builder":"on","_et_pb_old_content":"","_et_gb_content_width":"","footnotes":""},"class_list":["post-81","page","type-page","status-publish","hentry"],"yoast_head":"<!-- This site is optimized with the Yoast SEO plugin v24.5 - https:\/\/yoast.com\/wordpress\/plugins\/seo\/ -->\n<title>sobre mi - Daniela Aguete Portfolio<\/title>\n<meta name=\"robots\" content=\"index, follow, max-snippet:-1, max-image-preview:large, max-video-preview:-1\" \/>\n<link rel=\"canonical\" href=\"https:\/\/interiores.escuelaartegranada.com\/danielaguete\/borrador-automatico-2\/\" \/>\n<meta property=\"og:locale\" content=\"es_ES\" \/>\n<meta property=\"og:type\" content=\"article\" \/>\n<meta property=\"og:title\" content=\"sobre mi - Daniela Aguete Portfolio\" \/>\n<meta property=\"og:description\" content=\"Daniela Aguetesobre mi &nbsp; \u00a0Daniela Aguete Garc\u00eda :\u00a0 Hola! yo soy Daniela y os voy a contar un poquito sobre mi. Tengo 21 a\u00f1os y soy de Granada. Actualmente estoy estudiando un m\u00e1ster de Dise\u00f1o de interiores y Arquitectura. Desde joven me ha apasionado el dise\u00f1o de espacios , y a mi familia , que [&hellip;]\" \/>\n<meta property=\"og:url\" content=\"https:\/\/interiores.escuelaartegranada.com\/danielaguete\/borrador-automatico-2\/\" \/>\n<meta property=\"og:site_name\" content=\"Daniela Aguete Portfolio\" \/>\n<meta property=\"article:modified_time\" content=\"2025-07-04T21:10:37+00:00\" \/>\n<meta name=\"twitter:card\" content=\"summary_large_image\" \/>\n<meta name=\"twitter:label1\" content=\"Tiempo de lectura\" \/>\n\t<meta name=\"twitter:data1\" content=\"2 minutos\" \/>\n<script type=\"application\/ld+json\" class=\"yoast-schema-graph\">{\"@context\":\"https:\/\/schema.org\",\"@graph\":[{\"@type\":\"WebPage\",\"@id\":\"https:\/\/interiores.escuelaartegranada.com\/danielaguete\/borrador-automatico-2\/\",\"url\":\"https:\/\/interiores.escuelaartegranada.com\/danielaguete\/borrador-automatico-2\/\",\"name\":\"sobre mi - Daniela Aguete Portfolio\",\"isPartOf\":{\"@id\":\"https:\/\/interiores.escuelaartegranada.com\/danielaguete\/#website\"},\"datePublished\":\"2025-04-01T08:42:44+00:00\",\"dateModified\":\"2025-07-04T21:10:37+00:00\",\"breadcrumb\":{\"@id\":\"https:\/\/interiores.escuelaartegranada.com\/danielaguete\/borrador-automatico-2\/#breadcrumb\"},\"inLanguage\":\"es\",\"potentialAction\":[{\"@type\":\"ReadAction\",\"target\":[\"https:\/\/interiores.escuelaartegranada.com\/danielaguete\/borrador-automatico-2\/\"]}]},{\"@type\":\"BreadcrumbList\",\"@id\":\"https:\/\/interiores.escuelaartegranada.com\/danielaguete\/borrador-automatico-2\/#breadcrumb\",\"itemListElement\":[{\"@type\":\"ListItem\",\"position\":1,\"name\":\"Portada\",\"item\":\"https:\/\/interiores.escuelaartegranada.com\/danielaguete\/\"},{\"@type\":\"ListItem\",\"position\":2,\"name\":\"sobre mi\"}]},{\"@type\":\"WebSite\",\"@id\":\"https:\/\/interiores.escuelaartegranada.com\/danielaguete\/#website\",\"url\":\"https:\/\/interiores.escuelaartegranada.com\/danielaguete\/\",\"name\":\"Daniela Aguete Portfolio\",\"description\":\"\",\"potentialAction\":[{\"@type\":\"SearchAction\",\"target\":{\"@type\":\"EntryPoint\",\"urlTemplate\":\"https:\/\/interiores.escuelaartegranada.com\/danielaguete\/?s={search_term_string}\"},\"query-input\":{\"@type\":\"PropertyValueSpecification\",\"valueRequired\":true,\"valueName\":\"search_term_string\"}}],\"inLanguage\":\"es\"}]}<\/script>\n<!-- \/ Yoast SEO plugin. -->","yoast_head_json":{"title":"sobre mi - Daniela Aguete Portfolio","robots":{"index":"index","follow":"follow","max-snippet":"max-snippet:-1","max-image-preview":"max-image-preview:large","max-video-preview":"max-video-preview:-1"},"canonical":"https:\/\/interiores.escuelaartegranada.com\/danielaguete\/borrador-automatico-2\/","og_locale":"es_ES","og_type":"article","og_title":"sobre mi - Daniela Aguete Portfolio","og_description":"Daniela Aguetesobre mi &nbsp; \u00a0Daniela Aguete Garc\u00eda :\u00a0 Hola! yo soy Daniela y os voy a contar un poquito sobre mi. Tengo 21 a\u00f1os y soy de Granada. Actualmente estoy estudiando un m\u00e1ster de Dise\u00f1o de interiores y Arquitectura. Desde joven me ha apasionado el dise\u00f1o de espacios , y a mi familia , que [&hellip;]","og_url":"https:\/\/interiores.escuelaartegranada.com\/danielaguete\/borrador-automatico-2\/","og_site_name":"Daniela Aguete Portfolio","article_modified_time":"2025-07-04T21:10:37+00:00","twitter_card":"summary_large_image","twitter_misc":{"Tiempo de lectura":"2 minutos"},"schema":{"@context":"https:\/\/schema.org","@graph":[{"@type":"WebPage","@id":"https:\/\/interiores.escuelaartegranada.com\/danielaguete\/borrador-automatico-2\/","url":"https:\/\/interiores.escuelaartegranada.com\/danielaguete\/borrador-automatico-2\/","name":"sobre mi - Daniela Aguete Portfolio","isPartOf":{"@id":"https:\/\/interiores.escuelaartegranada.com\/danielaguete\/#website"},"datePublished":"2025-04-01T08:42:44+00:00","dateModified":"2025-07-04T21:10:37+00:00","breadcrumb":{"@id":"https:\/\/interiores.escuelaartegranada.com\/danielaguete\/borrador-automatico-2\/#breadcrumb"},"inLanguage":"es","potentialAction":[{"@type":"ReadAction","target":["https:\/\/interiores.escuelaartegranada.com\/danielaguete\/borrador-automatico-2\/"]}]},{"@type":"BreadcrumbList","@id":"https:\/\/interiores.escuelaartegranada.com\/danielaguete\/borrador-automatico-2\/#breadcrumb","itemListElement":[{"@type":"ListItem","position":1,"name":"Portada","item":"https:\/\/interiores.escuelaartegranada.com\/danielaguete\/"},{"@type":"ListItem","position":2,"name":"sobre mi"}]},{"@type":"WebSite","@id":"https:\/\/interiores.escuelaartegranada.com\/danielaguete\/#website","url":"https:\/\/interiores.escuelaartegranada.com\/danielaguete\/","name":"Daniela Aguete Portfolio","description":"","potentialAction":[{"@type":"SearchAction","target":{"@type":"EntryPoint","urlTemplate":"https:\/\/interiores.escuelaartegranada.com\/danielaguete\/?s={search_term_string}"},"query-input":{"@type":"PropertyValueSpecification","valueRequired":true,"valueName":"search_term_string"}}],"inLanguage":"es"}]}},"_links":{"self":[{"href":"https:\/\/interiores.escuelaartegranada.com\/danielaguete\/wp-json\/wp\/v2\/pages\/81","targetHints":{"allow":["GET"]}}],"collection":[{"href":"https:\/\/interiores.escuelaartegranada.com\/danielaguete\/wp-json\/wp\/v2\/pages"}],"about":[{"href":"https:\/\/interiores.escuelaartegranada.com\/danielaguete\/wp-json\/wp\/v2\/types\/page"}],"author":[{"embeddable":true,"href":"https:\/\/interiores.escuelaartegranada.com\/danielaguete\/wp-json\/wp\/v2\/users\/75"}],"replies":[{"embeddable":true,"href":"https:\/\/interiores.escuelaartegranada.com\/danielaguete\/wp-json\/wp\/v2\/comments?post=81"}],"version-history":[{"count":8,"href":"https:\/\/interiores.escuelaartegranada.com\/danielaguete\/wp-json\/wp\/v2\/pages\/81\/revisions"}],"predecessor-version":[{"id":141,"href":"https:\/\/interiores.escuelaartegranada.com\/danielaguete\/wp-json\/wp\/v2\/pages\/81\/revisions\/141"}],"wp:attachment":[{"href":"https:\/\/interiores.escuelaartegranada.com\/danielaguete\/wp-json\/wp\/v2\/media?parent=81"}],"curies":[{"name":"wp","href":"https:\/\/api.w.org\/{rel}","templated":true}]}}