{"id":106,"date":"2025-07-04T19:14:46","date_gmt":"2025-07-04T17:14:46","guid":{"rendered":"https:\/\/interiores.escuelaartegranada.com\/estibenviveros\/?page_id=106"},"modified":"2025-07-04T19:54:24","modified_gmt":"2025-07-04T17:54:24","slug":"borrador-automatico","status":"publish","type":"page","link":"https:\/\/interiores.escuelaartegranada.com\/estibenviveros\/borrador-automatico\/","title":{"rendered":"Borrador autom\u00e1tico"},"content":{"rendered":"<p>[et_pb_section fb_built=\u00bb1&#8243; admin_label=\u00bbHeader\u00bb _builder_version=\u00bb4.27.4&#8243; _module_preset=\u00bbdefault\u00bb background_color=\u00bbgcid-555f765c-f894-450b-b9e2-169a23b01a51&#8243; width=\u00bb94.1%\u00bb min_height=\u00bb1241.4px\u00bb custom_margin=\u00bb4vw|4vw|4vw|4vw|true|true\u00bb custom_margin_tablet=\u00bb30px|30px|30px|30px|true|true\u00bb custom_margin_phone=\u00bb20px|20px|20px|20px|true|true\u00bb custom_margin_last_edited=\u00bboff|desktop\u00bb custom_padding=\u00bb4vw||4vw|0px|true|false\u00bb collapsed=\u00bbon\u00bb global_colors_info=\u00bb{%22gcid-555f765c-f894-450b-b9e2-169a23b01a51%22:%91%22background_color%22%93}\u00bb][et_pb_row _builder_version=\u00bb4.24.2&#8243; _module_preset=\u00bbdefault\u00bb position_origin_a=\u00bbcenter_center\u00bb z_index=\u00bb10&#8243; position_origin_a_tablet=\u00bbcenter_center\u00bb position_origin_a_phone=\u00bbcenter_center\u00bb position_origin_a_last_edited=\u00bboff|desktop\u00bb position_origin_f_last_edited=\u00bboff|desktop\u00bb position_origin_r_last_edited=\u00bboff|desktop\u00bb width=\u00bb85%\u00bb max_width=\u00bbnone\u00bb custom_padding=\u00bb||||false|false\u00bb positioning_tablet=\u00bbnone\u00bb positioning_phone=\u00bbnone\u00bb positioning_last_edited=\u00bboff|desktop\u00bb global_colors_info=\u00bb{}\u00bb][et_pb_column type=\u00bb4_4&#8243; _builder_version=\u00bb4.24.2&#8243; _module_preset=\u00bbdefault\u00bb custom_padding=\u00bb12vw||8vw||false|false\u00bb global_colors_info=\u00bb{}\u00bb][et_pb_image src=\u00bbhttps:\/\/interiores.escuelaartegranada.com\/estibenviveros\/wp-content\/uploads\/sites\/90\/2025\/07\/WhatsApp-Image-2025-07-04-at-17.56.53.jpeg\u00bb title_text=\u00bbWhatsApp Image 2025-07-04 at 17.56.53&#8243; align=\u00bbcenter\u00bb _builder_version=\u00bb4.27.4&#8243; _module_preset=\u00bbdefault\u00bb positioning=\u00bbabsolute\u00bb position_origin_a=\u00bbtop_center\u00bb z_index=\u00bb-1&#8243; width=\u00bb100%\u00bb max_height=\u00bb40vw\u00bb custom_margin=\u00bb-51px|||||\u00bb border_radii=\u00bboff|1000px|1000px||\u00bb locked=\u00bboff\u00bb global_colors_info=\u00bb{}\u00bb][\/et_pb_image][et_pb_text _builder_version=\u00bb4.27.4&#8243; _module_preset=\u00bbdc1f57dc-f18a-4848-b546-d36345531c28&#8243; header_3_font_size=\u00bb2vw\u00bb custom_margin=\u00bb||10px||false|false\u00bb custom_padding=\u00bb||||false|false\u00bb global_colors_info=\u00bb{}\u00bb]<\/p>\n<h3>Dise\u00f1ador de Interiores<\/h3>\n<p>[\/et_pb_text][et_pb_text _builder_version=\u00bb4.24.2&#8243; _module_preset=\u00bb38846a94-c465-4355-9965-2ed1ed1f65f8&#8243; header_text_color=\u00bbgcid-f6d37c03-5d24-466a-817a-5f8f247bddac\u00bb header_font_size=\u00bb12vw\u00bb custom_margin=\u00bb||10px||false|false\u00bb global_colors_info=\u00bb{%22gcid-f6d37c03-5d24-466a-817a-5f8f247bddac%22:%91%22header_text_color%22%93}\u00bb]<\/p>\n<h1 style=\"text-align: center\">Estiben viveros<\/h1>\n<p>[\/et_pb_text][et_pb_text _builder_version=\u00bb4.27.4&#8243; _module_preset=\u00bbb4b1841f-3810-4681-9b44-c4f7f33861ac\u00bb text_orientation=\u00bbright\u00bb global_colors_info=\u00bb{}\u00bb]<\/p>\n<h6>Espa\u00f1a<\/h6>\n<p>[\/et_pb_text][et_pb_button button_text=\u00bbMi Trabajo\u00bb button_alignment=\u00bbright\u00bb button_alignment_tablet=\u00bbcenter\u00bb button_alignment_phone=\u00bbcenter\u00bb button_alignment_last_edited=\u00bbon|desktop\u00bb _builder_version=\u00bb4.27.4&#8243; _module_preset=\u00bb22ade6f2-65fc-4d69-86c4-183d07b38276&#8243; custom_margin=\u00bb30px||||false|false\u00bb locked=\u00bboff\u00bb global_colors_info=\u00bb{}\u00bb][\/et_pb_button][\/et_pb_column][\/et_pb_row][\/et_pb_section][et_pb_section fb_built=\u00bb1&#8243; admin_label=\u00bbAbout\u00bb _builder_version=\u00bb4.24.2&#8243; _module_preset=\u00bbdefault\u00bb min_height=\u00bb1004.1px\u00bb custom_margin=\u00bb-89px|||||\u00bb collapsed=\u00bbon\u00bb global_colors_info=\u00bb{}\u00bb][et_pb_row column_structure=\u00bb2_5,3_5&#8243; _builder_version=\u00bb4.27.4&#8243; _module_preset=\u00bbdefault\u00bb min_height=\u00bb1000px\u00bb height=\u00bb1000px\u00bb max_height=\u00bb1000px\u00bb custom_margin=\u00bb|auto||517px||\u00bb global_colors_info=\u00bb{}\u00bb][et_pb_column type=\u00bb2_5&#8243; _builder_version=\u00bb4.24.2&#8243; _module_preset=\u00bbdefault\u00bb global_colors_info=\u00bb{}\u00bb][et_pb_image src=\u00bbhttps:\/\/interiores.escuelaartegranada.com\/estibenviveros\/wp-content\/uploads\/sites\/90\/2025\/07\/WhatsApp-Image-2025-07-04-at-17.56.53-1.jpeg\u00bb title_text=\u00bbWhatsApp Image 2025-07-04 at 17.56.53 (1)\u00bb _builder_version=\u00bb4.27.4&#8243; _module_preset=\u00bbdefault\u00bb max_width=\u00bb250px\u00bb border_radii=\u00bboff|||500px|500px\u00bb global_colors_info=\u00bb{}\u00bb][\/et_pb_image][et_pb_text _builder_version=\u00bb4.27.4&#8243; _module_preset=\u00bb8bbda82b-e950-4867-8f22-7030e23e279a\u00bb text_font_size=\u00bb17px\u00bb max_width=\u00bb250px\u00bb max_width_tablet=\u00bb100%\u00bb max_width_phone=\u00bb100%\u00bb max_width_last_edited=\u00bbon|tablet\u00bb min_height=\u00bb165.4px\u00bb custom_margin=\u00bb1px|||||\u00bb global_colors_info=\u00bb{}\u00bb]<\/p>\n<p><span class=\"selected\">Soy un profesional <\/span><strong><span class=\"selected\">activo, servicial y con una actitud proactiva<\/span><\/strong><span class=\"selected\"> frente al aprendizaje. Mi pasi\u00f3n es el dise\u00f1o y la transformaci\u00f3n de espacios, y mi objetivo es superar tus expectativas en cada proyecto.<\/span><\/p>\n<p><span class=\"selected\"><\/span><\/p>\n<p><span class=\"selected\">Mi enfoque se basa en:<\/span><\/p>\n<p><span class=\"selected\"><\/span><\/p>\n<ul>\n<li><strong><span class=\"selected\">Actitud Proactiva:<\/span><\/strong><span class=\"selected\"> Anticipo tus necesidades y propongo soluciones innovadoras.<\/span><\/li>\n<li><strong><span class=\"selected\">Ganas de Aprender y Crecer:<\/span><\/strong><span class=\"selected\"> Me mantengo actualizado para ofrecerte lo mejor del mercado.<\/span><\/li>\n<li><strong><span class=\"selected\">Dedicaci\u00f3n y Pasi\u00f3n:<\/span><\/strong><span class=\"selected\"> Cada proyecto es una oportunidad para demostrar mi excelencia.<\/span><\/li>\n<li><strong><span class=\"selected\">Servicialidad:<\/span><\/strong><span class=\"selected\"> Tu satisfacci\u00f3n es mi prioridad, con un trato cercano y personalizado.<\/span><\/li>\n<li><strong><span class=\"selected\">Eficiencia:<\/span><\/strong><span class=\"selected\"> Organizaci\u00f3n y dinamismo para cumplir con los plazos y resultados esperados.<\/span><\/li>\n<\/ul>\n<p>[\/et_pb_text][\/et_pb_column][et_pb_column type=\u00bb3_5&#8243; _builder_version=\u00bb4.24.2&#8243; _module_preset=\u00bbdefault\u00bb global_colors_info=\u00bb{}\u00bb][et_pb_image src=\u00bbhttps:\/\/interiores.escuelaartegranada.com\/estibenviveros\/wp-content\/uploads\/sites\/90\/2025\/07\/WhatsApp-Image-2025-07-04-at-17.39.06.jpeg\u00bb title_text=\u00bbWhatsApp Image 2025-07-04 at 17.39.06&#8243; _builder_version=\u00bb4.27.4&#8243; _module_preset=\u00bbdefault\u00bb min_height=\u00bb1027.8px\u00bb global_colors_info=\u00bb{}\u00bb][\/et_pb_image][et_pb_text _builder_version=\u00bb4.27.4&#8243; _module_preset=\u00bbb4b1841f-3810-4681-9b44-c4f7f33861ac\u00bb text_font_size=\u00bb18px\u00bb global_colors_info=\u00bb{}\u00bb]<\/p>\n<ul>\n<li>\n<p><strong><span class=\"selected\">Pintor experto:<\/span><\/strong><span class=\"selected\"> Acabados impecables y duraderos.<\/span><\/p>\n<\/li>\n<li>\n<p><strong><span class=\"selected\">Interiorista con visi\u00f3n:<\/span><\/strong><span class=\"selected\"> Creaci\u00f3n de ambientes funcionales y est\u00e9ticos.<\/span><\/p>\n<\/li>\n<li>\n<p><strong><span class=\"selected\">Comprometido con el crecimiento:<\/span><\/strong><span class=\"selected\"> Siempre buscando nuevas t\u00e9cnicas y tendencias.<\/span><\/p>\n<\/li>\n<\/ul>\n<p>[\/et_pb_text][\/et_pb_column][\/et_pb_row][et_pb_row _builder_version=\u00bb4.27.4&#8243; _module_preset=\u00bbdefault\u00bb custom_margin=\u00bb322px|auto||auto||\u00bb custom_padding=\u00bb||2px|||\u00bb global_colors_info=\u00bb{}\u00bb][et_pb_column type=\u00bb4_4&#8243; _builder_version=\u00bb4.27.4&#8243; _module_preset=\u00bbdefault\u00bb global_colors_info=\u00bb{}\u00bb][et_pb_text _builder_version=\u00bb4.27.4&#8243; _module_preset=\u00bbdefault\u00bb text_font=\u00bbAbhaya Libre|&#8211;et_global_body_font_weight|||||||\u00bb text_font_size=\u00bb100px\u00bb text_line_height=\u00bb1.8em\u00bb global_colors_info=\u00bb{}\u00bb]<\/p>\n<p style=\"text-align: center\"><strong>SERVICIOS<\/strong><\/p>\n<p>[\/et_pb_text][\/et_pb_column][\/et_pb_row][et_pb_row column_structure=\u00bb1_2,1_2&#8243; _builder_version=\u00bb4.27.4&#8243; _module_preset=\u00bbdefault\u00bb custom_margin=\u00bb4px|auto||auto||\u00bb global_colors_info=\u00bb{}\u00bb][et_pb_column type=\u00bb1_2&#8243; _builder_version=\u00bb4.27.4&#8243; _module_preset=\u00bbdefault\u00bb global_colors_info=\u00bb{}\u00bb][et_pb_image src=\u00bbhttps:\/\/interiores.escuelaartegranada.com\/estibenviveros\/wp-content\/uploads\/sites\/90\/2025\/07\/WhatsApp-Image-2025-07-04-at-18.45.14.jpeg\u00bb title_text=\u00bbWhatsApp Image 2025-07-04 at 18.45.14&#8243; _builder_version=\u00bb4.27.4&#8243; _module_preset=\u00bbdefault\u00bb custom_padding=\u00bb||0px|||\u00bb global_colors_info=\u00bb{}\u00bb][\/et_pb_image][\/et_pb_column][et_pb_column type=\u00bb1_2&#8243; _builder_version=\u00bb4.27.4&#8243; _module_preset=\u00bbdefault\u00bb global_colors_info=\u00bb{}\u00bb][et_pb_image src=\u00bbhttps:\/\/interiores.escuelaartegranada.com\/estibenviveros\/wp-content\/uploads\/sites\/90\/2025\/03\/4.jpg\u00bb title_text=\u00bb4&#8243; _builder_version=\u00bb4.27.4&#8243; _module_preset=\u00bbdefault\u00bb global_colors_info=\u00bb{}\u00bb][\/et_pb_image][\/et_pb_column][\/et_pb_row][et_pb_row column_structure=\u00bb1_2,1_2&#8243; _builder_version=\u00bb4.27.4&#8243; _module_preset=\u00bbdefault\u00bb min_height=\u00bb78px\u00bb global_colors_info=\u00bb{}\u00bb][et_pb_column type=\u00bb1_2&#8243; _builder_version=\u00bb4.27.4&#8243; _module_preset=\u00bbdefault\u00bb global_colors_info=\u00bb{}\u00bb][et_pb_heading title=\u00bbPINTURA\u00bb _builder_version=\u00bb4.27.4&#8243; _module_preset=\u00bbdefault\u00bb title_text_align=\u00bbcenter\u00bb title_font_size=\u00bb33px\u00bb global_colors_info=\u00bb{}\u00bb][\/et_pb_heading][\/et_pb_column][et_pb_column type=\u00bb1_2&#8243; _builder_version=\u00bb4.27.4&#8243; _module_preset=\u00bbdefault\u00bb global_colors_info=\u00bb{}\u00bb][et_pb_heading title=\u00bbDISE\u00d1O\u00bb _builder_version=\u00bb4.27.4&#8243; _module_preset=\u00bbdefault\u00bb title_text_align=\u00bbcenter\u00bb global_colors_info=\u00bb{}\u00bb][\/et_pb_heading][\/et_pb_column][\/et_pb_row][et_pb_row column_structure=\u00bb1_2,1_2&#8243; _builder_version=\u00bb4.27.4&#8243; _module_preset=\u00bbdefault\u00bb global_colors_info=\u00bb{}\u00bb][et_pb_column type=\u00bb1_2&#8243; _builder_version=\u00bb4.27.4&#8243; _module_preset=\u00bbdefault\u00bb global_colors_info=\u00bb{}\u00bb][et_pb_text _builder_version=\u00bb4.27.4&#8243; _module_preset=\u00bbdefault\u00bb global_colors_info=\u00bb{}\u00bb]<\/p>\n<p>\u00a1Transforma tu hogar con un toque de color y profesionalidad!, somos expertos en darle vida a tus espacios a trav\u00e9s de servicios de pintura de alta calidad para reformas del hogar. Entendemos que tu casa es m\u00e1s que un simple lugar; es tu santuario, y nuestro objetivo es ayudarte a crear el ambiente perfecto con acabados impecables y duraderos.<\/p>\n<p>[\/et_pb_text][\/et_pb_column][et_pb_column type=\u00bb1_2&#8243; _builder_version=\u00bb4.27.4&#8243; _module_preset=\u00bbdefault\u00bb global_colors_info=\u00bb{}\u00bb][et_pb_text _builder_version=\u00bb4.27.4&#8243; _module_preset=\u00bbdefault\u00bb global_colors_info=\u00bb{}\u00bb]<\/p>\n<p>Somos especialistas en reformas integrales y dise\u00f1o de interiores, dedicados a crear ambientes que no solo son est\u00e9ticamente atractivos, sino tambi\u00e9n funcionales y personalizados a tus necesidades. Con una pasi\u00f3n por la excelencia y un compromiso inquebrantable con la satisfacci\u00f3n del cliente, convertimos tus ideas en realidad, gestionando cada proyecto desde la conceptualizaci\u00f3n hasta la entrega final con el m\u00e1ximo cuidado y profesionalidad.<\/p>\n<p>[\/et_pb_text][\/et_pb_column][\/et_pb_row][et_pb_row _builder_version=\u00bb4.24.2&#8243; _module_preset=\u00bbdefault\u00bb custom_margin=\u00bb71px|auto||auto||\u00bb global_colors_info=\u00bb{}\u00bb][et_pb_column type=\u00bb4_4&#8243; _builder_version=\u00bb4.24.2&#8243; _module_preset=\u00bbdefault\u00bb global_colors_info=\u00bb{}\u00bb][et_pb_text _builder_version=\u00bb4.27.4&#8243; _module_preset=\u00bbdc1f57dc-f18a-4848-b546-d36345531c28&#8243; text_font=\u00bbAcme||||||||\u00bb header_3_font=\u00bbInter||||||||\u00bb header_3_text_color=\u00bb#000000&#8243; text_orientation=\u00bbcenter\u00bb global_colors_info=\u00bb{}\u00bb]<\/p>\n<blockquote>\n<h3>Transparencia y claridad por que sabemos que lo que vales<\/h3>\n<\/blockquote>\n<p>[\/et_pb_text][\/et_pb_column][\/et_pb_row][\/et_pb_section][et_pb_section fb_built=\u00bb1&#8243; admin_label=\u00bbServices\u00bb _builder_version=\u00bb4.24.2&#8243; _module_preset=\u00bbdefault\u00bb background_color=\u00bbgcid-555f765c-f894-450b-b9e2-169a23b01a51&#8243; overflow-x=\u00bbhidden\u00bb overflow-y=\u00bbhidden\u00bb collapsed=\u00bbon\u00bb global_colors_info=\u00bb{%22gcid-555f765c-f894-450b-b9e2-169a23b01a51%22:%91%22background_color%22%93}\u00bb][et_pb_row column_structure=\u00bb3_5,2_5&#8243; _builder_version=\u00bb4.24.2&#8243; _module_preset=\u00bbdefault\u00bb global_colors_info=\u00bb{}\u00bb][et_pb_column type=\u00bb3_5&#8243; _builder_version=\u00bb4.24.2&#8243; _module_preset=\u00bbdefault\u00bb global_colors_info=\u00bb{}\u00bb][et_pb_image src=\u00bbhttps:\/\/interiores.escuelaartegranada.com\/estibenviveros\/wp-content\/uploads\/sites\/90\/2025\/07\/en-que-consiste-la-carrera-de-diseno-de-interiores_jir-1.jpg\u00bb title_text=\u00bben-que-consiste-la-carrera-de-diseno-de-interiores_jir\u00bb _builder_version=\u00bb4.27.4&#8243; _module_preset=\u00bbdefault\u00bb custom_padding=\u00bb0px|||||\u00bb global_colors_info=\u00bb{}\u00bb][\/et_pb_image][\/et_pb_column][et_pb_column type=\u00bb2_5&#8243; _builder_version=\u00bb4.24.2&#8243; _module_preset=\u00bbdefault\u00bb custom_padding=\u00bb100px||||false|false\u00bb custom_padding_tablet=\u00bb0px||||false|false\u00bb custom_padding_phone=\u00bb0vw||||false|false\u00bb custom_padding_last_edited=\u00bbon|desktop\u00bb global_colors_info=\u00bb{}\u00bb][et_pb_text _builder_version=\u00bb4.24.2&#8243; _module_preset=\u00bbdc1f57dc-f18a-4848-b546-d36345531c28&#8243; max_width=\u00bb280px\u00bb max_width_tablet=\u00bb100%\u00bb max_width_phone=\u00bb100%\u00bb max_width_last_edited=\u00bbon|tablet\u00bb custom_margin=\u00bb||10px||false|false\u00bb global_colors_info=\u00bb{}\u00bb]<\/p>\n<h3>Nuestra Filosofia<\/h3>\n<p>[\/et_pb_text][et_pb_text _builder_version=\u00bb4.24.2&#8243; _module_preset=\u00bb8bbda82b-e950-4867-8f22-7030e23e279a\u00bb max_width=\u00bb280px\u00bb max_width_tablet=\u00bb100%\u00bb max_width_phone=\u00bb100%\u00bb max_width_last_edited=\u00bbon|tablet\u00bb global_colors_info=\u00bb{}\u00bb]Etiam quis blandit erat. Donec laoreet libero non metus volutpat consequat in vel metus. Sed non augue id felis pellentesque congue et vitae tellus. Donec ullamcorper libero nisl, nec blandit dolor tempus feugiat. Aenean neque felis, fringilla nec placerat eget, sollicitudin a sapien. Cras ut auctor elit.[\/et_pb_text][\/et_pb_column][\/et_pb_row][et_pb_row column_structure=\u00bb3_5,2_5&#8243; _builder_version=\u00bb4.24.2&#8243; _module_preset=\u00bbdefault\u00bb global_colors_info=\u00bb{}\u00bb][et_pb_column type=\u00bb3_5&#8243; _builder_version=\u00bb4.24.2&#8243; _module_preset=\u00bbdefault\u00bb custom_padding=\u00bb100px||||false|false\u00bb custom_padding_tablet=\u00bb0px||||false|false\u00bb custom_padding_phone=\u00bb0vw||||false|false\u00bb custom_padding_last_edited=\u00bbon|tablet\u00bb global_colors_info=\u00bb{}\u00bb][et_pb_text _builder_version=\u00bb4.27.4&#8243; _module_preset=\u00bbdc1f57dc-f18a-4848-b546-d36345531c28&#8243; max_width=\u00bb335px\u00bb max_width_tablet=\u00bb100%\u00bb max_width_phone=\u00bb100%\u00bb max_width_last_edited=\u00bbon|tablet\u00bb module_alignment=\u00bbright\u00bb custom_margin=\u00bb||10px||false|false\u00bb locked=\u00bboff\u00bb global_colors_info=\u00bb{}\u00bb]<\/p>\n<h3>Nuestras Habilidades<\/h3>\n<p>[\/et_pb_text][et_pb_text _builder_version=\u00bb4.27.4&#8243; _module_preset=\u00bb8bbda82b-e950-4867-8f22-7030e23e279a\u00bb text_font_size=\u00bb18px\u00bb max_width=\u00bb334px\u00bb max_width_tablet=\u00bb100%\u00bb max_width_phone=\u00bb100%\u00bb max_width_last_edited=\u00bbon|tablet\u00bb module_alignment=\u00bbright\u00bb custom_margin=\u00bb|||61px||\u00bb custom_padding=\u00bb|||0px||\u00bb locked=\u00bboff\u00bb global_colors_info=\u00bb{}\u00bb]<\/p>\n<ul>\n<li>Autocad<\/li>\n<li>3D max<\/li>\n<li>Canvas<\/li>\n<li>Y oficios relacionados con reformas<\/li>\n<\/ul>\n<p>[\/et_pb_text][\/et_pb_column][et_pb_column type=\u00bb2_5&#8243; _builder_version=\u00bb4.24.2&#8243; _module_preset=\u00bbdefault\u00bb global_colors_info=\u00bb{}\u00bb][et_pb_image src=\u00bbhttps:\/\/interiores.escuelaartegranada.com\/estibenviveros\/wp-content\/uploads\/sites\/90\/2025\/07\/estrategias-exitosas-de-publicidad-para-empresas-de-reformas-f7d9f-1.jpg\u00bb title_text=\u00bbestrategias-exitosas-de-publicidad-para-empresas-de-reformas-f7d9f\u00bb _builder_version=\u00bb4.27.4&#8243; _module_preset=\u00bbdefault\u00bb width=\u00bb80%\u00bb module_alignment_tablet=\u00bb\u00bb module_alignment_phone=\u00bb\u00bb module_alignment_last_edited=\u00bbon|tablet\u00bb global_colors_info=\u00bb{}\u00bb][\/et_pb_image][\/et_pb_column][\/et_pb_row][\/et_pb_section][et_pb_section fb_built=\u00bb1&#8243; admin_label=\u00bbCollection\u00bb _builder_version=\u00bb4.24.2&#8243; _module_preset=\u00bbdefault\u00bb background_color=\u00bbgcid-f6d37c03-5d24-466a-817a-5f8f247bddac\u00bb collapsed=\u00bbon\u00bb global_colors_info=\u00bb{%22gcid-f6d37c03-5d24-466a-817a-5f8f247bddac%22:%91%22background_color%22%93}\u00bb][et_pb_row _builder_version=\u00bb4.24.2&#8243; _module_preset=\u00bbdefault\u00bb max_width=\u00bb1280px\u00bb global_colors_info=\u00bb{}\u00bb][et_pb_column type=\u00bb4_4&#8243; _builder_version=\u00bb4.24.2&#8243; _module_preset=\u00bbdefault\u00bb global_colors_info=\u00bb{}\u00bb][et_pb_text _builder_version=\u00bb4.27.4&#8243; _module_preset=\u00bb57803626-45d5-44f1-b3a2-cbd0723f7916&#8243; header_2_text_color=\u00bb#FFFFFF\u00bb text_orientation=\u00bbcenter\u00bb global_colors_info=\u00bb{}\u00bb]<\/p>\n<h2>MI TRABAJO<\/h2>\n<p>[\/et_pb_text][\/et_pb_column][\/et_pb_row][et_pb_row column_structure=\u00bb1_3,1_3,1_3&#8243; _builder_version=\u00bb4.24.2&#8243; _module_preset=\u00bbdefault\u00bb max_width=\u00bb1280px\u00bb global_colors_info=\u00bb{}\u00bb][et_pb_column type=\u00bb1_3&#8243; _builder_version=\u00bb4.24.2&#8243; _module_preset=\u00bbdefault\u00bb global_colors_info=\u00bb{}\u00bb][et_pb_image src=\u00bbhttps:\/\/interiores.escuelaartegranada.com\/estibenviveros\/wp-content\/uploads\/sites\/90\/2025\/07\/fashion-designer-04.jpg\u00bb title_text=\u00bbfashion-designer-04&#8243; show_in_lightbox=\u00bbon\u00bb _builder_version=\u00bb4.24.2&#8243; _module_preset=\u00bb858ba9cf-901e-41fc-8d8b-0ed7c20b2143&#8243; box_shadow_color=\u00bbgcid-f6d37c03-5d24-466a-817a-5f8f247bddac\u00bb global_colors_info=\u00bb{%22gcid-f6d37c03-5d24-466a-817a-5f8f247bddac%22:%91%22box_shadow_color%22%93}\u00bb][\/et_pb_image][et_pb_gallery _builder_version=\u00bb4.27.4&#8243; _module_preset=\u00bbdefault\u00bb global_colors_info=\u00bb{}\u00bb][\/et_pb_gallery][et_pb_text _builder_version=\u00bb4.27.4&#8243; _module_preset=\u00bbb4b1841f-3810-4681-9b44-c4f7f33861ac\u00bb header_6_text_color=\u00bb#FFFFFF\u00bb text_orientation=\u00bbcenter\u00bb custom_padding=\u00bb0px|||||\u00bb global_colors_info=\u00bb{}\u00bb]<\/p>\n<h6>RENDER<\/h6>\n<p>[\/et_pb_text][\/et_pb_column][et_pb_column type=\u00bb1_3&#8243; _builder_version=\u00bb4.24.2&#8243; _module_preset=\u00bbdefault\u00bb global_colors_info=\u00bb{}\u00bb][et_pb_image src=\u00bbhttps:\/\/interiores.escuelaartegranada.com\/estibenviveros\/wp-content\/uploads\/sites\/90\/2025\/07\/fashion-designer-05.jpg\u00bb title_text=\u00bbfashion-designer-05&#8243; show_in_lightbox=\u00bbon\u00bb _builder_version=\u00bb4.24.2&#8243; _module_preset=\u00bb858ba9cf-901e-41fc-8d8b-0ed7c20b2143&#8243; box_shadow_color=\u00bbgcid-f6d37c03-5d24-466a-817a-5f8f247bddac\u00bb global_colors_info=\u00bb{%22gcid-f6d37c03-5d24-466a-817a-5f8f247bddac%22:%91%22box_shadow_color%22,%22box_shadow_color%22%93}\u00bb][\/et_pb_image][et_pb_gallery _builder_version=\u00bb4.27.4&#8243; _module_preset=\u00bbdefault\u00bb global_colors_info=\u00bb{}\u00bb][\/et_pb_gallery][et_pb_text _builder_version=\u00bb4.27.4&#8243; _module_preset=\u00bbb4b1841f-3810-4681-9b44-c4f7f33861ac\u00bb header_6_text_color=\u00bb#FFFFFF\u00bb text_orientation=\u00bbcenter\u00bb global_colors_info=\u00bb{}\u00bb]<\/p>\n<h6>PLANOS<\/h6>\n<p>[\/et_pb_text][\/et_pb_column][et_pb_column type=\u00bb1_3&#8243; _builder_version=\u00bb4.24.2&#8243; _module_preset=\u00bbdefault\u00bb global_colors_info=\u00bb{}\u00bb][et_pb_image src=\u00bbhttps:\/\/interiores.escuelaartegranada.com\/estibenviveros\/wp-content\/uploads\/sites\/90\/2025\/07\/fashion-designer-06.jpg\u00bb title_text=\u00bbfashion-designer-06&#8243; show_in_lightbox=\u00bbon\u00bb _builder_version=\u00bb4.24.2&#8243; _module_preset=\u00bb858ba9cf-901e-41fc-8d8b-0ed7c20b2143&#8243; box_shadow_color=\u00bbgcid-f6d37c03-5d24-466a-817a-5f8f247bddac\u00bb global_colors_info=\u00bb{%22gcid-f6d37c03-5d24-466a-817a-5f8f247bddac%22:%91%22box_shadow_color%22,%22box_shadow_color%22%93}\u00bb][\/et_pb_image][et_pb_gallery _builder_version=\u00bb4.27.4&#8243; _module_preset=\u00bbdefault\u00bb global_colors_info=\u00bb{}\u00bb][\/et_pb_gallery][et_pb_text _builder_version=\u00bb4.27.4&#8243; _module_preset=\u00bbb4b1841f-3810-4681-9b44-c4f7f33861ac\u00bb header_6_text_color=\u00bb#FFFFFF\u00bb text_orientation=\u00bbcenter\u00bb global_colors_info=\u00bb{}\u00bb]<\/p>\n<h6>PINTURA<\/h6>\n<p>[\/et_pb_text][\/et_pb_column][\/et_pb_row][\/et_pb_section][et_pb_section fb_built=\u00bb1&#8243; admin_label=\u00bbTestimonial\u00bb _builder_version=\u00bb4.24.2&#8243; _module_preset=\u00bbdefault\u00bb collapsed=\u00bbon\u00bb global_colors_info=\u00bb{}\u00bb][et_pb_row _builder_version=\u00bb4.27.4&#8243; _module_preset=\u00bbdefault\u00bb global_colors_info=\u00bb{}\u00bb][et_pb_column type=\u00bb4_4&#8243; _builder_version=\u00bb4.27.4&#8243; _module_preset=\u00bbdefault\u00bb global_colors_info=\u00bb{}\u00bb][et_pb_button button_text=\u00bbContactame\u00bb button_alignment=\u00bbcenter\u00bb _builder_version=\u00bb4.27.4&#8243; _module_preset=\u00bbdefault\u00bb global_colors_info=\u00bb{}\u00bb][\/et_pb_button][\/et_pb_column][\/et_pb_row][\/et_pb_section][et_pb_section fb_built=\u00bb1&#8243; admin_label=\u00bbFooter\u00bb _builder_version=\u00bb4.24.2&#8243; _module_preset=\u00bbdefault\u00bb background_color=\u00bbgcid-c59f26e3-590f-496b-80ee-fb9b0d149517&#8243; min_height=\u00bb289px\u00bb custom_margin=\u00bb4vw|4vw|4vw|4vw|true|true\u00bb custom_margin_tablet=\u00bb30px|30px|30px|30px|true|true\u00bb custom_margin_phone=\u00bb20px|20px|20px|20px|true|true\u00bb custom_margin_last_edited=\u00bboff|desktop\u00bb custom_padding=\u00bb||0px|||\u00bb saved_tabs=\u00bball\u00bb collapsed=\u00bbon\u00bb global_colors_info=\u00bb{%22gcid-c59f26e3-590f-496b-80ee-fb9b0d149517%22:%91%22background_color%22%93}\u00bb][et_pb_row column_structure=\u00bb1_2,1_2&#8243; use_custom_gutter=\u00bbon\u00bb gutter_width=\u00bb2&#8243; _builder_version=\u00bb4.24.2&#8243; _module_preset=\u00bbdefault\u00bb width=\u00bb90%\u00bb max_width=\u00bbnone\u00bb global_colors_info=\u00bb{}\u00bb][et_pb_column type=\u00bb1_2&#8243; _builder_version=\u00bb4.24.2&#8243; _module_preset=\u00bbdefault\u00bb global_colors_info=\u00bb{}\u00bb][et_pb_signup mailchimp_list=\u00bbundefined|elegantthemestest|1ea2bbd026&#8243; first_name_field=\u00bboff\u00bb last_name_field=\u00bboff\u00bb _builder_version=\u00bb4.24.2&#8243; _module_preset=\u00bbdefault\u00bb form_field_background_color=\u00bbRGBA(255,255,255,0)\u00bb form_field_focus_text_color=\u00bb#000000&#8243; form_field_font=\u00bbInter|700|||||||\u00bb form_field_font_size=\u00bb14px\u00bb background_enable_color=\u00bboff\u00bb use_background_color=\u00bboff\u00bb custom_button=\u00bbon\u00bb button_text_size=\u00bb14px\u00bb button_text_color=\u00bb#FFFFFF\u00bb button_bg_color=\u00bb#000000&#8243; button_border_width=\u00bb0px\u00bb button_border_radius=\u00bb0px\u00bb button_font=\u00bbInter|700|||||||\u00bb button_custom_padding=\u00bb12px|24px|12px|24px|true|true\u00bb border_radii_fields=\u00bbon|0px|0px|0px|0px\u00bb border_width_all_fields=\u00bb2px\u00bb border_color_all_fields=\u00bbrgba(0,0,0,0.12)\u00bb locked=\u00bboff\u00bb global_colors_info=\u00bb{}\u00bb][\/et_pb_signup][\/et_pb_column][et_pb_column type=\u00bb1_2&#8243; _builder_version=\u00bb4.24.2&#8243; _module_preset=\u00bbdefault\u00bb global_colors_info=\u00bb{}\u00bb][et_pb_text _builder_version=\u00bb4.27.4&#8243; _module_preset=\u00bb8d636a32-e279-4868-b2e1-94b18d816b27&#8243; link_text_color=\u00bbgcid-d68f61e0-9d6b-4b0a-9c63-022d1205b424&#8243; custom_margin=\u00bb||20px||false|false\u00bb global_colors_info=\u00bb{%22gcid-d68f61e0-9d6b-4b0a-9c63-022d1205b424%22:%91%22link_text_color%22%93}\u00bb]<\/p>\n<p>stevenva2018@gmail.com<\/p>\n<p>[\/et_pb_text][et_pb_text _builder_version=\u00bb4.24.2&#8243; _module_preset=\u00bb8d636a32-e279-4868-b2e1-94b18d816b27&#8243; link_text_color=\u00bbgcid-d68f61e0-9d6b-4b0a-9c63-022d1205b424&#8243; custom_margin=\u00bb||20px||false|false\u00bb global_colors_info=\u00bb{%22gcid-d68f61e0-9d6b-4b0a-9c63-022d1205b424%22:%91%22link_text_color%22%93}\u00bb](255) 352-6258[\/et_pb_text][et_pb_social_media_follow icon_color=\u00bbgcid-d68f61e0-9d6b-4b0a-9c63-022d1205b424&#8243; _builder_version=\u00bb4.24.2&#8243; _module_preset=\u00bbdefault\u00bb custom_margin=\u00bb|-8px||-8px|false|true\u00bb global_colors_info=\u00bb{%22gcid-d68f61e0-9d6b-4b0a-9c63-022d1205b424%22:%91%22icon_color%22%93}\u00bb][et_pb_social_media_follow_network social_network=\u00bbfacebook\u00bb _builder_version=\u00bb4.24.2&#8243; _module_preset=\u00bbdefault\u00bb global_colors_info=\u00bb{}\u00bb]facebook[\/et_pb_social_media_follow_network][et_pb_social_media_follow_network social_network=\u00bbtwitter\u00bb _builder_version=\u00bb4.24.2&#8243; _module_preset=\u00bbdefault\u00bb global_colors_info=\u00bb{}\u00bb]X[\/et_pb_social_media_follow_network][et_pb_social_media_follow_network social_network=\u00bbinstagram\u00bb _builder_version=\u00bb4.24.2&#8243; _module_preset=\u00bbdefault\u00bb global_colors_info=\u00bb{}\u00bb]instagram[\/et_pb_social_media_follow_network][\/et_pb_social_media_follow][\/et_pb_column][\/et_pb_row][et_pb_row use_custom_gutter=\u00bbon\u00bb gutter_width=\u00bb2&#8243; _builder_version=\u00bb4.24.2&#8243; _module_preset=\u00bbdefault\u00bb width=\u00bb90%\u00bb max_width=\u00bbnone\u00bb global_colors_info=\u00bb{}\u00bb][et_pb_column type=\u00bb4_4&#8243; _builder_version=\u00bb4.24.2&#8243; _module_preset=\u00bbdefault\u00bb global_colors_info=\u00bb{}\u00bb][et_pb_text _builder_version=\u00bb4.24.2&#8243; _dynamic_attributes=\u00bbcontent\u00bb _module_preset=\u00bb8bbda82b-e950-4867-8f22-7030e23e279a\u00bb global_colors_info=\u00bb{}\u00bb]@ET-DC@eyJkeW5hbWljIjp0cnVlLCJjb250ZW50IjoiY3VycmVudF9kYXRlIiwic2V0dGluZ3MiOnsiYmVmb3JlIjoiQ29weXJpZ2h0ICZjb3B5OyAiLCJhZnRlciI6IiBEaXZpLiBBbGwgUmlnaHRzIFJlc2VydmVkLiIsImRhdGVfZm9ybWF0IjoiY3VzdG9tIiwiY3VzdG9tX2RhdGVfZm9ybWF0IjoiWSIsImVuYWJsZV9odG1sIjoib2ZmIn19@[\/et_pb_text][\/et_pb_column][\/et_pb_row][\/et_pb_section]<\/p>\n","protected":false},"excerpt":{"rendered":"<p>Dise\u00f1ador de InterioresEstiben viverosEspa\u00f1aSoy un profesional activo, servicial y con una actitud proactiva frente al aprendizaje. Mi pasi\u00f3n es el dise\u00f1o y la transformaci\u00f3n de espacios, y mi objetivo es superar tus expectativas en cada proyecto. Mi enfoque se basa en: Actitud Proactiva: Anticipo tus necesidades y propongo soluciones innovadoras. Ganas de Aprender y Crecer: [&hellip;]<\/p>\n","protected":false},"author":89,"featured_media":0,"parent":0,"menu_order":0,"comment_status":"closed","ping_status":"closed","template":"","meta":{"_et_pb_use_builder":"on","_et_pb_old_content":"","_et_gb_content_width":"","footnotes":""},"class_list":["post-106","page","type-page","status-publish","hentry"],"yoast_head":"<!-- This site is optimized with the Yoast SEO plugin v24.5 - https:\/\/yoast.com\/wordpress\/plugins\/seo\/ -->\n<title>Borrador autom\u00e1tico - Estiben Viveros Portfolio<\/title>\n<meta name=\"robots\" content=\"index, follow, max-snippet:-1, max-image-preview:large, max-video-preview:-1\" \/>\n<link rel=\"canonical\" href=\"https:\/\/interiores.escuelaartegranada.com\/estibenviveros\/borrador-automatico\/\" \/>\n<meta property=\"og:locale\" content=\"es_ES\" \/>\n<meta property=\"og:type\" content=\"article\" \/>\n<meta property=\"og:title\" content=\"Borrador autom\u00e1tico - Estiben Viveros Portfolio\" \/>\n<meta property=\"og:description\" content=\"Dise\u00f1ador de InterioresEstiben viverosEspa\u00f1aSoy un profesional activo, servicial y con una actitud proactiva frente al aprendizaje. Mi pasi\u00f3n es el dise\u00f1o y la transformaci\u00f3n de espacios, y mi objetivo es superar tus expectativas en cada proyecto. Mi enfoque se basa en: Actitud Proactiva: Anticipo tus necesidades y propongo soluciones innovadoras. Ganas de Aprender y Crecer: [&hellip;]\" \/>\n<meta property=\"og:url\" content=\"https:\/\/interiores.escuelaartegranada.com\/estibenviveros\/borrador-automatico\/\" \/>\n<meta property=\"og:site_name\" content=\"Estiben Viveros Portfolio\" \/>\n<meta property=\"article:modified_time\" content=\"2025-07-04T17:54:24+00:00\" \/>\n<meta name=\"twitter:card\" content=\"summary_large_image\" \/>\n<meta name=\"twitter:label1\" content=\"Tiempo de lectura\" \/>\n\t<meta name=\"twitter:data1\" content=\"7 minutos\" \/>\n<script type=\"application\/ld+json\" class=\"yoast-schema-graph\">{\"@context\":\"https:\/\/schema.org\",\"@graph\":[{\"@type\":\"WebPage\",\"@id\":\"https:\/\/interiores.escuelaartegranada.com\/estibenviveros\/borrador-automatico\/\",\"url\":\"https:\/\/interiores.escuelaartegranada.com\/estibenviveros\/borrador-automatico\/\",\"name\":\"Borrador autom\u00e1tico - Estiben Viveros Portfolio\",\"isPartOf\":{\"@id\":\"https:\/\/interiores.escuelaartegranada.com\/estibenviveros\/#website\"},\"datePublished\":\"2025-07-04T17:14:46+00:00\",\"dateModified\":\"2025-07-04T17:54:24+00:00\",\"breadcrumb\":{\"@id\":\"https:\/\/interiores.escuelaartegranada.com\/estibenviveros\/borrador-automatico\/#breadcrumb\"},\"inLanguage\":\"es\",\"potentialAction\":[{\"@type\":\"ReadAction\",\"target\":[\"https:\/\/interiores.escuelaartegranada.com\/estibenviveros\/borrador-automatico\/\"]}]},{\"@type\":\"BreadcrumbList\",\"@id\":\"https:\/\/interiores.escuelaartegranada.com\/estibenviveros\/borrador-automatico\/#breadcrumb\",\"itemListElement\":[{\"@type\":\"ListItem\",\"position\":1,\"name\":\"Portada\",\"item\":\"https:\/\/interiores.escuelaartegranada.com\/estibenviveros\/\"},{\"@type\":\"ListItem\",\"position\":2,\"name\":\"Borrador autom\u00e1tico\"}]},{\"@type\":\"WebSite\",\"@id\":\"https:\/\/interiores.escuelaartegranada.com\/estibenviveros\/#website\",\"url\":\"https:\/\/interiores.escuelaartegranada.com\/estibenviveros\/\",\"name\":\"Estiben Viveros Portfolio\",\"description\":\"\",\"potentialAction\":[{\"@type\":\"SearchAction\",\"target\":{\"@type\":\"EntryPoint\",\"urlTemplate\":\"https:\/\/interiores.escuelaartegranada.com\/estibenviveros\/?s={search_term_string}\"},\"query-input\":{\"@type\":\"PropertyValueSpecification\",\"valueRequired\":true,\"valueName\":\"search_term_string\"}}],\"inLanguage\":\"es\"}]}<\/script>\n<!-- \/ Yoast SEO plugin. -->","yoast_head_json":{"title":"Borrador autom\u00e1tico - Estiben Viveros Portfolio","robots":{"index":"index","follow":"follow","max-snippet":"max-snippet:-1","max-image-preview":"max-image-preview:large","max-video-preview":"max-video-preview:-1"},"canonical":"https:\/\/interiores.escuelaartegranada.com\/estibenviveros\/borrador-automatico\/","og_locale":"es_ES","og_type":"article","og_title":"Borrador autom\u00e1tico - Estiben Viveros Portfolio","og_description":"Dise\u00f1ador de InterioresEstiben viverosEspa\u00f1aSoy un profesional activo, servicial y con una actitud proactiva frente al aprendizaje. Mi pasi\u00f3n es el dise\u00f1o y la transformaci\u00f3n de espacios, y mi objetivo es superar tus expectativas en cada proyecto. Mi enfoque se basa en: Actitud Proactiva: Anticipo tus necesidades y propongo soluciones innovadoras. Ganas de Aprender y Crecer: [&hellip;]","og_url":"https:\/\/interiores.escuelaartegranada.com\/estibenviveros\/borrador-automatico\/","og_site_name":"Estiben Viveros Portfolio","article_modified_time":"2025-07-04T17:54:24+00:00","twitter_card":"summary_large_image","twitter_misc":{"Tiempo de lectura":"7 minutos"},"schema":{"@context":"https:\/\/schema.org","@graph":[{"@type":"WebPage","@id":"https:\/\/interiores.escuelaartegranada.com\/estibenviveros\/borrador-automatico\/","url":"https:\/\/interiores.escuelaartegranada.com\/estibenviveros\/borrador-automatico\/","name":"Borrador autom\u00e1tico - Estiben Viveros Portfolio","isPartOf":{"@id":"https:\/\/interiores.escuelaartegranada.com\/estibenviveros\/#website"},"datePublished":"2025-07-04T17:14:46+00:00","dateModified":"2025-07-04T17:54:24+00:00","breadcrumb":{"@id":"https:\/\/interiores.escuelaartegranada.com\/estibenviveros\/borrador-automatico\/#breadcrumb"},"inLanguage":"es","potentialAction":[{"@type":"ReadAction","target":["https:\/\/interiores.escuelaartegranada.com\/estibenviveros\/borrador-automatico\/"]}]},{"@type":"BreadcrumbList","@id":"https:\/\/interiores.escuelaartegranada.com\/estibenviveros\/borrador-automatico\/#breadcrumb","itemListElement":[{"@type":"ListItem","position":1,"name":"Portada","item":"https:\/\/interiores.escuelaartegranada.com\/estibenviveros\/"},{"@type":"ListItem","position":2,"name":"Borrador autom\u00e1tico"}]},{"@type":"WebSite","@id":"https:\/\/interiores.escuelaartegranada.com\/estibenviveros\/#website","url":"https:\/\/interiores.escuelaartegranada.com\/estibenviveros\/","name":"Estiben Viveros Portfolio","description":"","potentialAction":[{"@type":"SearchAction","target":{"@type":"EntryPoint","urlTemplate":"https:\/\/interiores.escuelaartegranada.com\/estibenviveros\/?s={search_term_string}"},"query-input":{"@type":"PropertyValueSpecification","valueRequired":true,"valueName":"search_term_string"}}],"inLanguage":"es"}]}},"_links":{"self":[{"href":"https:\/\/interiores.escuelaartegranada.com\/estibenviveros\/wp-json\/wp\/v2\/pages\/106","targetHints":{"allow":["GET"]}}],"collection":[{"href":"https:\/\/interiores.escuelaartegranada.com\/estibenviveros\/wp-json\/wp\/v2\/pages"}],"about":[{"href":"https:\/\/interiores.escuelaartegranada.com\/estibenviveros\/wp-json\/wp\/v2\/types\/page"}],"author":[{"embeddable":true,"href":"https:\/\/interiores.escuelaartegranada.com\/estibenviveros\/wp-json\/wp\/v2\/users\/89"}],"replies":[{"embeddable":true,"href":"https:\/\/interiores.escuelaartegranada.com\/estibenviveros\/wp-json\/wp\/v2\/comments?post=106"}],"version-history":[{"count":11,"href":"https:\/\/interiores.escuelaartegranada.com\/estibenviveros\/wp-json\/wp\/v2\/pages\/106\/revisions"}],"predecessor-version":[{"id":149,"href":"https:\/\/interiores.escuelaartegranada.com\/estibenviveros\/wp-json\/wp\/v2\/pages\/106\/revisions\/149"}],"wp:attachment":[{"href":"https:\/\/interiores.escuelaartegranada.com\/estibenviveros\/wp-json\/wp\/v2\/media?parent=106"}],"curies":[{"name":"wp","href":"https:\/\/api.w.org\/{rel}","templated":true}]}}