{"id":406,"date":"2025-03-03T09:14:18","date_gmt":"2025-03-03T08:14:18","guid":{"rendered":"https:\/\/interiores.escuelaartegranada.com\/franmorales\/?page_id=406"},"modified":"2025-03-25T10:18:00","modified_gmt":"2025-03-25T09:18:00","slug":"landing","status":"publish","type":"page","link":"https:\/\/interiores.escuelaartegranada.com\/franmorales\/landing\/","title":{"rendered":"landing"},"content":{"rendered":"<p>[et_pb_section fb_built=\u00bb1&#8243; _builder_version=\u00bb4.27.4&#8243; _module_preset=\u00bbdefault\u00bb background_image=\u00bbhttps:\/\/interiores.escuelaartegranada.com\/franmorales\/wp-content\/uploads\/sites\/37\/2025\/03\/landing-1.jpg\u00bb global_colors_info=\u00bb{}\u00bb][et_pb_row _builder_version=\u00bb4.27.4&#8243; _module_preset=\u00bbdefault\u00bb global_colors_info=\u00bb{}\u00bb][et_pb_column type=\u00bb4_4&#8243; _builder_version=\u00bb4.27.4&#8243; _module_preset=\u00bbdefault\u00bb global_colors_info=\u00bb{}\u00bb][et_pb_text _builder_version=\u00bb4.27.4&#8243; _module_preset=\u00bbdefault\u00bb header_font=\u00bbAkshar||||||||\u00bb header_text_color=\u00bb#FFFFFF\u00bb header_font_size=\u00bb72px\u00bb global_colors_info=\u00bb{}\u00bb]<\/p>\n<h1>Granada<\/h1>\n<p>[\/et_pb_text][\/et_pb_column][\/et_pb_row][\/et_pb_section][et_pb_section fb_built=\u00bb1&#8243; _builder_version=\u00bb4.27.4&#8243; _module_preset=\u00bbdefault\u00bb hover_enabled=\u00bb0&#8243; global_colors_info=\u00bb{}\u00bb sticky_enabled=\u00bb0&#8243;][et_pb_row _builder_version=\u00bb4.27.4&#8243; _module_preset=\u00bbdefault\u00bb hover_enabled=\u00bb0&#8243; global_colors_info=\u00bb{}\u00bb sticky_enabled=\u00bb0&#8243;][et_pb_column type=\u00bb4_4&#8243; _builder_version=\u00bb4.27.4&#8243; _module_preset=\u00bbdefault\u00bb global_colors_info=\u00bb{}\u00bb][et_pb_text _builder_version=\u00bb4.27.4&#8243; _module_preset=\u00bbdefault\u00bb header_font=\u00bbAkshar|600|||||||\u00bb header_text_color=\u00bb#000000&#8243; header_font_size=\u00bb66px\u00bb header_2_font=\u00bbAkshar||||||||\u00bb header_2_text_align=\u00bbcenter\u00bb header_2_font_size=\u00bb66px\u00bb global_colors_info=\u00bb{}\u00bb]<\/p>\n<h2>Sus Pueblos<\/h2>\n<p>[\/et_pb_text][\/et_pb_column][\/et_pb_row][et_pb_row column_structure=\u00bb1_3,1_3,1_3&#8243; _builder_version=\u00bb4.27.4&#8243; _module_preset=\u00bbdefault\u00bb hover_enabled=\u00bb0&#8243; global_colors_info=\u00bb{}\u00bb sticky_enabled=\u00bb0&#8243; max_width=\u00bb1920px\u00bb width=\u00bb95%\u00bb custom_margin=\u00bb||||false|true\u00bb][et_pb_column type=\u00bb1_3&#8243; _builder_version=\u00bb4.27.4&#8243; _module_preset=\u00bbdefault\u00bb global_colors_info=\u00bb{}\u00bb][et_pb_image src=\u00bbhttps:\/\/interiores.escuelaartegranada.com\/franmorales\/wp-content\/uploads\/sites\/37\/2025\/03\/landing-2.jpg\u00bb title_text=\u00bblanding-2&#8243; _builder_version=\u00bb4.27.4&#8243; _module_preset=\u00bbdefault\u00bb global_colors_info=\u00bb{}\u00bb][\/et_pb_image][et_pb_text _builder_version=\u00bb4.27.4&#8243; _module_preset=\u00bbdefault\u00bb header_3_font=\u00bbAkshar||||||||\u00bb header_3_text_align=\u00bbcenter\u00bb header_3_font_size=\u00bb46px\u00bb custom_margin=\u00bb0px||0px||true|false\u00bb custom_padding=\u00bb0px||0px||true|false\u00bb global_colors_info=\u00bb{}\u00bb]<\/p>\n<h3>Orgiva<\/h3>\n<p>[\/et_pb_text][et_pb_button button_text=\u00bbVer M\u00e1s\u00bb button_alignment=\u00bbcenter\u00bb _builder_version=\u00bb4.27.4&#8243; _module_preset=\u00bbdefault\u00bb custom_button=\u00bbon\u00bb button_text_color=\u00bb#000000&#8243; global_colors_info=\u00bb{}\u00bb][\/et_pb_button][\/et_pb_column][et_pb_column type=\u00bb1_3&#8243; _builder_version=\u00bb4.27.4&#8243; _module_preset=\u00bbdefault\u00bb global_colors_info=\u00bb{}\u00bb][et_pb_image src=\u00bbhttps:\/\/interiores.escuelaartegranada.com\/franmorales\/wp-content\/uploads\/sites\/37\/2025\/03\/landing-2.jpg\u00bb title_text=\u00bblanding-2&#8243; _builder_version=\u00bb4.27.4&#8243; _module_preset=\u00bbdefault\u00bb global_colors_info=\u00bb{}\u00bb][\/et_pb_image][et_pb_text _builder_version=\u00bb4.27.4&#8243; _module_preset=\u00bbdefault\u00bb header_3_font=\u00bbAkshar||||||||\u00bb header_3_text_align=\u00bbcenter\u00bb header_3_font_size=\u00bb46px\u00bb custom_margin=\u00bb0px||0px||true|false\u00bb custom_padding=\u00bb0px||0px||true|false\u00bb global_colors_info=\u00bb{}\u00bb]<\/p>\n<h3>Orgiva<\/h3>\n<p>[\/et_pb_text][et_pb_button button_text=\u00bbVer M\u00e1s\u00bb button_alignment=\u00bbcenter\u00bb _builder_version=\u00bb4.27.4&#8243; _module_preset=\u00bbdefault\u00bb custom_button=\u00bbon\u00bb button_text_color=\u00bb#000000&#8243; global_colors_info=\u00bb{}\u00bb][\/et_pb_button][\/et_pb_column][et_pb_column type=\u00bb1_3&#8243; _builder_version=\u00bb4.27.4&#8243; _module_preset=\u00bbdefault\u00bb global_colors_info=\u00bb{}\u00bb][et_pb_image src=\u00bbhttps:\/\/interiores.escuelaartegranada.com\/franmorales\/wp-content\/uploads\/sites\/37\/2025\/03\/landing-2.jpg\u00bb title_text=\u00bblanding-2&#8243; _builder_version=\u00bb4.27.4&#8243; _module_preset=\u00bbdefault\u00bb global_colors_info=\u00bb{}\u00bb][\/et_pb_image][et_pb_text _builder_version=\u00bb4.27.4&#8243; _module_preset=\u00bbdefault\u00bb header_3_font=\u00bbAkshar||||||||\u00bb header_3_text_align=\u00bbcenter\u00bb header_3_font_size=\u00bb46px\u00bb custom_margin=\u00bb0px||0px||true|false\u00bb custom_padding=\u00bb0px||0px||true|false\u00bb global_colors_info=\u00bb{}\u00bb]<\/p>\n<h3>Orgiva<\/h3>\n<p>[\/et_pb_text][et_pb_button button_text=\u00bbVer M\u00e1s\u00bb button_alignment=\u00bbcenter\u00bb _builder_version=\u00bb4.27.4&#8243; _module_preset=\u00bbdefault\u00bb custom_button=\u00bbon\u00bb button_text_color=\u00bb#000000&#8243; global_colors_info=\u00bb{}\u00bb][\/et_pb_button][\/et_pb_column][\/et_pb_row][\/et_pb_section][et_pb_section fb_built=\u00bb1&#8243; _builder_version=\u00bb4.27.4&#8243; _module_preset=\u00bbdefault\u00bb global_colors_info=\u00bb{}\u00bb][et_pb_row column_structure=\u00bb3_5,2_5&#8243; _builder_version=\u00bb4.27.4&#8243; _module_preset=\u00bbdefault\u00bb global_colors_info=\u00bb{}\u00bb][et_pb_column type=\u00bb3_5&#8243; _builder_version=\u00bb4.27.4&#8243; _module_preset=\u00bbdefault\u00bb global_colors_info=\u00bb{}\u00bb][et_pb_image src=\u00bbhttps:\/\/interiores.escuelaartegranada.com\/franmorales\/wp-content\/uploads\/sites\/37\/2025\/03\/landing-3.jpg\u00bb title_text=\u00bblanding-3&#8243; _builder_version=\u00bb4.27.4&#8243; _module_preset=\u00bbdefault\u00bb global_colors_info=\u00bb{}\u00bb][\/et_pb_image][\/et_pb_column][et_pb_column type=\u00bb2_5&#8243; _builder_version=\u00bb4.27.4&#8243; _module_preset=\u00bbdefault\u00bb global_colors_info=\u00bb{}\u00bb][et_pb_text _builder_version=\u00bb4.27.4&#8243; _module_preset=\u00bbdefault\u00bb header_font=\u00bbAkshar|600|||||||\u00bb header_text_color=\u00bb#000000&#8243; header_font_size=\u00bb66px\u00bb header_2_font=\u00bbAkshar||||||||\u00bb header_2_text_align=\u00bbcenter\u00bb header_2_font_size=\u00bb66px\u00bb global_colors_info=\u00bb{}\u00bb]<\/p>\n<h2>La Alhambra<\/h2>\n<p>[\/et_pb_text][et_pb_text _builder_version=\u00bb4.27.4&#8243; _module_preset=\u00bbdefault\u00bb text_font=\u00bbAkshar||||||||\u00bb global_colors_info=\u00bb{}\u00bb]<\/p>\n<p>Your content goes here. Edit or remove this text inline or in the module Content settings. You can also style every aspect of this content in the module Design settings and even apply custom CSS to this text in the module Advanced settings. Your content goes here. Edit or remove this text inline or in the module Content settings. You can also style every aspect of this content in the module Design settings and even apply custom CSS to this text in the module Advanced settings. Your content goes here. Edit or remove this text inline or in the module Content settings. You can also style every aspe every aspect of this content in the module Design settings and even apply custom CSS to this text in the module Advanced settings.<\/p>\n<p>[\/et_pb_text][\/et_pb_column][\/et_pb_row][et_pb_row _builder_version=\u00bb4.27.4&#8243; _module_preset=\u00bbdefault\u00bb global_colors_info=\u00bb{}\u00bb][et_pb_column type=\u00bb4_4&#8243; _builder_version=\u00bb4.27.4&#8243; _module_preset=\u00bbdefault\u00bb global_colors_info=\u00bb{}\u00bb][et_pb_pricing_tables show_bullet=\u00bboff\u00bb _builder_version=\u00bb4.27.4&#8243; _module_preset=\u00bbdefault\u00bb global_colors_info=\u00bb{}\u00bb][et_pb_pricing_table featured=\u00bbon\u00bb title=\u00bbTarifa Residente\u00bb subtitle=\u00bb\u00bfEres de Granada?\u00bb currency=\u00bb\u20ac\u00bb sum=\u00bb50&#8243; bullet_color=\u00bb#000000&#8243; _builder_version=\u00bb4.27.4&#8243; _module_preset=\u00bbdefault\u00bb global_colors_info=\u00bb{}\u00bb sticky_transition=\u00bbon\u00bb]<\/p>\n<p>+ Esta funci\u00f3n est\u00e1 incluida + Esta funci\u00f3n est\u00e1 incluida + Esta funci\u00f3n est\u00e1 incluida + Esta funci\u00f3n est\u00e1 incluida &#8211; Esta funci\u00f3n no est\u00e1 incluida &#8211; Esta funci\u00f3n no est\u00e1 incluida<\/p>\n<p>[\/et_pb_pricing_table][et_pb_pricing_table title=\u00bbTarifa Standar\u00bb subtitle=\u00bbPara Todos\u00bb currency=\u00bb\u20ac\u00bb sum=\u00bb60&#8243; bullet_color=\u00bb#000000&#8243; _builder_version=\u00bb4.27.4&#8243; _module_preset=\u00bbdefault\u00bb global_colors_info=\u00bb{}\u00bb sticky_transition=\u00bbon\u00bb]<\/p>\n<p>+ Esta funci\u00f3n est\u00e1 incluida + Esta funci\u00f3n est\u00e1 incluida + Esta funci\u00f3n est\u00e1 incluida + Esta funci\u00f3n est\u00e1 incluida &#8211; Esta funci\u00f3n no est\u00e1 incluida &#8211; Esta funci\u00f3n no est\u00e1 incluida<\/p>\n<p>[\/et_pb_pricing_table][\/et_pb_pricing_tables][\/et_pb_column][\/et_pb_row][\/et_pb_section]<\/p>\n","protected":false},"excerpt":{"rendered":"<p>GranadaSus PueblosOrgivaOrgivaOrgivaLa AlhambraYour content goes here. Edit or remove this text inline or in the module Content settings. You can also style every aspect of this content in the module Design settings and even apply custom CSS to this text in the module Advanced settings. Your content goes here. Edit or remove this text inline [&hellip;]<\/p>\n","protected":false},"author":35,"featured_media":0,"parent":0,"menu_order":0,"comment_status":"closed","ping_status":"closed","template":"","meta":{"_et_pb_use_builder":"on","_et_pb_old_content":"","_et_gb_content_width":"","footnotes":""},"class_list":["post-406","page","type-page","status-publish","hentry"],"yoast_head":"<!-- This site is optimized with the Yoast SEO plugin v24.5 - https:\/\/yoast.com\/wordpress\/plugins\/seo\/ -->\n<title>landing - Fran Morales - Portfolio<\/title>\n<meta name=\"robots\" content=\"index, follow, max-snippet:-1, max-image-preview:large, max-video-preview:-1\" \/>\n<link rel=\"canonical\" href=\"https:\/\/interiores.escuelaartegranada.com\/franmorales\/landing\/\" \/>\n<meta property=\"og:locale\" content=\"es_ES\" \/>\n<meta property=\"og:type\" content=\"article\" \/>\n<meta property=\"og:title\" content=\"landing - Fran Morales - Portfolio\" \/>\n<meta property=\"og:description\" content=\"GranadaSus PueblosOrgivaOrgivaOrgivaLa AlhambraYour content goes here. Edit or remove this text inline or in the module Content settings. You can also style every aspect of this content in the module Design settings and even apply custom CSS to this text in the module Advanced settings. Your content goes here. Edit or remove this text inline [&hellip;]\" \/>\n<meta property=\"og:url\" content=\"https:\/\/interiores.escuelaartegranada.com\/franmorales\/landing\/\" \/>\n<meta property=\"og:site_name\" content=\"Fran Morales - Portfolio\" \/>\n<meta property=\"article:modified_time\" content=\"2025-03-25T09:18:00+00:00\" \/>\n<meta name=\"twitter:card\" content=\"summary_large_image\" \/>\n<meta name=\"twitter:label1\" content=\"Tiempo de lectura\" \/>\n\t<meta name=\"twitter:data1\" content=\"2 minutos\" \/>\n<script type=\"application\/ld+json\" class=\"yoast-schema-graph\">{\"@context\":\"https:\/\/schema.org\",\"@graph\":[{\"@type\":\"WebPage\",\"@id\":\"https:\/\/interiores.escuelaartegranada.com\/franmorales\/landing\/\",\"url\":\"https:\/\/interiores.escuelaartegranada.com\/franmorales\/landing\/\",\"name\":\"landing - Fran Morales - Portfolio\",\"isPartOf\":{\"@id\":\"https:\/\/interiores.escuelaartegranada.com\/franmorales\/#website\"},\"datePublished\":\"2025-03-03T08:14:18+00:00\",\"dateModified\":\"2025-03-25T09:18:00+00:00\",\"breadcrumb\":{\"@id\":\"https:\/\/interiores.escuelaartegranada.com\/franmorales\/landing\/#breadcrumb\"},\"inLanguage\":\"es\",\"potentialAction\":[{\"@type\":\"ReadAction\",\"target\":[\"https:\/\/interiores.escuelaartegranada.com\/franmorales\/landing\/\"]}]},{\"@type\":\"BreadcrumbList\",\"@id\":\"https:\/\/interiores.escuelaartegranada.com\/franmorales\/landing\/#breadcrumb\",\"itemListElement\":[{\"@type\":\"ListItem\",\"position\":1,\"name\":\"Portada\",\"item\":\"https:\/\/interiores.escuelaartegranada.com\/franmorales\/\"},{\"@type\":\"ListItem\",\"position\":2,\"name\":\"landing\"}]},{\"@type\":\"WebSite\",\"@id\":\"https:\/\/interiores.escuelaartegranada.com\/franmorales\/#website\",\"url\":\"https:\/\/interiores.escuelaartegranada.com\/franmorales\/\",\"name\":\"Fran Morales - Portfolio\",\"description\":\"Otro sitio m\u00e1s de Escuela Arte Granada\",\"potentialAction\":[{\"@type\":\"SearchAction\",\"target\":{\"@type\":\"EntryPoint\",\"urlTemplate\":\"https:\/\/interiores.escuelaartegranada.com\/franmorales\/?s={search_term_string}\"},\"query-input\":{\"@type\":\"PropertyValueSpecification\",\"valueRequired\":true,\"valueName\":\"search_term_string\"}}],\"inLanguage\":\"es\"}]}<\/script>\n<!-- \/ Yoast SEO plugin. -->","yoast_head_json":{"title":"landing - Fran Morales - Portfolio","robots":{"index":"index","follow":"follow","max-snippet":"max-snippet:-1","max-image-preview":"max-image-preview:large","max-video-preview":"max-video-preview:-1"},"canonical":"https:\/\/interiores.escuelaartegranada.com\/franmorales\/landing\/","og_locale":"es_ES","og_type":"article","og_title":"landing - Fran Morales - Portfolio","og_description":"GranadaSus PueblosOrgivaOrgivaOrgivaLa AlhambraYour content goes here. Edit or remove this text inline or in the module Content settings. You can also style every aspect of this content in the module Design settings and even apply custom CSS to this text in the module Advanced settings. Your content goes here. Edit or remove this text inline [&hellip;]","og_url":"https:\/\/interiores.escuelaartegranada.com\/franmorales\/landing\/","og_site_name":"Fran Morales - Portfolio","article_modified_time":"2025-03-25T09:18:00+00:00","twitter_card":"summary_large_image","twitter_misc":{"Tiempo de lectura":"2 minutos"},"schema":{"@context":"https:\/\/schema.org","@graph":[{"@type":"WebPage","@id":"https:\/\/interiores.escuelaartegranada.com\/franmorales\/landing\/","url":"https:\/\/interiores.escuelaartegranada.com\/franmorales\/landing\/","name":"landing - Fran Morales - Portfolio","isPartOf":{"@id":"https:\/\/interiores.escuelaartegranada.com\/franmorales\/#website"},"datePublished":"2025-03-03T08:14:18+00:00","dateModified":"2025-03-25T09:18:00+00:00","breadcrumb":{"@id":"https:\/\/interiores.escuelaartegranada.com\/franmorales\/landing\/#breadcrumb"},"inLanguage":"es","potentialAction":[{"@type":"ReadAction","target":["https:\/\/interiores.escuelaartegranada.com\/franmorales\/landing\/"]}]},{"@type":"BreadcrumbList","@id":"https:\/\/interiores.escuelaartegranada.com\/franmorales\/landing\/#breadcrumb","itemListElement":[{"@type":"ListItem","position":1,"name":"Portada","item":"https:\/\/interiores.escuelaartegranada.com\/franmorales\/"},{"@type":"ListItem","position":2,"name":"landing"}]},{"@type":"WebSite","@id":"https:\/\/interiores.escuelaartegranada.com\/franmorales\/#website","url":"https:\/\/interiores.escuelaartegranada.com\/franmorales\/","name":"Fran Morales - Portfolio","description":"Otro sitio m\u00e1s de Escuela Arte Granada","potentialAction":[{"@type":"SearchAction","target":{"@type":"EntryPoint","urlTemplate":"https:\/\/interiores.escuelaartegranada.com\/franmorales\/?s={search_term_string}"},"query-input":{"@type":"PropertyValueSpecification","valueRequired":true,"valueName":"search_term_string"}}],"inLanguage":"es"}]}},"_links":{"self":[{"href":"https:\/\/interiores.escuelaartegranada.com\/franmorales\/wp-json\/wp\/v2\/pages\/406","targetHints":{"allow":["GET"]}}],"collection":[{"href":"https:\/\/interiores.escuelaartegranada.com\/franmorales\/wp-json\/wp\/v2\/pages"}],"about":[{"href":"https:\/\/interiores.escuelaartegranada.com\/franmorales\/wp-json\/wp\/v2\/types\/page"}],"author":[{"embeddable":true,"href":"https:\/\/interiores.escuelaartegranada.com\/franmorales\/wp-json\/wp\/v2\/users\/35"}],"replies":[{"embeddable":true,"href":"https:\/\/interiores.escuelaartegranada.com\/franmorales\/wp-json\/wp\/v2\/comments?post=406"}],"version-history":[{"count":7,"href":"https:\/\/interiores.escuelaartegranada.com\/franmorales\/wp-json\/wp\/v2\/pages\/406\/revisions"}],"predecessor-version":[{"id":457,"href":"https:\/\/interiores.escuelaartegranada.com\/franmorales\/wp-json\/wp\/v2\/pages\/406\/revisions\/457"}],"wp:attachment":[{"href":"https:\/\/interiores.escuelaartegranada.com\/franmorales\/wp-json\/wp\/v2\/media?parent=406"}],"curies":[{"name":"wp","href":"https:\/\/api.w.org\/{rel}","templated":true}]}}