{"id":151,"date":"2024-05-02T10:32:16","date_gmt":"2024-05-02T10:32:16","guid":{"rendered":"https:\/\/interiores.escuelaartegranada.com\/margaritaaguado\/?post_type=project&#038;p=151"},"modified":"2024-06-18T09:32:01","modified_gmt":"2024-06-18T09:32:01","slug":"vivienda-minima","status":"publish","type":"project","link":"https:\/\/interiores.escuelaartegranada.com\/margaritaaguado\/project\/vivienda-minima\/","title":{"rendered":"Vivienda M\u00ednima"},"content":{"rendered":"<p>[et_pb_section fb_built=\u00bb1&#8243; _builder_version=\u00bb4.25.0&#8243; _module_preset=\u00bbdefault\u00bb global_colors_info=\u00bb{}\u00bb][et_pb_row _builder_version=\u00bb4.25.0&#8243; _module_preset=\u00bbdefault\u00bb background_image=\u00bbhttps:\/\/interiores.escuelaartegranada.com\/margaritaaguado\/wp-content\/uploads\/sites\/61\/2024\/05\/fondo-estanteria-min.png\u00bb width=\u00bb100%\u00bb max_width=\u00bb1945px\u00bb height=\u00bb120px\u00bb custom_margin=\u00bb-54px||||false|false\u00bb global_colors_info=\u00bb{}\u00bb][et_pb_column type=\u00bb4_4&#8243; _builder_version=\u00bb4.25.0&#8243; _module_preset=\u00bbdefault\u00bb global_colors_info=\u00bb{}\u00bb][et_pb_text _builder_version=\u00bb4.25.0&#8243; _module_preset=\u00bbdefault\u00bb text_font=\u00bbHabibi||||||||\u00bb header_font=\u00bbHabibi||||||||\u00bb text_orientation=\u00bbcenter\u00bb custom_margin=\u00bb17px||0px||false|false\u00bb global_colors_info=\u00bb{}\u00bb]<\/p>\n<h1><strong>VIVIENDA M\u00cdNIMA<\/strong><\/h1>\n<p>[\/et_pb_text][\/et_pb_column][\/et_pb_row][et_pb_row column_structure=\u00bb1_2,1_2&#8243; _builder_version=\u00bb4.25.0&#8243; _module_preset=\u00bbdefault\u00bb width=\u00bb100%\u00bb module_alignment=\u00bbcenter\u00bb global_colors_info=\u00bb{}\u00bb][et_pb_column type=\u00bb1_2&#8243; _builder_version=\u00bb4.25.0&#8243; _module_preset=\u00bbdefault\u00bb global_colors_info=\u00bb{}\u00bb][et_pb_gallery gallery_ids=\u00bb39,38,166,168,172,174,176,177&#8243; fullwidth=\u00bbon\u00bb _builder_version=\u00bb4.25.0&#8243; _module_preset=\u00bbdefault\u00bb caption_text_align=\u00bbcenter\u00bb width=\u00bb70%\u00bb module_alignment=\u00bbcenter\u00bb global_colors_info=\u00bb{}\u00bb][\/et_pb_gallery][\/et_pb_column][et_pb_column type=\u00bb1_2&#8243; _builder_version=\u00bb4.25.0&#8243; _module_preset=\u00bbdefault\u00bb global_colors_info=\u00bb{}\u00bb][\/et_pb_column][\/et_pb_row][et_pb_row column_structure=\u00bb1_2,1_2&#8243; _builder_version=\u00bb4.25.0&#8243; _module_preset=\u00bbdefault\u00bb custom_margin=\u00bb-49px||||false|false\u00bb global_colors_info=\u00bb{}\u00bb][et_pb_column type=\u00bb1_2&#8243; _builder_version=\u00bb4.25.0&#8243; _module_preset=\u00bbdefault\u00bb global_colors_info=\u00bb{}\u00bb][et_pb_text _builder_version=\u00bb4.25.0&#8243; _module_preset=\u00bbdefault\u00bb text_font=\u00bbHabibi||||||||\u00bb text_font_size=\u00bb16px\u00bb text_orientation=\u00bbcenter\u00bb global_colors_info=\u00bb{}\u00bb]<\/p>\n<p>Planimetr\u00eda<\/p>\n<p>[\/et_pb_text][\/et_pb_column][et_pb_column type=\u00bb1_2&#8243; _builder_version=\u00bb4.25.0&#8243; _module_preset=\u00bbdefault\u00bb global_colors_info=\u00bb{}\u00bb][et_pb_text _builder_version=\u00bb4.25.0&#8243; _module_preset=\u00bbdefault\u00bb text_font=\u00bbHabibi||||||||\u00bb text_font_size=\u00bb16px\u00bb text_orientation=\u00bbcenter\u00bb global_colors_info=\u00bb{}\u00bb]<\/p>\n<p>Infograf\u00eda<\/p>\n<p>[\/et_pb_text][\/et_pb_column][\/et_pb_row][et_pb_row _builder_version=\u00bb4.25.0&#8243; _module_preset=\u00bbdefault\u00bb global_colors_info=\u00bb{}\u00bb][et_pb_column type=\u00bb4_4&#8243; _builder_version=\u00bb4.25.0&#8243; _module_preset=\u00bbdefault\u00bb global_colors_info=\u00bb{}\u00bb][et_pb_text _builder_version=\u00bb4.25.0&#8243; _module_preset=\u00bbdefault\u00bb text_font=\u00bbHabibi||||||||\u00bb text_font_size=\u00bb15px\u00bb header_3_font=\u00bbHabibi||||||||\u00bb text_orientation=\u00bbjustified\u00bb width=\u00bb81%\u00bb module_alignment=\u00bbcenter\u00bb global_colors_info=\u00bb{}\u00bb]<\/p>\n<h3 style=\"text-align: justify\">Introducci\u00f3n<\/h3>\n<p style=\"text-align: justify\">El presente proyecto se erige como una exploraci\u00f3n de las necesidades fundamentales del h\u00e1bitat. Enfoc\u00e1ndonos en el contexto de la vivienda m\u00ednima, este proyecto se propone no solo como una experiencia acad\u00e9mica, sino como un ejercicio en la s\u00edntesis de ideas y la aplicaci\u00f3n de conceptos clave en la arquitectura contempor\u00e1nea.<\/p>\n<p style=\"text-align: justify\">El dise\u00f1o de una vivienda m\u00ednima de 30 m2 implica una cuidadosa consideraci\u00f3n de las necesidades esenciales para garantizar un espacio habitable, funcional y c\u00f3modo. A pesar de las limitaciones de tama\u00f1o, el programa de necesidades se enfoca en maximizar la eficiencia y la versatilidad de cada zona.<\/p>\n<h3 style=\"text-align: justify\">Descripci\u00f3n conceptual:<\/h3>\n<p>El proyecto se articula en base a tres conceptos principales:<\/p>\n<p>&#8211; <strong>DOBLE PIEL<\/strong>: Estanter\u00edas perimetrales.<br \/>El proyecto nace a partir de la idea de incorporar una segunda piel que supla la necesidad de almacenaje en espacios reducidos. De este modo, se genera un mueble perimetral que proporciona diversas oportunidades de uso seg\u00fan los espacios.<\/p>\n<p>&#8211; <strong>ESPACIO FLEXIBLE<\/strong>: Muebles abatibles.<br \/>A partir del concepto de doble piel, surge la opci\u00f3n de generar diferentes espacios, planteando la idea de muebles abatibles. Las distintas \u00e1reas de la vivienda se transforman seg\u00fan las necesidades del usuario en ese momento.<\/p>\n<p>&#8211; <strong>ALTILLO<\/strong>: Zona de lectura.<br \/>La altura de la vivienda nos permite generar un espacio agradable y funcional como zona de lectura en un altillo. Esta idea permite cubrir las necesidades de ocio demandadas por el usuario.<\/p>\n<p>[\/et_pb_text][\/et_pb_column][\/et_pb_row][\/et_pb_section]<\/p>\n","protected":false},"excerpt":{"rendered":"<p>VIVIENDA M\u00cdNIMAPlanimetr\u00edaInfograf\u00edaIntroducci\u00f3n El presente proyecto se erige como una exploraci\u00f3n de las necesidades fundamentales del h\u00e1bitat. Enfoc\u00e1ndonos en el contexto de la vivienda m\u00ednima, este proyecto se propone no solo como una experiencia acad\u00e9mica, sino como un ejercicio en la s\u00edntesis de ideas y la aplicaci\u00f3n de conceptos clave en la arquitectura contempor\u00e1nea. El dise\u00f1o [&hellip;]<\/p>\n","protected":false},"author":60,"featured_media":172,"comment_status":"open","ping_status":"closed","template":"","meta":{"_et_pb_use_builder":"on","_et_pb_old_content":"","_et_gb_content_width":"","footnotes":""},"project_category":[],"project_tag":[],"class_list":["post-151","project","type-project","status-publish","has-post-thumbnail","hentry"],"yoast_head":"<!-- This site is optimized with the Yoast SEO plugin v24.5 - https:\/\/yoast.com\/wordpress\/plugins\/seo\/ -->\n<title>Vivienda M\u00ednima - Portfolio Margarita<\/title>\n<meta name=\"robots\" content=\"index, follow, max-snippet:-1, max-image-preview:large, max-video-preview:-1\" \/>\n<link rel=\"canonical\" href=\"https:\/\/interiores.escuelaartegranada.com\/margaritaaguado\/project\/vivienda-minima\/\" \/>\n<meta property=\"og:locale\" content=\"es_ES\" \/>\n<meta property=\"og:type\" content=\"article\" \/>\n<meta property=\"og:title\" content=\"Vivienda M\u00ednima - Portfolio Margarita\" \/>\n<meta property=\"og:description\" content=\"VIVIENDA M\u00cdNIMAPlanimetr\u00edaInfograf\u00edaIntroducci\u00f3n El presente proyecto se erige como una exploraci\u00f3n de las necesidades fundamentales del h\u00e1bitat. Enfoc\u00e1ndonos en el contexto de la vivienda m\u00ednima, este proyecto se propone no solo como una experiencia acad\u00e9mica, sino como un ejercicio en la s\u00edntesis de ideas y la aplicaci\u00f3n de conceptos clave en la arquitectura contempor\u00e1nea. El dise\u00f1o [&hellip;]\" \/>\n<meta property=\"og:url\" content=\"https:\/\/interiores.escuelaartegranada.com\/margaritaaguado\/project\/vivienda-minima\/\" \/>\n<meta property=\"og:site_name\" content=\"Portfolio Margarita\" \/>\n<meta property=\"article:modified_time\" content=\"2024-06-18T09:32:01+00:00\" \/>\n<meta property=\"og:image\" content=\"https:\/\/interiores.escuelaartegranada.com\/margaritaaguado\/wp-content\/uploads\/sites\/61\/2024\/05\/VIVIENDAMINIMAP3.gif\" \/>\n\t<meta property=\"og:image:width\" content=\"1134\" \/>\n\t<meta property=\"og:image:height\" content=\"840\" \/>\n\t<meta property=\"og:image:type\" content=\"image\/gif\" \/>\n<meta name=\"twitter:card\" content=\"summary_large_image\" \/>\n<meta name=\"twitter:label1\" content=\"Tiempo de lectura\" \/>\n\t<meta name=\"twitter:data1\" content=\"3 minutos\" \/>\n<script type=\"application\/ld+json\" class=\"yoast-schema-graph\">{\"@context\":\"https:\/\/schema.org\",\"@graph\":[{\"@type\":\"WebPage\",\"@id\":\"https:\/\/interiores.escuelaartegranada.com\/margaritaaguado\/project\/vivienda-minima\/\",\"url\":\"https:\/\/interiores.escuelaartegranada.com\/margaritaaguado\/project\/vivienda-minima\/\",\"name\":\"Vivienda M\u00ednima - Portfolio Margarita\",\"isPartOf\":{\"@id\":\"https:\/\/interiores.escuelaartegranada.com\/margaritaaguado\/#website\"},\"primaryImageOfPage\":{\"@id\":\"https:\/\/interiores.escuelaartegranada.com\/margaritaaguado\/project\/vivienda-minima\/#primaryimage\"},\"image\":{\"@id\":\"https:\/\/interiores.escuelaartegranada.com\/margaritaaguado\/project\/vivienda-minima\/#primaryimage\"},\"thumbnailUrl\":\"https:\/\/interiores.escuelaartegranada.com\/margaritaaguado\/wp-content\/uploads\/sites\/61\/2024\/05\/VIVIENDAMINIMAP3.gif\",\"datePublished\":\"2024-05-02T10:32:16+00:00\",\"dateModified\":\"2024-06-18T09:32:01+00:00\",\"breadcrumb\":{\"@id\":\"https:\/\/interiores.escuelaartegranada.com\/margaritaaguado\/project\/vivienda-minima\/#breadcrumb\"},\"inLanguage\":\"es\",\"potentialAction\":[{\"@type\":\"ReadAction\",\"target\":[\"https:\/\/interiores.escuelaartegranada.com\/margaritaaguado\/project\/vivienda-minima\/\"]}]},{\"@type\":\"ImageObject\",\"inLanguage\":\"es\",\"@id\":\"https:\/\/interiores.escuelaartegranada.com\/margaritaaguado\/project\/vivienda-minima\/#primaryimage\",\"url\":\"https:\/\/interiores.escuelaartegranada.com\/margaritaaguado\/wp-content\/uploads\/sites\/61\/2024\/05\/VIVIENDAMINIMAP3.gif\",\"contentUrl\":\"https:\/\/interiores.escuelaartegranada.com\/margaritaaguado\/wp-content\/uploads\/sites\/61\/2024\/05\/VIVIENDAMINIMAP3.gif\",\"width\":1134,\"height\":840},{\"@type\":\"BreadcrumbList\",\"@id\":\"https:\/\/interiores.escuelaartegranada.com\/margaritaaguado\/project\/vivienda-minima\/#breadcrumb\",\"itemListElement\":[{\"@type\":\"ListItem\",\"position\":1,\"name\":\"Portada\",\"item\":\"https:\/\/interiores.escuelaartegranada.com\/margaritaaguado\/\"},{\"@type\":\"ListItem\",\"position\":2,\"name\":\"Proyectos\",\"item\":\"https:\/\/interiores.escuelaartegranada.com\/margaritaaguado\/project\/\"},{\"@type\":\"ListItem\",\"position\":3,\"name\":\"Vivienda M\u00ednima\"}]},{\"@type\":\"WebSite\",\"@id\":\"https:\/\/interiores.escuelaartegranada.com\/margaritaaguado\/#website\",\"url\":\"https:\/\/interiores.escuelaartegranada.com\/margaritaaguado\/\",\"name\":\"Portfolio Margarita\",\"description\":\"\",\"potentialAction\":[{\"@type\":\"SearchAction\",\"target\":{\"@type\":\"EntryPoint\",\"urlTemplate\":\"https:\/\/interiores.escuelaartegranada.com\/margaritaaguado\/?s={search_term_string}\"},\"query-input\":{\"@type\":\"PropertyValueSpecification\",\"valueRequired\":true,\"valueName\":\"search_term_string\"}}],\"inLanguage\":\"es\"}]}<\/script>\n<!-- \/ Yoast SEO plugin. -->","yoast_head_json":{"title":"Vivienda M\u00ednima - Portfolio Margarita","robots":{"index":"index","follow":"follow","max-snippet":"max-snippet:-1","max-image-preview":"max-image-preview:large","max-video-preview":"max-video-preview:-1"},"canonical":"https:\/\/interiores.escuelaartegranada.com\/margaritaaguado\/project\/vivienda-minima\/","og_locale":"es_ES","og_type":"article","og_title":"Vivienda M\u00ednima - Portfolio Margarita","og_description":"VIVIENDA M\u00cdNIMAPlanimetr\u00edaInfograf\u00edaIntroducci\u00f3n El presente proyecto se erige como una exploraci\u00f3n de las necesidades fundamentales del h\u00e1bitat. Enfoc\u00e1ndonos en el contexto de la vivienda m\u00ednima, este proyecto se propone no solo como una experiencia acad\u00e9mica, sino como un ejercicio en la s\u00edntesis de ideas y la aplicaci\u00f3n de conceptos clave en la arquitectura contempor\u00e1nea. El dise\u00f1o [&hellip;]","og_url":"https:\/\/interiores.escuelaartegranada.com\/margaritaaguado\/project\/vivienda-minima\/","og_site_name":"Portfolio Margarita","article_modified_time":"2024-06-18T09:32:01+00:00","og_image":[{"width":1134,"height":840,"url":"https:\/\/interiores.escuelaartegranada.com\/margaritaaguado\/wp-content\/uploads\/sites\/61\/2024\/05\/VIVIENDAMINIMAP3.gif","type":"image\/gif"}],"twitter_card":"summary_large_image","twitter_misc":{"Tiempo de lectura":"3 minutos"},"schema":{"@context":"https:\/\/schema.org","@graph":[{"@type":"WebPage","@id":"https:\/\/interiores.escuelaartegranada.com\/margaritaaguado\/project\/vivienda-minima\/","url":"https:\/\/interiores.escuelaartegranada.com\/margaritaaguado\/project\/vivienda-minima\/","name":"Vivienda M\u00ednima - Portfolio Margarita","isPartOf":{"@id":"https:\/\/interiores.escuelaartegranada.com\/margaritaaguado\/#website"},"primaryImageOfPage":{"@id":"https:\/\/interiores.escuelaartegranada.com\/margaritaaguado\/project\/vivienda-minima\/#primaryimage"},"image":{"@id":"https:\/\/interiores.escuelaartegranada.com\/margaritaaguado\/project\/vivienda-minima\/#primaryimage"},"thumbnailUrl":"https:\/\/interiores.escuelaartegranada.com\/margaritaaguado\/wp-content\/uploads\/sites\/61\/2024\/05\/VIVIENDAMINIMAP3.gif","datePublished":"2024-05-02T10:32:16+00:00","dateModified":"2024-06-18T09:32:01+00:00","breadcrumb":{"@id":"https:\/\/interiores.escuelaartegranada.com\/margaritaaguado\/project\/vivienda-minima\/#breadcrumb"},"inLanguage":"es","potentialAction":[{"@type":"ReadAction","target":["https:\/\/interiores.escuelaartegranada.com\/margaritaaguado\/project\/vivienda-minima\/"]}]},{"@type":"ImageObject","inLanguage":"es","@id":"https:\/\/interiores.escuelaartegranada.com\/margaritaaguado\/project\/vivienda-minima\/#primaryimage","url":"https:\/\/interiores.escuelaartegranada.com\/margaritaaguado\/wp-content\/uploads\/sites\/61\/2024\/05\/VIVIENDAMINIMAP3.gif","contentUrl":"https:\/\/interiores.escuelaartegranada.com\/margaritaaguado\/wp-content\/uploads\/sites\/61\/2024\/05\/VIVIENDAMINIMAP3.gif","width":1134,"height":840},{"@type":"BreadcrumbList","@id":"https:\/\/interiores.escuelaartegranada.com\/margaritaaguado\/project\/vivienda-minima\/#breadcrumb","itemListElement":[{"@type":"ListItem","position":1,"name":"Portada","item":"https:\/\/interiores.escuelaartegranada.com\/margaritaaguado\/"},{"@type":"ListItem","position":2,"name":"Proyectos","item":"https:\/\/interiores.escuelaartegranada.com\/margaritaaguado\/project\/"},{"@type":"ListItem","position":3,"name":"Vivienda M\u00ednima"}]},{"@type":"WebSite","@id":"https:\/\/interiores.escuelaartegranada.com\/margaritaaguado\/#website","url":"https:\/\/interiores.escuelaartegranada.com\/margaritaaguado\/","name":"Portfolio Margarita","description":"","potentialAction":[{"@type":"SearchAction","target":{"@type":"EntryPoint","urlTemplate":"https:\/\/interiores.escuelaartegranada.com\/margaritaaguado\/?s={search_term_string}"},"query-input":{"@type":"PropertyValueSpecification","valueRequired":true,"valueName":"search_term_string"}}],"inLanguage":"es"}]}},"_links":{"self":[{"href":"https:\/\/interiores.escuelaartegranada.com\/margaritaaguado\/wp-json\/wp\/v2\/project\/151","targetHints":{"allow":["GET"]}}],"collection":[{"href":"https:\/\/interiores.escuelaartegranada.com\/margaritaaguado\/wp-json\/wp\/v2\/project"}],"about":[{"href":"https:\/\/interiores.escuelaartegranada.com\/margaritaaguado\/wp-json\/wp\/v2\/types\/project"}],"author":[{"embeddable":true,"href":"https:\/\/interiores.escuelaartegranada.com\/margaritaaguado\/wp-json\/wp\/v2\/users\/60"}],"replies":[{"embeddable":true,"href":"https:\/\/interiores.escuelaartegranada.com\/margaritaaguado\/wp-json\/wp\/v2\/comments?post=151"}],"version-history":[{"count":11,"href":"https:\/\/interiores.escuelaartegranada.com\/margaritaaguado\/wp-json\/wp\/v2\/project\/151\/revisions"}],"predecessor-version":[{"id":393,"href":"https:\/\/interiores.escuelaartegranada.com\/margaritaaguado\/wp-json\/wp\/v2\/project\/151\/revisions\/393"}],"wp:featuredmedia":[{"embeddable":true,"href":"https:\/\/interiores.escuelaartegranada.com\/margaritaaguado\/wp-json\/wp\/v2\/media\/172"}],"wp:attachment":[{"href":"https:\/\/interiores.escuelaartegranada.com\/margaritaaguado\/wp-json\/wp\/v2\/media?parent=151"}],"wp:term":[{"taxonomy":"project_category","embeddable":true,"href":"https:\/\/interiores.escuelaartegranada.com\/margaritaaguado\/wp-json\/wp\/v2\/project_category?post=151"},{"taxonomy":"project_tag","embeddable":true,"href":"https:\/\/interiores.escuelaartegranada.com\/margaritaaguado\/wp-json\/wp\/v2\/project_tag?post=151"}],"curies":[{"name":"wp","href":"https:\/\/api.w.org\/{rel}","templated":true}]}}