{"id":153,"date":"2024-05-02T10:04:26","date_gmt":"2024-05-02T10:04:26","guid":{"rendered":"https:\/\/interiores.escuelaartegranada.com\/margaritaaguado\/?post_type=project&#038;p=153"},"modified":"2024-05-09T11:05:11","modified_gmt":"2024-05-09T11:05:11","slug":"historias-en-escalera","status":"publish","type":"project","link":"https:\/\/interiores.escuelaartegranada.com\/margaritaaguado\/project\/historias-en-escalera\/","title":{"rendered":"Historias en Escalera"},"content":{"rendered":"<p>[et_pb_section fb_built=\u00bb1&#8243; _builder_version=\u00bb4.25.0&#8243; _module_preset=\u00bbdefault\u00bb global_colors_info=\u00bb{}\u00bb][et_pb_row _builder_version=\u00bb4.25.0&#8243; _module_preset=\u00bbdefault\u00bb hover_enabled=\u00bb0&#8243; global_colors_info=\u00bb{}\u00bb background_color=\u00bbRGBA(255,255,255,0)\u00bb title_text=\u00bbfondo-escaleras-min\u00bb background_image=\u00bbhttps:\/\/interiores.escuelaartegranada.com\/margaritaaguado\/wp-content\/uploads\/sites\/61\/2024\/05\/fondo-escaleras-min.png\u00bb width=\u00bb100%\u00bb max_width=\u00bb2035px\u00bb height=\u00bb125px\u00bb sticky_enabled=\u00bb0&#8243; background_position=\u00bbtop_left\u00bb custom_margin=\u00bb-52px||||false|false\u00bb][et_pb_column type=\u00bb4_4&#8243; _builder_version=\u00bb4.25.0&#8243; _module_preset=\u00bbdefault\u00bb global_colors_info=\u00bb{}\u00bb][et_pb_text _builder_version=\u00bb4.25.0&#8243; _module_preset=\u00bbdefault\u00bb text_font=\u00bbHabibi||||||||\u00bb header_font=\u00bbHabibi||||||||\u00bb text_orientation=\u00bbcenter\u00bb hover_enabled=\u00bb0&#8243; global_colors_info=\u00bb{}\u00bb header_3_font=\u00bbHabibi||||||||\u00bb sticky_enabled=\u00bb0&#8243;]<\/p>\n<h1><strong>HISTORIAS EN ESCALERA<\/strong><\/h1>\n<h3>Reforma integral de vivienda<\/h3>\n<p>[\/et_pb_text][\/et_pb_column][\/et_pb_row][et_pb_row column_structure=\u00bb1_2,1_2&#8243; _builder_version=\u00bb4.25.0&#8243; _module_preset=\u00bbdefault\u00bb width=\u00bb100%\u00bb module_alignment=\u00bbcenter\u00bb hover_enabled=\u00bb0&#8243; global_colors_info=\u00bb{}\u00bb custom_margin=\u00bb10px||||false|false\u00bb sticky_enabled=\u00bb0&#8243;][et_pb_column type=\u00bb1_2&#8243; _builder_version=\u00bb4.25.0&#8243; _module_preset=\u00bbdefault\u00bb global_colors_info=\u00bb{}\u00bb][et_pb_gallery gallery_ids=\u00bb39,38,193,195,196,197&#8243; fullwidth=\u00bbon\u00bb _builder_version=\u00bb4.25.0&#8243; _module_preset=\u00bbdefault\u00bb caption_text_align=\u00bbcenter\u00bb width=\u00bb70%\u00bb module_alignment=\u00bbcenter\u00bb global_colors_info=\u00bb{}\u00bb][\/et_pb_gallery][\/et_pb_column][et_pb_column type=\u00bb1_2&#8243; _builder_version=\u00bb4.25.0&#8243; _module_preset=\u00bbdefault\u00bb global_colors_info=\u00bb{}\u00bb][et_pb_gallery gallery_ids=\u00bb200,201&#8243; fullwidth=\u00bbon\u00bb _builder_version=\u00bb4.25.0&#8243; _module_preset=\u00bbdefault\u00bb hover_enabled=\u00bb0&#8243; border_radii=\u00bbon|25px|25px|25px|25px\u00bb global_colors_info=\u00bb{}\u00bb width=\u00bb100%\u00bb custom_padding=\u00bb|0px||0px|false|false\u00bb custom_margin=\u00bb|0px||-101px|false|false\u00bb sticky_enabled=\u00bb0&#8243;][\/et_pb_gallery][\/et_pb_column][\/et_pb_row][et_pb_row column_structure=\u00bb1_2,1_2&#8243; _builder_version=\u00bb4.25.0&#8243; _module_preset=\u00bbdefault\u00bb custom_margin=\u00bb-49px||||false|false\u00bb global_colors_info=\u00bb{}\u00bb][et_pb_column type=\u00bb1_2&#8243; _builder_version=\u00bb4.25.0&#8243; _module_preset=\u00bbdefault\u00bb global_colors_info=\u00bb{}\u00bb][et_pb_text _builder_version=\u00bb4.25.0&#8243; _module_preset=\u00bbdefault\u00bb text_font=\u00bbHabibi||||||||\u00bb text_font_size=\u00bb16px\u00bb text_orientation=\u00bbcenter\u00bb global_colors_info=\u00bb{}\u00bb]<\/p>\n<p>Planimetr\u00eda<\/p>\n<p>[\/et_pb_text][\/et_pb_column][et_pb_column type=\u00bb1_2&#8243; _builder_version=\u00bb4.25.0&#8243; _module_preset=\u00bbdefault\u00bb global_colors_info=\u00bb{}\u00bb][et_pb_text _builder_version=\u00bb4.25.0&#8243; _module_preset=\u00bbdefault\u00bb text_font=\u00bbHabibi||||||||\u00bb text_font_size=\u00bb16px\u00bb text_orientation=\u00bbcenter\u00bb hover_enabled=\u00bb0&#8243; global_colors_info=\u00bb{}\u00bb custom_margin=\u00bb|||-202px|false|false\u00bb sticky_enabled=\u00bb0&#8243;]<\/p>\n<p>Infograf\u00eda<\/p>\n<p>[\/et_pb_text][\/et_pb_column][\/et_pb_row][et_pb_row _builder_version=\u00bb4.25.0&#8243; _module_preset=\u00bbdefault\u00bb global_colors_info=\u00bb{}\u00bb][et_pb_column type=\u00bb4_4&#8243; _builder_version=\u00bb4.25.0&#8243; _module_preset=\u00bbdefault\u00bb global_colors_info=\u00bb{}\u00bb][et_pb_text _builder_version=\u00bb4.25.0&#8243; _module_preset=\u00bbdefault\u00bb text_font=\u00bbHabibi||||||||\u00bb text_font_size=\u00bb15px\u00bb header_3_font=\u00bbHabibi||||||||\u00bb text_orientation=\u00bbjustified\u00bb width=\u00bb81%\u00bb module_alignment=\u00bbcenter\u00bb global_colors_info=\u00bb{}\u00bb]<\/p>\n<h3 style=\"text-align: justify\">Introducci\u00f3n<\/h3>\n<p style=\"text-align: justify\">El objetivo del proyecto es reformar y ampliar una vivienda que tiene actualmente una \u00fanica planta, ampliando en otra planta m\u00e1s y de esta manera incrementar los metros \u00fatiles de vivienda y potenciar los nuevos usos de la misma mediante la nueva distribuci\u00f3n.<\/p>\n<h3 style=\"text-align: justify\">Descripci\u00f3n del cliente y necesidades:<\/h3>\n<p>El cliente expresa su condici\u00f3n de padre divorciado, recibiendo a su hijo adolescente en semanas alternas, planteando la necesidad de una habitaci\u00f3n propia para \u00e9l y su pareja y otra habitaci\u00f3n para su hijo, adaptada a su residencia no permanente.<br \/>Expone su estilo de vida, explicando que no necesita espacio de trabajo exclusivo en la vivienda, adem\u00e1s de se\u00f1alar su gusto por la lectura y la m\u00fasica, planteando la necesidad de espacios de almacenaje relacionados a sus hobbies.<\/p>\n<p>En cuanto a la cocina, el cliente requiere de un espacio abierto, amplio y con posibilidad de disfrutarlo tambi\u00e9n con amigos.<\/p>\n<p>Ped\u00eda espacios vers\u00e1tiles que pudieran cumplir diferentes funciones y que<br \/>permitieran tanto poder disfrutarlos solo y aislado como que dieran la posibilidad de ser disfrutados en pareja o con sus amigos. Dej\u00f3 claras su inclinaci\u00f3n por espacios abiertos, luminosos, di\u00e1fanos y poco recargados.<\/p>\n<p>El cliente remarca su preferencia por las <strong>escaleras vistas<\/strong>, que tengan presencia dentro de la vivienda y no queden relegadas a un elemento anecd\u00f3tico.<\/p>\n<h3 style=\"text-align: justify\">Descripci\u00f3n conceptual:<\/h3>\n<p>El nombre del proyecto es \u201cHistorias en escalera\u201d, haciendo referencia a la idea generadora de escalera como eje central y articulador que incorpora la funci\u00f3n de biblioteca, resolviendo las necesidades de gustos y ocio del cliente. Los libros se colocar\u00e1n en la escalera y esta ser\u00e1 a su vez un espacio vividero y relacionado con la luz y la lectura.<\/p>\n<p>El t\u00edtulo est\u00e1 inspirado en la obra de teatro del dramaturgo Antonio Buero Vallejo \u201cHistorias en una escalera\u201d.<\/p>\n<p>Por tanto, la escalera act\u00faa como espacio distribuidor, de almacenamiento y de lectura, creando adem\u00e1s una principal entrada de luz y relaciones visuales con los espacios de terraza.<\/p>\n<p>[\/et_pb_text][\/et_pb_column][\/et_pb_row][\/et_pb_section]<\/p>\n","protected":false},"excerpt":{"rendered":"<p>HISTORIAS EN ESCALERA Reforma integral de viviendaPlanimetr\u00edaInfograf\u00edaIntroducci\u00f3n El objetivo del proyecto es reformar y ampliar una vivienda que tiene actualmente una \u00fanica planta, ampliando en otra planta m\u00e1s y de esta manera incrementar los metros \u00fatiles de vivienda y potenciar los nuevos usos de la misma mediante la nueva distribuci\u00f3n. Descripci\u00f3n del cliente y necesidades: [&hellip;]<\/p>\n","protected":false},"author":60,"featured_media":200,"comment_status":"open","ping_status":"closed","template":"","meta":{"_et_pb_use_builder":"on","_et_pb_old_content":"","_et_gb_content_width":"","footnotes":""},"project_category":[],"project_tag":[],"class_list":["post-153","project","type-project","status-publish","has-post-thumbnail","hentry"],"yoast_head":"<!-- This site is optimized with the Yoast SEO plugin v24.5 - https:\/\/yoast.com\/wordpress\/plugins\/seo\/ -->\n<title>Historias en Escalera - Portfolio Margarita<\/title>\n<meta name=\"robots\" content=\"index, follow, max-snippet:-1, max-image-preview:large, max-video-preview:-1\" \/>\n<link rel=\"canonical\" href=\"https:\/\/interiores.escuelaartegranada.com\/margaritaaguado\/project\/historias-en-escalera\/\" \/>\n<meta property=\"og:locale\" content=\"es_ES\" \/>\n<meta property=\"og:type\" content=\"article\" \/>\n<meta property=\"og:title\" content=\"Historias en Escalera - Portfolio Margarita\" \/>\n<meta property=\"og:description\" content=\"HISTORIAS EN ESCALERA Reforma integral de viviendaPlanimetr\u00edaInfograf\u00edaIntroducci\u00f3n El objetivo del proyecto es reformar y ampliar una vivienda que tiene actualmente una \u00fanica planta, ampliando en otra planta m\u00e1s y de esta manera incrementar los metros \u00fatiles de vivienda y potenciar los nuevos usos de la misma mediante la nueva distribuci\u00f3n. Descripci\u00f3n del cliente y necesidades: [&hellip;]\" \/>\n<meta property=\"og:url\" content=\"https:\/\/interiores.escuelaartegranada.com\/margaritaaguado\/project\/historias-en-escalera\/\" \/>\n<meta property=\"og:site_name\" content=\"Portfolio Margarita\" \/>\n<meta property=\"article:modified_time\" content=\"2024-05-09T11:05:11+00:00\" \/>\n<meta property=\"og:image\" content=\"https:\/\/interiores.escuelaartegranada.com\/margaritaaguado\/wp-content\/uploads\/sites\/61\/2024\/05\/vivienda-escalera2.jpg\" \/>\n\t<meta property=\"og:image:width\" content=\"1920\" \/>\n\t<meta property=\"og:image:height\" content=\"1080\" \/>\n\t<meta property=\"og:image:type\" content=\"image\/jpeg\" \/>\n<meta name=\"twitter:card\" content=\"summary_large_image\" \/>\n<meta name=\"twitter:label1\" content=\"Tiempo de lectura\" \/>\n\t<meta name=\"twitter:data1\" content=\"3 minutos\" \/>\n<script type=\"application\/ld+json\" class=\"yoast-schema-graph\">{\"@context\":\"https:\/\/schema.org\",\"@graph\":[{\"@type\":\"WebPage\",\"@id\":\"https:\/\/interiores.escuelaartegranada.com\/margaritaaguado\/project\/historias-en-escalera\/\",\"url\":\"https:\/\/interiores.escuelaartegranada.com\/margaritaaguado\/project\/historias-en-escalera\/\",\"name\":\"Historias en Escalera - Portfolio Margarita\",\"isPartOf\":{\"@id\":\"https:\/\/interiores.escuelaartegranada.com\/margaritaaguado\/#website\"},\"primaryImageOfPage\":{\"@id\":\"https:\/\/interiores.escuelaartegranada.com\/margaritaaguado\/project\/historias-en-escalera\/#primaryimage\"},\"image\":{\"@id\":\"https:\/\/interiores.escuelaartegranada.com\/margaritaaguado\/project\/historias-en-escalera\/#primaryimage\"},\"thumbnailUrl\":\"https:\/\/interiores.escuelaartegranada.com\/margaritaaguado\/wp-content\/uploads\/sites\/61\/2024\/05\/vivienda-escalera2.jpg\",\"datePublished\":\"2024-05-02T10:04:26+00:00\",\"dateModified\":\"2024-05-09T11:05:11+00:00\",\"breadcrumb\":{\"@id\":\"https:\/\/interiores.escuelaartegranada.com\/margaritaaguado\/project\/historias-en-escalera\/#breadcrumb\"},\"inLanguage\":\"es\",\"potentialAction\":[{\"@type\":\"ReadAction\",\"target\":[\"https:\/\/interiores.escuelaartegranada.com\/margaritaaguado\/project\/historias-en-escalera\/\"]}]},{\"@type\":\"ImageObject\",\"inLanguage\":\"es\",\"@id\":\"https:\/\/interiores.escuelaartegranada.com\/margaritaaguado\/project\/historias-en-escalera\/#primaryimage\",\"url\":\"https:\/\/interiores.escuelaartegranada.com\/margaritaaguado\/wp-content\/uploads\/sites\/61\/2024\/05\/vivienda-escalera2.jpg\",\"contentUrl\":\"https:\/\/interiores.escuelaartegranada.com\/margaritaaguado\/wp-content\/uploads\/sites\/61\/2024\/05\/vivienda-escalera2.jpg\",\"width\":1920,\"height\":1080},{\"@type\":\"BreadcrumbList\",\"@id\":\"https:\/\/interiores.escuelaartegranada.com\/margaritaaguado\/project\/historias-en-escalera\/#breadcrumb\",\"itemListElement\":[{\"@type\":\"ListItem\",\"position\":1,\"name\":\"Portada\",\"item\":\"https:\/\/interiores.escuelaartegranada.com\/margaritaaguado\/\"},{\"@type\":\"ListItem\",\"position\":2,\"name\":\"Proyectos\",\"item\":\"https:\/\/interiores.escuelaartegranada.com\/margaritaaguado\/project\/\"},{\"@type\":\"ListItem\",\"position\":3,\"name\":\"Historias en Escalera\"}]},{\"@type\":\"WebSite\",\"@id\":\"https:\/\/interiores.escuelaartegranada.com\/margaritaaguado\/#website\",\"url\":\"https:\/\/interiores.escuelaartegranada.com\/margaritaaguado\/\",\"name\":\"Portfolio Margarita\",\"description\":\"\",\"potentialAction\":[{\"@type\":\"SearchAction\",\"target\":{\"@type\":\"EntryPoint\",\"urlTemplate\":\"https:\/\/interiores.escuelaartegranada.com\/margaritaaguado\/?s={search_term_string}\"},\"query-input\":{\"@type\":\"PropertyValueSpecification\",\"valueRequired\":true,\"valueName\":\"search_term_string\"}}],\"inLanguage\":\"es\"}]}<\/script>\n<!-- \/ Yoast SEO plugin. -->","yoast_head_json":{"title":"Historias en Escalera - Portfolio Margarita","robots":{"index":"index","follow":"follow","max-snippet":"max-snippet:-1","max-image-preview":"max-image-preview:large","max-video-preview":"max-video-preview:-1"},"canonical":"https:\/\/interiores.escuelaartegranada.com\/margaritaaguado\/project\/historias-en-escalera\/","og_locale":"es_ES","og_type":"article","og_title":"Historias en Escalera - Portfolio Margarita","og_description":"HISTORIAS EN ESCALERA Reforma integral de viviendaPlanimetr\u00edaInfograf\u00edaIntroducci\u00f3n El objetivo del proyecto es reformar y ampliar una vivienda que tiene actualmente una \u00fanica planta, ampliando en otra planta m\u00e1s y de esta manera incrementar los metros \u00fatiles de vivienda y potenciar los nuevos usos de la misma mediante la nueva distribuci\u00f3n. Descripci\u00f3n del cliente y necesidades: [&hellip;]","og_url":"https:\/\/interiores.escuelaartegranada.com\/margaritaaguado\/project\/historias-en-escalera\/","og_site_name":"Portfolio Margarita","article_modified_time":"2024-05-09T11:05:11+00:00","og_image":[{"width":1920,"height":1080,"url":"https:\/\/interiores.escuelaartegranada.com\/margaritaaguado\/wp-content\/uploads\/sites\/61\/2024\/05\/vivienda-escalera2.jpg","type":"image\/jpeg"}],"twitter_card":"summary_large_image","twitter_misc":{"Tiempo de lectura":"3 minutos"},"schema":{"@context":"https:\/\/schema.org","@graph":[{"@type":"WebPage","@id":"https:\/\/interiores.escuelaartegranada.com\/margaritaaguado\/project\/historias-en-escalera\/","url":"https:\/\/interiores.escuelaartegranada.com\/margaritaaguado\/project\/historias-en-escalera\/","name":"Historias en Escalera - Portfolio Margarita","isPartOf":{"@id":"https:\/\/interiores.escuelaartegranada.com\/margaritaaguado\/#website"},"primaryImageOfPage":{"@id":"https:\/\/interiores.escuelaartegranada.com\/margaritaaguado\/project\/historias-en-escalera\/#primaryimage"},"image":{"@id":"https:\/\/interiores.escuelaartegranada.com\/margaritaaguado\/project\/historias-en-escalera\/#primaryimage"},"thumbnailUrl":"https:\/\/interiores.escuelaartegranada.com\/margaritaaguado\/wp-content\/uploads\/sites\/61\/2024\/05\/vivienda-escalera2.jpg","datePublished":"2024-05-02T10:04:26+00:00","dateModified":"2024-05-09T11:05:11+00:00","breadcrumb":{"@id":"https:\/\/interiores.escuelaartegranada.com\/margaritaaguado\/project\/historias-en-escalera\/#breadcrumb"},"inLanguage":"es","potentialAction":[{"@type":"ReadAction","target":["https:\/\/interiores.escuelaartegranada.com\/margaritaaguado\/project\/historias-en-escalera\/"]}]},{"@type":"ImageObject","inLanguage":"es","@id":"https:\/\/interiores.escuelaartegranada.com\/margaritaaguado\/project\/historias-en-escalera\/#primaryimage","url":"https:\/\/interiores.escuelaartegranada.com\/margaritaaguado\/wp-content\/uploads\/sites\/61\/2024\/05\/vivienda-escalera2.jpg","contentUrl":"https:\/\/interiores.escuelaartegranada.com\/margaritaaguado\/wp-content\/uploads\/sites\/61\/2024\/05\/vivienda-escalera2.jpg","width":1920,"height":1080},{"@type":"BreadcrumbList","@id":"https:\/\/interiores.escuelaartegranada.com\/margaritaaguado\/project\/historias-en-escalera\/#breadcrumb","itemListElement":[{"@type":"ListItem","position":1,"name":"Portada","item":"https:\/\/interiores.escuelaartegranada.com\/margaritaaguado\/"},{"@type":"ListItem","position":2,"name":"Proyectos","item":"https:\/\/interiores.escuelaartegranada.com\/margaritaaguado\/project\/"},{"@type":"ListItem","position":3,"name":"Historias en Escalera"}]},{"@type":"WebSite","@id":"https:\/\/interiores.escuelaartegranada.com\/margaritaaguado\/#website","url":"https:\/\/interiores.escuelaartegranada.com\/margaritaaguado\/","name":"Portfolio Margarita","description":"","potentialAction":[{"@type":"SearchAction","target":{"@type":"EntryPoint","urlTemplate":"https:\/\/interiores.escuelaartegranada.com\/margaritaaguado\/?s={search_term_string}"},"query-input":{"@type":"PropertyValueSpecification","valueRequired":true,"valueName":"search_term_string"}}],"inLanguage":"es"}]}},"_links":{"self":[{"href":"https:\/\/interiores.escuelaartegranada.com\/margaritaaguado\/wp-json\/wp\/v2\/project\/153","targetHints":{"allow":["GET"]}}],"collection":[{"href":"https:\/\/interiores.escuelaartegranada.com\/margaritaaguado\/wp-json\/wp\/v2\/project"}],"about":[{"href":"https:\/\/interiores.escuelaartegranada.com\/margaritaaguado\/wp-json\/wp\/v2\/types\/project"}],"author":[{"embeddable":true,"href":"https:\/\/interiores.escuelaartegranada.com\/margaritaaguado\/wp-json\/wp\/v2\/users\/60"}],"replies":[{"embeddable":true,"href":"https:\/\/interiores.escuelaartegranada.com\/margaritaaguado\/wp-json\/wp\/v2\/comments?post=153"}],"version-history":[{"count":10,"href":"https:\/\/interiores.escuelaartegranada.com\/margaritaaguado\/wp-json\/wp\/v2\/project\/153\/revisions"}],"predecessor-version":[{"id":257,"href":"https:\/\/interiores.escuelaartegranada.com\/margaritaaguado\/wp-json\/wp\/v2\/project\/153\/revisions\/257"}],"wp:featuredmedia":[{"embeddable":true,"href":"https:\/\/interiores.escuelaartegranada.com\/margaritaaguado\/wp-json\/wp\/v2\/media\/200"}],"wp:attachment":[{"href":"https:\/\/interiores.escuelaartegranada.com\/margaritaaguado\/wp-json\/wp\/v2\/media?parent=153"}],"wp:term":[{"taxonomy":"project_category","embeddable":true,"href":"https:\/\/interiores.escuelaartegranada.com\/margaritaaguado\/wp-json\/wp\/v2\/project_category?post=153"},{"taxonomy":"project_tag","embeddable":true,"href":"https:\/\/interiores.escuelaartegranada.com\/margaritaaguado\/wp-json\/wp\/v2\/project_tag?post=153"}],"curies":[{"name":"wp","href":"https:\/\/api.w.org\/{rel}","templated":true}]}}