{"id":185,"date":"2024-05-08T11:08:44","date_gmt":"2024-05-08T11:08:44","guid":{"rendered":"https:\/\/interiores.escuelaartegranada.com\/margaritaaguado\/?post_type=project&#038;p=185"},"modified":"2024-05-09T09:39:13","modified_gmt":"2024-05-09T09:39:13","slug":"instalacion-efimera-tejiendo-futuros","status":"publish","type":"project","link":"https:\/\/interiores.escuelaartegranada.com\/margaritaaguado\/project\/instalacion-efimera-tejiendo-futuros\/","title":{"rendered":"Instalaci\u00f3n Ef\u00edmera &#8211; Tejiendo Futuros"},"content":{"rendered":"<p>[et_pb_section fb_built=\u00bb1&#8243; _builder_version=\u00bb4.25.0&#8243; _module_preset=\u00bbdefault\u00bb global_colors_info=\u00bb{}\u00bb][et_pb_row _builder_version=\u00bb4.25.0&#8243; _module_preset=\u00bbdefault\u00bb global_colors_info=\u00bb{}\u00bb][et_pb_column type=\u00bb4_4&#8243; _builder_version=\u00bb4.25.0&#8243; _module_preset=\u00bbdefault\u00bb global_colors_info=\u00bb{}\u00bb][et_pb_text _builder_version=\u00bb4.25.0&#8243; _module_preset=\u00bbdefault\u00bb text_font=\u00bbHabibi||||||||\u00bb header_font=\u00bbHabibi||||||||\u00bb text_orientation=\u00bbcenter\u00bb global_colors_info=\u00bb{}\u00bb]<\/p>\n<h1>INSTALACI\u00d3N EF\u00cdMERA<\/h1>\n<h3>Tejiendo Futuros<\/h3>\n<p>[\/et_pb_text][\/et_pb_column][\/et_pb_row][et_pb_row column_structure=\u00bb1_2,1_2&#8243; _builder_version=\u00bb4.25.0&#8243; _module_preset=\u00bbdefault\u00bb width=\u00bb100%\u00bb module_alignment=\u00bbcenter\u00bb global_colors_info=\u00bb{}\u00bb][et_pb_column type=\u00bb1_2&#8243; _builder_version=\u00bb4.25.0&#8243; _module_preset=\u00bbdefault\u00bb global_colors_info=\u00bb{}\u00bb][et_pb_gallery gallery_ids=\u00bb39,38,209,207,208&#8243; fullwidth=\u00bbon\u00bb _builder_version=\u00bb4.25.0&#8243; _module_preset=\u00bbdefault\u00bb caption_text_align=\u00bbcenter\u00bb width=\u00bb85%\u00bb module_alignment=\u00bbcenter\u00bb global_colors_info=\u00bb{}\u00bb][\/et_pb_gallery][\/et_pb_column][et_pb_column type=\u00bb1_2&#8243; _builder_version=\u00bb4.25.0&#8243; _module_preset=\u00bbdefault\u00bb global_colors_info=\u00bb{}\u00bb][et_pb_gallery gallery_ids=\u00bb216,212,213&#8243; fullwidth=\u00bbon\u00bb _builder_version=\u00bb4.25.0&#8243; _module_preset=\u00bbdefault\u00bb width=\u00bb66%\u00bb module_alignment=\u00bbcenter\u00bb custom_margin=\u00bb20px||||false|false\u00bb border_radii=\u00bbon|25px|25px|25px|25px\u00bb global_colors_info=\u00bb{}\u00bb][\/et_pb_gallery][\/et_pb_column][\/et_pb_row][et_pb_row column_structure=\u00bb1_2,1_2&#8243; _builder_version=\u00bb4.25.0&#8243; _module_preset=\u00bbdefault\u00bb custom_margin=\u00bb-49px||||false|false\u00bb global_colors_info=\u00bb{}\u00bb][et_pb_column type=\u00bb1_2&#8243; _builder_version=\u00bb4.25.0&#8243; _module_preset=\u00bbdefault\u00bb global_colors_info=\u00bb{}\u00bb][et_pb_text _builder_version=\u00bb4.25.0&#8243; _module_preset=\u00bbdefault\u00bb text_font=\u00bbHabibi||||||||\u00bb text_font_size=\u00bb16px\u00bb text_orientation=\u00bbcenter\u00bb global_colors_info=\u00bb{}\u00bb]<\/p>\n<p>Planimetr\u00eda<\/p>\n<p>[\/et_pb_text][\/et_pb_column][et_pb_column type=\u00bb1_2&#8243; _builder_version=\u00bb4.25.0&#8243; _module_preset=\u00bbdefault\u00bb global_colors_info=\u00bb{}\u00bb][et_pb_text _builder_version=\u00bb4.25.0&#8243; _module_preset=\u00bbdefault\u00bb text_font=\u00bbHabibi||||||||\u00bb text_font_size=\u00bb16px\u00bb text_orientation=\u00bbcenter\u00bb global_colors_info=\u00bb{}\u00bb]<\/p>\n<p>Infograf\u00eda<\/p>\n<p>[\/et_pb_text][\/et_pb_column][\/et_pb_row][et_pb_row _builder_version=\u00bb4.25.0&#8243; _module_preset=\u00bbdefault\u00bb global_colors_info=\u00bb{}\u00bb][et_pb_column type=\u00bb4_4&#8243; _builder_version=\u00bb4.25.0&#8243; _module_preset=\u00bbdefault\u00bb global_colors_info=\u00bb{}\u00bb][et_pb_text _builder_version=\u00bb4.25.0&#8243; _module_preset=\u00bbdefault\u00bb text_font=\u00bbHabibi||||||||\u00bb text_font_size=\u00bb16px\u00bb header_3_font=\u00bbHabibi||||||||\u00bb text_orientation=\u00bbjustified\u00bb width=\u00bb81%\u00bb module_alignment=\u00bbcenter\u00bb global_colors_info=\u00bb{}\u00bb]<\/p>\n<h3 style=\"text-align: justify\">Descripci\u00f3n<\/h3>\n<p>El proyecto consiste en la intervenci\u00f3n sobre un espacio existente de la Escuela Arte Granada, desarrollando un proyecto est\u00e9tico y promocional ajustado a un presupuesto de 50\u20ac.<\/p>\n<p>Esta propuesta fue escogida por la escuela para su realizaci\u00f3n durante la campa\u00f1a promocional del nuevo curso.<\/p>\n<h3 style=\"text-align: justify\">Desarrollo:<\/h3>\n<p><strong>HILOS EN ESCAPARATE:<\/strong><br \/>&#8211; Captar la atenci\u00f3n del viandante y resaltar los cursos ofrecidos.<br \/>&#8211; Crear sensaci\u00f3n de profundidad con varios niveles, uno detr\u00e1s del otro.<\/p>\n<p><strong>Colores:<br \/>&#8211; <\/strong>Complementarios del rojo: tonos verdes. Busca un efecto primaveral y resaltar el color corporativo.<\/p>\n<p><strong>Materiales:<\/strong><br \/>&#8211; Listones de abeto sin cepillar<br \/>&#8211; Hilos de diferentes tonos de verde<br \/>&#8211; Hembrillas abiertas enroscables<\/p>\n<p><strong>PANEL CORPORATIVO:<\/strong><br \/>&#8211; Creaci\u00f3n de panel con hilos entrelazados que forman el logo y las siglas de la escuela.<br \/>&#8211; Ofrecer elemento decorativo y publicitario con posibilidad de ser expuesto en diferentes lugares.<\/p>\n<p><strong>Colores:<\/strong><br \/>&#8211; Los mismos que en escaparates.<\/p>\n<p><strong>Materiales:<\/strong><br \/>&#8211; Tablero de MDF color blanco<br \/>&#8211; Hilos de diferentes tonos<br \/>&#8211; Clavos de cabeza plana<\/p>\n<p>[\/et_pb_text][\/et_pb_column][\/et_pb_row][\/et_pb_section]<\/p>\n","protected":false},"excerpt":{"rendered":"<p>INSTALACI\u00d3N EF\u00cdMERA Tejiendo FuturosPlanimetr\u00edaInfograf\u00edaDescripci\u00f3n El proyecto consiste en la intervenci\u00f3n sobre un espacio existente de la Escuela Arte Granada, desarrollando un proyecto est\u00e9tico y promocional ajustado a un presupuesto de 50\u20ac. Esta propuesta fue escogida por la escuela para su realizaci\u00f3n durante la campa\u00f1a promocional del nuevo curso. Desarrollo: HILOS EN ESCAPARATE:- Captar la atenci\u00f3n [&hellip;]<\/p>\n","protected":false},"author":60,"featured_media":216,"comment_status":"open","ping_status":"closed","template":"","meta":{"_et_pb_use_builder":"on","_et_pb_old_content":"","_et_gb_content_width":"","footnotes":""},"project_category":[],"project_tag":[],"class_list":["post-185","project","type-project","status-publish","has-post-thumbnail","hentry"],"yoast_head":"<!-- This site is optimized with the Yoast SEO plugin v24.5 - https:\/\/yoast.com\/wordpress\/plugins\/seo\/ -->\n<title>Instalaci\u00f3n Ef\u00edmera - Tejiendo Futuros - Portfolio Margarita<\/title>\n<meta name=\"robots\" content=\"index, follow, max-snippet:-1, max-image-preview:large, max-video-preview:-1\" \/>\n<link rel=\"canonical\" href=\"https:\/\/interiores.escuelaartegranada.com\/margaritaaguado\/project\/instalacion-efimera-tejiendo-futuros\/\" \/>\n<meta property=\"og:locale\" content=\"es_ES\" \/>\n<meta property=\"og:type\" content=\"article\" \/>\n<meta property=\"og:title\" content=\"Instalaci\u00f3n Ef\u00edmera - Tejiendo Futuros - Portfolio Margarita\" \/>\n<meta property=\"og:description\" content=\"INSTALACI\u00d3N EF\u00cdMERA Tejiendo FuturosPlanimetr\u00edaInfograf\u00edaDescripci\u00f3n El proyecto consiste en la intervenci\u00f3n sobre un espacio existente de la Escuela Arte Granada, desarrollando un proyecto est\u00e9tico y promocional ajustado a un presupuesto de 50\u20ac. Esta propuesta fue escogida por la escuela para su realizaci\u00f3n durante la campa\u00f1a promocional del nuevo curso. Desarrollo: HILOS EN ESCAPARATE:- Captar la atenci\u00f3n [&hellip;]\" \/>\n<meta property=\"og:url\" content=\"https:\/\/interiores.escuelaartegranada.com\/margaritaaguado\/project\/instalacion-efimera-tejiendo-futuros\/\" \/>\n<meta property=\"og:site_name\" content=\"Portfolio Margarita\" \/>\n<meta property=\"article:modified_time\" content=\"2024-05-09T09:39:13+00:00\" \/>\n<meta property=\"og:image\" content=\"https:\/\/interiores.escuelaartegranada.com\/margaritaaguado\/wp-content\/uploads\/sites\/61\/2024\/05\/instalacion-efimera-logo.jpg\" \/>\n\t<meta property=\"og:image:width\" content=\"1391\" \/>\n\t<meta property=\"og:image:height\" content=\"1080\" \/>\n\t<meta property=\"og:image:type\" content=\"image\/jpeg\" \/>\n<meta name=\"twitter:card\" content=\"summary_large_image\" \/>\n<meta name=\"twitter:label1\" content=\"Tiempo de lectura\" \/>\n\t<meta name=\"twitter:data1\" content=\"3 minutos\" \/>\n<script type=\"application\/ld+json\" class=\"yoast-schema-graph\">{\"@context\":\"https:\/\/schema.org\",\"@graph\":[{\"@type\":\"WebPage\",\"@id\":\"https:\/\/interiores.escuelaartegranada.com\/margaritaaguado\/project\/instalacion-efimera-tejiendo-futuros\/\",\"url\":\"https:\/\/interiores.escuelaartegranada.com\/margaritaaguado\/project\/instalacion-efimera-tejiendo-futuros\/\",\"name\":\"Instalaci\u00f3n Ef\u00edmera - Tejiendo Futuros - Portfolio Margarita\",\"isPartOf\":{\"@id\":\"https:\/\/interiores.escuelaartegranada.com\/margaritaaguado\/#website\"},\"primaryImageOfPage\":{\"@id\":\"https:\/\/interiores.escuelaartegranada.com\/margaritaaguado\/project\/instalacion-efimera-tejiendo-futuros\/#primaryimage\"},\"image\":{\"@id\":\"https:\/\/interiores.escuelaartegranada.com\/margaritaaguado\/project\/instalacion-efimera-tejiendo-futuros\/#primaryimage\"},\"thumbnailUrl\":\"https:\/\/interiores.escuelaartegranada.com\/margaritaaguado\/wp-content\/uploads\/sites\/61\/2024\/05\/instalacion-efimera-logo.jpg\",\"datePublished\":\"2024-05-08T11:08:44+00:00\",\"dateModified\":\"2024-05-09T09:39:13+00:00\",\"breadcrumb\":{\"@id\":\"https:\/\/interiores.escuelaartegranada.com\/margaritaaguado\/project\/instalacion-efimera-tejiendo-futuros\/#breadcrumb\"},\"inLanguage\":\"es\",\"potentialAction\":[{\"@type\":\"ReadAction\",\"target\":[\"https:\/\/interiores.escuelaartegranada.com\/margaritaaguado\/project\/instalacion-efimera-tejiendo-futuros\/\"]}]},{\"@type\":\"ImageObject\",\"inLanguage\":\"es\",\"@id\":\"https:\/\/interiores.escuelaartegranada.com\/margaritaaguado\/project\/instalacion-efimera-tejiendo-futuros\/#primaryimage\",\"url\":\"https:\/\/interiores.escuelaartegranada.com\/margaritaaguado\/wp-content\/uploads\/sites\/61\/2024\/05\/instalacion-efimera-logo.jpg\",\"contentUrl\":\"https:\/\/interiores.escuelaartegranada.com\/margaritaaguado\/wp-content\/uploads\/sites\/61\/2024\/05\/instalacion-efimera-logo.jpg\",\"width\":1391,\"height\":1080},{\"@type\":\"BreadcrumbList\",\"@id\":\"https:\/\/interiores.escuelaartegranada.com\/margaritaaguado\/project\/instalacion-efimera-tejiendo-futuros\/#breadcrumb\",\"itemListElement\":[{\"@type\":\"ListItem\",\"position\":1,\"name\":\"Portada\",\"item\":\"https:\/\/interiores.escuelaartegranada.com\/margaritaaguado\/\"},{\"@type\":\"ListItem\",\"position\":2,\"name\":\"Proyectos\",\"item\":\"https:\/\/interiores.escuelaartegranada.com\/margaritaaguado\/project\/\"},{\"@type\":\"ListItem\",\"position\":3,\"name\":\"Instalaci\u00f3n Ef\u00edmera &#8211; Tejiendo Futuros\"}]},{\"@type\":\"WebSite\",\"@id\":\"https:\/\/interiores.escuelaartegranada.com\/margaritaaguado\/#website\",\"url\":\"https:\/\/interiores.escuelaartegranada.com\/margaritaaguado\/\",\"name\":\"Portfolio Margarita\",\"description\":\"\",\"potentialAction\":[{\"@type\":\"SearchAction\",\"target\":{\"@type\":\"EntryPoint\",\"urlTemplate\":\"https:\/\/interiores.escuelaartegranada.com\/margaritaaguado\/?s={search_term_string}\"},\"query-input\":{\"@type\":\"PropertyValueSpecification\",\"valueRequired\":true,\"valueName\":\"search_term_string\"}}],\"inLanguage\":\"es\"}]}<\/script>\n<!-- \/ Yoast SEO plugin. -->","yoast_head_json":{"title":"Instalaci\u00f3n Ef\u00edmera - Tejiendo Futuros - Portfolio Margarita","robots":{"index":"index","follow":"follow","max-snippet":"max-snippet:-1","max-image-preview":"max-image-preview:large","max-video-preview":"max-video-preview:-1"},"canonical":"https:\/\/interiores.escuelaartegranada.com\/margaritaaguado\/project\/instalacion-efimera-tejiendo-futuros\/","og_locale":"es_ES","og_type":"article","og_title":"Instalaci\u00f3n Ef\u00edmera - Tejiendo Futuros - Portfolio Margarita","og_description":"INSTALACI\u00d3N EF\u00cdMERA Tejiendo FuturosPlanimetr\u00edaInfograf\u00edaDescripci\u00f3n El proyecto consiste en la intervenci\u00f3n sobre un espacio existente de la Escuela Arte Granada, desarrollando un proyecto est\u00e9tico y promocional ajustado a un presupuesto de 50\u20ac. Esta propuesta fue escogida por la escuela para su realizaci\u00f3n durante la campa\u00f1a promocional del nuevo curso. Desarrollo: HILOS EN ESCAPARATE:- Captar la atenci\u00f3n [&hellip;]","og_url":"https:\/\/interiores.escuelaartegranada.com\/margaritaaguado\/project\/instalacion-efimera-tejiendo-futuros\/","og_site_name":"Portfolio Margarita","article_modified_time":"2024-05-09T09:39:13+00:00","og_image":[{"width":1391,"height":1080,"url":"https:\/\/interiores.escuelaartegranada.com\/margaritaaguado\/wp-content\/uploads\/sites\/61\/2024\/05\/instalacion-efimera-logo.jpg","type":"image\/jpeg"}],"twitter_card":"summary_large_image","twitter_misc":{"Tiempo de lectura":"3 minutos"},"schema":{"@context":"https:\/\/schema.org","@graph":[{"@type":"WebPage","@id":"https:\/\/interiores.escuelaartegranada.com\/margaritaaguado\/project\/instalacion-efimera-tejiendo-futuros\/","url":"https:\/\/interiores.escuelaartegranada.com\/margaritaaguado\/project\/instalacion-efimera-tejiendo-futuros\/","name":"Instalaci\u00f3n Ef\u00edmera - Tejiendo Futuros - Portfolio Margarita","isPartOf":{"@id":"https:\/\/interiores.escuelaartegranada.com\/margaritaaguado\/#website"},"primaryImageOfPage":{"@id":"https:\/\/interiores.escuelaartegranada.com\/margaritaaguado\/project\/instalacion-efimera-tejiendo-futuros\/#primaryimage"},"image":{"@id":"https:\/\/interiores.escuelaartegranada.com\/margaritaaguado\/project\/instalacion-efimera-tejiendo-futuros\/#primaryimage"},"thumbnailUrl":"https:\/\/interiores.escuelaartegranada.com\/margaritaaguado\/wp-content\/uploads\/sites\/61\/2024\/05\/instalacion-efimera-logo.jpg","datePublished":"2024-05-08T11:08:44+00:00","dateModified":"2024-05-09T09:39:13+00:00","breadcrumb":{"@id":"https:\/\/interiores.escuelaartegranada.com\/margaritaaguado\/project\/instalacion-efimera-tejiendo-futuros\/#breadcrumb"},"inLanguage":"es","potentialAction":[{"@type":"ReadAction","target":["https:\/\/interiores.escuelaartegranada.com\/margaritaaguado\/project\/instalacion-efimera-tejiendo-futuros\/"]}]},{"@type":"ImageObject","inLanguage":"es","@id":"https:\/\/interiores.escuelaartegranada.com\/margaritaaguado\/project\/instalacion-efimera-tejiendo-futuros\/#primaryimage","url":"https:\/\/interiores.escuelaartegranada.com\/margaritaaguado\/wp-content\/uploads\/sites\/61\/2024\/05\/instalacion-efimera-logo.jpg","contentUrl":"https:\/\/interiores.escuelaartegranada.com\/margaritaaguado\/wp-content\/uploads\/sites\/61\/2024\/05\/instalacion-efimera-logo.jpg","width":1391,"height":1080},{"@type":"BreadcrumbList","@id":"https:\/\/interiores.escuelaartegranada.com\/margaritaaguado\/project\/instalacion-efimera-tejiendo-futuros\/#breadcrumb","itemListElement":[{"@type":"ListItem","position":1,"name":"Portada","item":"https:\/\/interiores.escuelaartegranada.com\/margaritaaguado\/"},{"@type":"ListItem","position":2,"name":"Proyectos","item":"https:\/\/interiores.escuelaartegranada.com\/margaritaaguado\/project\/"},{"@type":"ListItem","position":3,"name":"Instalaci\u00f3n Ef\u00edmera &#8211; Tejiendo Futuros"}]},{"@type":"WebSite","@id":"https:\/\/interiores.escuelaartegranada.com\/margaritaaguado\/#website","url":"https:\/\/interiores.escuelaartegranada.com\/margaritaaguado\/","name":"Portfolio Margarita","description":"","potentialAction":[{"@type":"SearchAction","target":{"@type":"EntryPoint","urlTemplate":"https:\/\/interiores.escuelaartegranada.com\/margaritaaguado\/?s={search_term_string}"},"query-input":{"@type":"PropertyValueSpecification","valueRequired":true,"valueName":"search_term_string"}}],"inLanguage":"es"}]}},"_links":{"self":[{"href":"https:\/\/interiores.escuelaartegranada.com\/margaritaaguado\/wp-json\/wp\/v2\/project\/185","targetHints":{"allow":["GET"]}}],"collection":[{"href":"https:\/\/interiores.escuelaartegranada.com\/margaritaaguado\/wp-json\/wp\/v2\/project"}],"about":[{"href":"https:\/\/interiores.escuelaartegranada.com\/margaritaaguado\/wp-json\/wp\/v2\/types\/project"}],"author":[{"embeddable":true,"href":"https:\/\/interiores.escuelaartegranada.com\/margaritaaguado\/wp-json\/wp\/v2\/users\/60"}],"replies":[{"embeddable":true,"href":"https:\/\/interiores.escuelaartegranada.com\/margaritaaguado\/wp-json\/wp\/v2\/comments?post=185"}],"version-history":[{"count":9,"href":"https:\/\/interiores.escuelaartegranada.com\/margaritaaguado\/wp-json\/wp\/v2\/project\/185\/revisions"}],"predecessor-version":[{"id":218,"href":"https:\/\/interiores.escuelaartegranada.com\/margaritaaguado\/wp-json\/wp\/v2\/project\/185\/revisions\/218"}],"wp:featuredmedia":[{"embeddable":true,"href":"https:\/\/interiores.escuelaartegranada.com\/margaritaaguado\/wp-json\/wp\/v2\/media\/216"}],"wp:attachment":[{"href":"https:\/\/interiores.escuelaartegranada.com\/margaritaaguado\/wp-json\/wp\/v2\/media?parent=185"}],"wp:term":[{"taxonomy":"project_category","embeddable":true,"href":"https:\/\/interiores.escuelaartegranada.com\/margaritaaguado\/wp-json\/wp\/v2\/project_category?post=185"},{"taxonomy":"project_tag","embeddable":true,"href":"https:\/\/interiores.escuelaartegranada.com\/margaritaaguado\/wp-json\/wp\/v2\/project_tag?post=185"}],"curies":[{"name":"wp","href":"https:\/\/api.w.org\/{rel}","templated":true}]}}