{"id":219,"date":"2024-05-09T09:41:07","date_gmt":"2024-05-09T09:41:07","guid":{"rendered":"https:\/\/interiores.escuelaartegranada.com\/margaritaaguado\/?post_type=project&#038;p=219"},"modified":"2024-06-04T11:11:50","modified_gmt":"2024-06-04T11:11:50","slug":"apartamento-terra","status":"publish","type":"project","link":"https:\/\/interiores.escuelaartegranada.com\/margaritaaguado\/project\/apartamento-terra\/","title":{"rendered":"Apartamento Terra"},"content":{"rendered":"<p>[et_pb_section fb_built=\u00bb1&#8243; _builder_version=\u00bb4.25.0&#8243; _module_preset=\u00bbdefault\u00bb global_colors_info=\u00bb{}\u00bb][et_pb_row _builder_version=\u00bb4.25.0&#8243; _module_preset=\u00bbdefault\u00bb background_image=\u00bbhttps:\/\/interiores.escuelaartegranada.com\/margaritaaguado\/wp-content\/uploads\/sites\/61\/2024\/05\/fondo-terra-min.png\u00bb width=\u00bb100%\u00bb max_width=\u00bb2100px\u00bb custom_margin=\u00bb-54px||||false|false\u00bb global_colors_info=\u00bb{}\u00bb][et_pb_column type=\u00bb4_4&#8243; _builder_version=\u00bb4.25.0&#8243; _module_preset=\u00bbdefault\u00bb global_colors_info=\u00bb{}\u00bb][et_pb_text _builder_version=\u00bb4.25.0&#8243; _module_preset=\u00bbdefault\u00bb text_font=\u00bbHabibi||||||||\u00bb header_font=\u00bbHabibi||||||||\u00bb text_orientation=\u00bbcenter\u00bb global_colors_info=\u00bb{}\u00bb]<\/p>\n<h1><strong>APARTAMENTO TERRA<\/strong><\/h1>\n<h3>Renderizado interior y exterior<\/h3>\n<p>[\/et_pb_text][\/et_pb_column][\/et_pb_row][et_pb_row column_structure=\u00bb1_2,1_2&#8243; _builder_version=\u00bb4.25.0&#8243; _module_preset=\u00bbdefault\u00bb width=\u00bb100%\u00bb module_alignment=\u00bbcenter\u00bb global_colors_info=\u00bb{}\u00bb][et_pb_column type=\u00bb1_2&#8243; _builder_version=\u00bb4.25.0&#8243; _module_preset=\u00bbdefault\u00bb global_colors_info=\u00bb{}\u00bb][et_pb_gallery gallery_ids=\u00bb39,38,222,223,260&#8243; fullwidth=\u00bbon\u00bb _builder_version=\u00bb4.25.0&#8243; _module_preset=\u00bbdefault\u00bb caption_text_align=\u00bbcenter\u00bb width=\u00bb90%\u00bb module_alignment=\u00bbcenter\u00bb global_colors_info=\u00bb{}\u00bb][\/et_pb_gallery][\/et_pb_column][et_pb_column type=\u00bb1_2&#8243; _builder_version=\u00bb4.25.0&#8243; _module_preset=\u00bbdefault\u00bb global_colors_info=\u00bb{}\u00bb][et_pb_gallery gallery_ids=\u00bb269,286,287&#8243; fullwidth=\u00bbon\u00bb _builder_version=\u00bb4.25.0&#8243; _module_preset=\u00bbdefault\u00bb width=\u00bb90%\u00bb global_colors_info=\u00bb{}\u00bb][\/et_pb_gallery][\/et_pb_column][\/et_pb_row][et_pb_row column_structure=\u00bb1_2,1_2&#8243; _builder_version=\u00bb4.25.0&#8243; _module_preset=\u00bbdefault\u00bb custom_margin=\u00bb-30px||||false|false\u00bb global_colors_info=\u00bb{}\u00bb][et_pb_column type=\u00bb1_2&#8243; _builder_version=\u00bb4.25.0&#8243; _module_preset=\u00bbdefault\u00bb global_colors_info=\u00bb{}\u00bb][et_pb_text _builder_version=\u00bb4.25.0&#8243; _module_preset=\u00bbdefault\u00bb text_font=\u00bbHabibi||||||||\u00bb text_font_size=\u00bb16px\u00bb text_orientation=\u00bbcenter\u00bb custom_margin=\u00bb|||-15px|false|false\u00bb global_colors_info=\u00bb{}\u00bb]<\/p>\n<p>Interior<\/p>\n<p>[\/et_pb_text][\/et_pb_column][et_pb_column type=\u00bb1_2&#8243; _builder_version=\u00bb4.25.0&#8243; _module_preset=\u00bbdefault\u00bb global_colors_info=\u00bb{}\u00bb][et_pb_text _builder_version=\u00bb4.25.0&#8243; _module_preset=\u00bbdefault\u00bb text_font=\u00bbHabibi||||||||\u00bb text_font_size=\u00bb16px\u00bb text_orientation=\u00bbcenter\u00bb custom_margin=\u00bb|||-40px|false|false\u00bb global_colors_info=\u00bb{}\u00bb]<\/p>\n<p>Exterior<\/p>\n<p>[\/et_pb_text][\/et_pb_column][\/et_pb_row][et_pb_row _builder_version=\u00bb4.25.0&#8243; _module_preset=\u00bbdefault\u00bb][et_pb_column _builder_version=\u00bb4.25.0&#8243; _module_preset=\u00bbdefault\u00bb type=\u00bb4_4&#8243;][et_pb_button button_text=\u00bbRECORRIDO 3D\u00bb _builder_version=\u00bb4.25.0&#8243; _module_preset=\u00bbdefault\u00bb button_alignment=\u00bbcenter\u00bb button_url=\u00bbhttps:\/\/app.lapentor.com\/sphere\/apartamento-terra\u00bb url_new_window=\u00bbon\u00bb hover_enabled=\u00bb0&#8243; sticky_enabled=\u00bb0&#8243; custom_button=\u00bbon\u00bb button_bg_color=\u00bbRGBA(255,255,255,0)\u00bb button_bg_enable_color=\u00bbon\u00bb button_text_color=\u00bb#0C71C3&#8243; button_text_size=\u00bb17px\u00bb button_font=\u00bbHabibi||||||||\u00bb button_icon=\u00bb&#x35;||divi||400&#8243;][\/et_pb_button][\/et_pb_column][\/et_pb_row][et_pb_row _builder_version=\u00bb4.25.0&#8243; _module_preset=\u00bbdefault\u00bb global_colors_info=\u00bb{}\u00bb][et_pb_column type=\u00bb4_4&#8243; _builder_version=\u00bb4.25.0&#8243; _module_preset=\u00bbdefault\u00bb global_colors_info=\u00bb{}\u00bb][et_pb_text _builder_version=\u00bb4.25.0&#8243; _module_preset=\u00bbdefault\u00bb text_font=\u00bbHabibi||||||||\u00bb text_font_size=\u00bb15px\u00bb header_3_font=\u00bbHabibi||||||||\u00bb text_orientation=\u00bbjustified\u00bb width=\u00bb96%\u00bb module_alignment=\u00bbcenter\u00bb global_colors_info=\u00bb{}\u00bb]<\/p>\n<h3 style=\"text-align: justify\">Introducci\u00f3n<\/h3>\n<p>Dise\u00f1o interior y exterior de apartamento con jard\u00edn y piscina natural. Renderizado de exteriores utilizando desenfoques y vistas nocturnas.<\/p>\n<p>[\/et_pb_text][\/et_pb_column][\/et_pb_row][\/et_pb_section]<\/p>\n","protected":false},"excerpt":{"rendered":"<p>APARTAMENTO TERRA Renderizado interior y exteriorInteriorExteriorIntroducci\u00f3n Dise\u00f1o interior y exterior de apartamento con jard\u00edn y piscina natural. Renderizado de exteriores utilizando desenfoques y vistas nocturnas.<\/p>\n","protected":false},"author":60,"featured_media":222,"comment_status":"open","ping_status":"closed","template":"","meta":{"_et_pb_use_builder":"on","_et_pb_old_content":"","_et_gb_content_width":"","footnotes":""},"project_category":[],"project_tag":[],"class_list":["post-219","project","type-project","status-publish","has-post-thumbnail","hentry"],"yoast_head":"<!-- This site is optimized with the Yoast SEO plugin v24.5 - https:\/\/yoast.com\/wordpress\/plugins\/seo\/ -->\n<title>Apartamento Terra - Portfolio Margarita<\/title>\n<meta name=\"robots\" content=\"index, follow, max-snippet:-1, max-image-preview:large, max-video-preview:-1\" \/>\n<link rel=\"canonical\" href=\"https:\/\/interiores.escuelaartegranada.com\/margaritaaguado\/project\/apartamento-terra\/\" \/>\n<meta property=\"og:locale\" content=\"es_ES\" \/>\n<meta property=\"og:type\" content=\"article\" \/>\n<meta property=\"og:title\" content=\"Apartamento Terra - Portfolio Margarita\" \/>\n<meta property=\"og:description\" content=\"APARTAMENTO TERRA Renderizado interior y exteriorInteriorExteriorIntroducci\u00f3n Dise\u00f1o interior y exterior de apartamento con jard\u00edn y piscina natural. Renderizado de exteriores utilizando desenfoques y vistas nocturnas.\" \/>\n<meta property=\"og:url\" content=\"https:\/\/interiores.escuelaartegranada.com\/margaritaaguado\/project\/apartamento-terra\/\" \/>\n<meta property=\"og:site_name\" content=\"Portfolio Margarita\" \/>\n<meta property=\"article:modified_time\" content=\"2024-06-04T11:11:50+00:00\" \/>\n<meta property=\"og:image\" content=\"https:\/\/interiores.escuelaartegranada.com\/margaritaaguado\/wp-content\/uploads\/sites\/61\/2024\/05\/terra-salon-cocina.jpg\" \/>\n\t<meta property=\"og:image:width\" content=\"1280\" \/>\n\t<meta property=\"og:image:height\" content=\"960\" \/>\n\t<meta property=\"og:image:type\" content=\"image\/jpeg\" \/>\n<meta name=\"twitter:card\" content=\"summary_large_image\" \/>\n<meta name=\"twitter:label1\" content=\"Tiempo de lectura\" \/>\n\t<meta name=\"twitter:data1\" content=\"2 minutos\" \/>\n<script type=\"application\/ld+json\" class=\"yoast-schema-graph\">{\"@context\":\"https:\/\/schema.org\",\"@graph\":[{\"@type\":\"WebPage\",\"@id\":\"https:\/\/interiores.escuelaartegranada.com\/margaritaaguado\/project\/apartamento-terra\/\",\"url\":\"https:\/\/interiores.escuelaartegranada.com\/margaritaaguado\/project\/apartamento-terra\/\",\"name\":\"Apartamento Terra - Portfolio Margarita\",\"isPartOf\":{\"@id\":\"https:\/\/interiores.escuelaartegranada.com\/margaritaaguado\/#website\"},\"primaryImageOfPage\":{\"@id\":\"https:\/\/interiores.escuelaartegranada.com\/margaritaaguado\/project\/apartamento-terra\/#primaryimage\"},\"image\":{\"@id\":\"https:\/\/interiores.escuelaartegranada.com\/margaritaaguado\/project\/apartamento-terra\/#primaryimage\"},\"thumbnailUrl\":\"https:\/\/interiores.escuelaartegranada.com\/margaritaaguado\/wp-content\/uploads\/sites\/61\/2024\/05\/terra-salon-cocina.jpg\",\"datePublished\":\"2024-05-09T09:41:07+00:00\",\"dateModified\":\"2024-06-04T11:11:50+00:00\",\"breadcrumb\":{\"@id\":\"https:\/\/interiores.escuelaartegranada.com\/margaritaaguado\/project\/apartamento-terra\/#breadcrumb\"},\"inLanguage\":\"es\",\"potentialAction\":[{\"@type\":\"ReadAction\",\"target\":[\"https:\/\/interiores.escuelaartegranada.com\/margaritaaguado\/project\/apartamento-terra\/\"]}]},{\"@type\":\"ImageObject\",\"inLanguage\":\"es\",\"@id\":\"https:\/\/interiores.escuelaartegranada.com\/margaritaaguado\/project\/apartamento-terra\/#primaryimage\",\"url\":\"https:\/\/interiores.escuelaartegranada.com\/margaritaaguado\/wp-content\/uploads\/sites\/61\/2024\/05\/terra-salon-cocina.jpg\",\"contentUrl\":\"https:\/\/interiores.escuelaartegranada.com\/margaritaaguado\/wp-content\/uploads\/sites\/61\/2024\/05\/terra-salon-cocina.jpg\",\"width\":1280,\"height\":960},{\"@type\":\"BreadcrumbList\",\"@id\":\"https:\/\/interiores.escuelaartegranada.com\/margaritaaguado\/project\/apartamento-terra\/#breadcrumb\",\"itemListElement\":[{\"@type\":\"ListItem\",\"position\":1,\"name\":\"Portada\",\"item\":\"https:\/\/interiores.escuelaartegranada.com\/margaritaaguado\/\"},{\"@type\":\"ListItem\",\"position\":2,\"name\":\"Proyectos\",\"item\":\"https:\/\/interiores.escuelaartegranada.com\/margaritaaguado\/project\/\"},{\"@type\":\"ListItem\",\"position\":3,\"name\":\"Apartamento Terra\"}]},{\"@type\":\"WebSite\",\"@id\":\"https:\/\/interiores.escuelaartegranada.com\/margaritaaguado\/#website\",\"url\":\"https:\/\/interiores.escuelaartegranada.com\/margaritaaguado\/\",\"name\":\"Portfolio Margarita\",\"description\":\"\",\"potentialAction\":[{\"@type\":\"SearchAction\",\"target\":{\"@type\":\"EntryPoint\",\"urlTemplate\":\"https:\/\/interiores.escuelaartegranada.com\/margaritaaguado\/?s={search_term_string}\"},\"query-input\":{\"@type\":\"PropertyValueSpecification\",\"valueRequired\":true,\"valueName\":\"search_term_string\"}}],\"inLanguage\":\"es\"}]}<\/script>\n<!-- \/ Yoast SEO plugin. -->","yoast_head_json":{"title":"Apartamento Terra - Portfolio Margarita","robots":{"index":"index","follow":"follow","max-snippet":"max-snippet:-1","max-image-preview":"max-image-preview:large","max-video-preview":"max-video-preview:-1"},"canonical":"https:\/\/interiores.escuelaartegranada.com\/margaritaaguado\/project\/apartamento-terra\/","og_locale":"es_ES","og_type":"article","og_title":"Apartamento Terra - Portfolio Margarita","og_description":"APARTAMENTO TERRA Renderizado interior y exteriorInteriorExteriorIntroducci\u00f3n Dise\u00f1o interior y exterior de apartamento con jard\u00edn y piscina natural. Renderizado de exteriores utilizando desenfoques y vistas nocturnas.","og_url":"https:\/\/interiores.escuelaartegranada.com\/margaritaaguado\/project\/apartamento-terra\/","og_site_name":"Portfolio Margarita","article_modified_time":"2024-06-04T11:11:50+00:00","og_image":[{"width":1280,"height":960,"url":"https:\/\/interiores.escuelaartegranada.com\/margaritaaguado\/wp-content\/uploads\/sites\/61\/2024\/05\/terra-salon-cocina.jpg","type":"image\/jpeg"}],"twitter_card":"summary_large_image","twitter_misc":{"Tiempo de lectura":"2 minutos"},"schema":{"@context":"https:\/\/schema.org","@graph":[{"@type":"WebPage","@id":"https:\/\/interiores.escuelaartegranada.com\/margaritaaguado\/project\/apartamento-terra\/","url":"https:\/\/interiores.escuelaartegranada.com\/margaritaaguado\/project\/apartamento-terra\/","name":"Apartamento Terra - Portfolio Margarita","isPartOf":{"@id":"https:\/\/interiores.escuelaartegranada.com\/margaritaaguado\/#website"},"primaryImageOfPage":{"@id":"https:\/\/interiores.escuelaartegranada.com\/margaritaaguado\/project\/apartamento-terra\/#primaryimage"},"image":{"@id":"https:\/\/interiores.escuelaartegranada.com\/margaritaaguado\/project\/apartamento-terra\/#primaryimage"},"thumbnailUrl":"https:\/\/interiores.escuelaartegranada.com\/margaritaaguado\/wp-content\/uploads\/sites\/61\/2024\/05\/terra-salon-cocina.jpg","datePublished":"2024-05-09T09:41:07+00:00","dateModified":"2024-06-04T11:11:50+00:00","breadcrumb":{"@id":"https:\/\/interiores.escuelaartegranada.com\/margaritaaguado\/project\/apartamento-terra\/#breadcrumb"},"inLanguage":"es","potentialAction":[{"@type":"ReadAction","target":["https:\/\/interiores.escuelaartegranada.com\/margaritaaguado\/project\/apartamento-terra\/"]}]},{"@type":"ImageObject","inLanguage":"es","@id":"https:\/\/interiores.escuelaartegranada.com\/margaritaaguado\/project\/apartamento-terra\/#primaryimage","url":"https:\/\/interiores.escuelaartegranada.com\/margaritaaguado\/wp-content\/uploads\/sites\/61\/2024\/05\/terra-salon-cocina.jpg","contentUrl":"https:\/\/interiores.escuelaartegranada.com\/margaritaaguado\/wp-content\/uploads\/sites\/61\/2024\/05\/terra-salon-cocina.jpg","width":1280,"height":960},{"@type":"BreadcrumbList","@id":"https:\/\/interiores.escuelaartegranada.com\/margaritaaguado\/project\/apartamento-terra\/#breadcrumb","itemListElement":[{"@type":"ListItem","position":1,"name":"Portada","item":"https:\/\/interiores.escuelaartegranada.com\/margaritaaguado\/"},{"@type":"ListItem","position":2,"name":"Proyectos","item":"https:\/\/interiores.escuelaartegranada.com\/margaritaaguado\/project\/"},{"@type":"ListItem","position":3,"name":"Apartamento Terra"}]},{"@type":"WebSite","@id":"https:\/\/interiores.escuelaartegranada.com\/margaritaaguado\/#website","url":"https:\/\/interiores.escuelaartegranada.com\/margaritaaguado\/","name":"Portfolio Margarita","description":"","potentialAction":[{"@type":"SearchAction","target":{"@type":"EntryPoint","urlTemplate":"https:\/\/interiores.escuelaartegranada.com\/margaritaaguado\/?s={search_term_string}"},"query-input":{"@type":"PropertyValueSpecification","valueRequired":true,"valueName":"search_term_string"}}],"inLanguage":"es"}]}},"_links":{"self":[{"href":"https:\/\/interiores.escuelaartegranada.com\/margaritaaguado\/wp-json\/wp\/v2\/project\/219","targetHints":{"allow":["GET"]}}],"collection":[{"href":"https:\/\/interiores.escuelaartegranada.com\/margaritaaguado\/wp-json\/wp\/v2\/project"}],"about":[{"href":"https:\/\/interiores.escuelaartegranada.com\/margaritaaguado\/wp-json\/wp\/v2\/types\/project"}],"author":[{"embeddable":true,"href":"https:\/\/interiores.escuelaartegranada.com\/margaritaaguado\/wp-json\/wp\/v2\/users\/60"}],"replies":[{"embeddable":true,"href":"https:\/\/interiores.escuelaartegranada.com\/margaritaaguado\/wp-json\/wp\/v2\/comments?post=219"}],"version-history":[{"count":14,"href":"https:\/\/interiores.escuelaartegranada.com\/margaritaaguado\/wp-json\/wp\/v2\/project\/219\/revisions"}],"predecessor-version":[{"id":338,"href":"https:\/\/interiores.escuelaartegranada.com\/margaritaaguado\/wp-json\/wp\/v2\/project\/219\/revisions\/338"}],"wp:featuredmedia":[{"embeddable":true,"href":"https:\/\/interiores.escuelaartegranada.com\/margaritaaguado\/wp-json\/wp\/v2\/media\/222"}],"wp:attachment":[{"href":"https:\/\/interiores.escuelaartegranada.com\/margaritaaguado\/wp-json\/wp\/v2\/media?parent=219"}],"wp:term":[{"taxonomy":"project_category","embeddable":true,"href":"https:\/\/interiores.escuelaartegranada.com\/margaritaaguado\/wp-json\/wp\/v2\/project_category?post=219"},{"taxonomy":"project_tag","embeddable":true,"href":"https:\/\/interiores.escuelaartegranada.com\/margaritaaguado\/wp-json\/wp\/v2\/project_tag?post=219"}],"curies":[{"name":"wp","href":"https:\/\/api.w.org\/{rel}","templated":true}]}}